{"id":7802,"date":"2017-11-09T09:42:08","date_gmt":"2017-11-09T08:42:08","guid":{"rendered":"https:\/\/amladcykler.com\/product\/lader-36v-for-elektrisk-lastesykkel\/"},"modified":"2025-03-24T13:58:21","modified_gmt":"2025-03-24T12:58:21","slug":"lader-36v-for-elektrisk-lastesykkel","status":"publish","type":"product","link":"https:\/\/amladcykler.com\/no\/product\/lader-36v-for-elektrisk-lastesykkel\/","title":{"rendered":"Lader 36V for elektrisk lastesykkel"},"content":{"rendered":"<h2>Lader 36V for elektrisk lastesykkel<\/h2>\n<p>Denne originale 36 V-laderen av h\u00f8y kvalitet for elektrisk lastesykkel har b\u00e5de CE-, GS- og T\u00dcV-godkjenning og passer til mange batterimerker, inkludert v\u00e5re batterier p\u00e5 f\u00f8lgende elektriske modeller: Superior, Premium, Deluxe, Ultimate Curve ( <strong>fra mai 2024<\/strong> og utover <strong>)<\/strong>, Ultimate Harmony ( <strong>fra mai 2024<\/strong> og utover), Ultimate Curve Center motor, Long John, Adult Tricycle.<\/p>\n<p>Denne intelligente laderen er designet for \u00e5 passe til alle v\u00e5re elektriske lastesykler, og den stopper automatisk ladingen n\u00e5r batteriet er fulladet, noe som forhindrer overlading og forlenger batteriets levetid.<\/p>\n<p>Med denne laderen 36 V for elektrisk lastesykkel kan du v\u00e6re trygg p\u00e5 at den elektriske lastesykkelen din alltid er klar til bruk n\u00e5r du er det. Enten du gj\u00f8r \u00e6rend, pendler til jobb eller bare nyter en rolig tur, s\u00f8rger laderen v\u00e5r for at sykkelens batteri alltid er fulladet og klar til \u00e5 ta fatt p\u00e5 hva enn veien bringer. <\/p>\n<p>Invester i v\u00e5r h\u00f8ykvalitetslader\/adapter i dag, og nyt bekvemmeligheten og tryggheten som f\u00f8lger med \u00e5 vite at den elektriske lastesykkelen din alltid er oppladet og klar til bruk.<\/p>\n<p><strong>Merk at den ogs\u00e5 passer til elektriske lastesykler fra:<\/strong> Evobike, Galaxybike, Orion, Cargo bike of Sweden, Motorhandel.se, Hemfint, GrandSand, Cargokid, Wildenburg, Cykelbanditten, Boxbike Deluxe, Cargo, Cargo9000, T-Hansen \/ X-Zite E-go, Cargo-e, Cphbike, Dall\u00b4s Bikes, Getgadget, Nemjem, Ebsen, Cangoo, Jensen Cargobike (f\u00f8r 2016), Icykel og mange andre elektriske cargobikes. Sykkelsystemer: E-fly, Move Easy, Bafang og Ansmann bruker ogs\u00e5 denne laderen. <\/p>\n<p>Du kan finne ladere for <a href=\"https:\/\/amladcykler.com\/product\/charger-36v-for-ultimate-curve\/\" target=\"_blank\" rel=\"noopener\">eldre: https:\/\/amladcykler.com\/no\/product\/lader-36-v-for-ultimate-curve-og-harmony\/<\/a><\/p>\n","protected":false},"excerpt":{"rendered":"<h3>Lader 36V for elektrisk lastesykkel<\/h3>\n<p>Denne originale laderen av h\u00f8y kvalitet &#8211; 36 V har b\u00e5de CE-, GS- og T\u00dcV-godkjenning og passer til mange batterimerker, inkludert v\u00e5re batterier p\u00e5 f\u00f8lgende elektriske modeller: Superior, Premium, Deluxe, Ultimate Curve ( <strong>fra mai 2024<\/strong> og utover <strong>)<\/strong>, Ultimate Harmony ( <strong>fra mai 2024<\/strong> og utover), Ultimate Curve Center motor, Long John, Adult Tricycle.<\/p>\n<p>Denne intelligente laderen er designet for \u00e5 passe til alle v\u00e5re elektriske lastesykler, og den stopper automatisk ladingen n\u00e5r batteriet er fulladet, noe som forhindrer overlading og forlenger batteriets levetid.<\/p>\n<p>Med denne adapteren\/laderen kan du v\u00e6re trygg p\u00e5 at din elektriske lastesykkel alltid er klar til bruk n\u00e5r du er det. Enten du gj\u00f8r \u00e6rend, pendler til jobben eller bare nyter en rolig sykkeltur, s\u00f8rger laderen for at batteriet alltid er fulladet og klart til \u00e5 ta fatt p\u00e5 hva enn veien bringer. <\/p>\n<p>Invester i v\u00e5r h\u00f8ykvalitetslader\/adapter i dag, og nyt bekvemmeligheten og tryggheten som f\u00f8lger med \u00e5 vite at den elektriske lastesykkelen din alltid er oppladet og klar til bruk.<\/p>\n<p><strong>Merk at den ogs\u00e5 passer til elektriske lastesykler fra:<\/strong> Evobike, Galaxybike, Orion, Cargo bike of Sweden, Motorhandel.se, Hemfint, GrandSand, Cargokid, Wildenburg, Cykelbanditten, Boxbike Deluxe, Cargo, Cargo9000, T-Hansen \/ X-Zite E-go, Cargo-e, Cphbike, Dall\u00b4s Bikes, Getgadget, Nemjem, Ebsen, Cangoo, Jensen Cargobike (f\u00f8r 2016), Icykel og mange andre elektriske cargobikes. Sykkelsystemer: E-fly, Move Easy, Bafang og Ansmann bruker ogs\u00e5 denne laderen. <\/p>\n<p>Du kan finne ladere for <a href=\"https:\/\/amladcykler.com\/product\/charger-36v-for-ultimate-curve\/\" target=\"_blank\" rel=\"noopener\">eldre: https:\/\/amladcykler.com\/no\/product\/lader-36-v-for-ultimate-curve-og-harmony\/<\/a><\/p>\n<p>&nbsp;<\/p>\n","protected":false},"featured_media":6547,"comment_status":"closed","ping_status":"closed","template":"","meta":[],"product_brand":[339],"product_cat":[165,145,153],"product_tag":[],"class_list":["post-7802","product","type-product","status-publish","has-post-thumbnail","product_brand-amladcykler-no","product_cat-elsykkel-batteri","product_cat-reservedeler","product_cat-tilbehor-til-lastesykkel","first","instock","taxable","shipping-taxable","purchasable","product-type-simple"],"yoast_head":"<!-- This site is optimized with the Yoast SEO plugin v28.4 - https:\/\/yoast.com\/product\/yoast-seo-wordpress\/ -->\n<title>Lader 36V for elektrisk lastesykkel<\/title>\n<meta name=\"description\" content=\"Lader 36V for elektrisk lastesykkel. Hos Amladcykler har vi et stort utvalg av reservedeler - og markedets beste priser!\" \/>\n<meta name=\"robots\" content=\"index, follow, max-snippet:-1, max-image-preview:large, max-video-preview:-1\" \/>\n<link rel=\"canonical\" href=\"https:\/\/amladcykler.com\/no\/product\/lader-36v-for-elektrisk-lastesykkel\/\" \/>\n<meta property=\"og:locale\" content=\"nb_NO\" \/>\n<meta property=\"og:type\" content=\"article\" \/>\n<meta property=\"og:title\" content=\"Lader 36V for elektrisk lastesykkel\" \/>\n<meta property=\"og:description\" content=\"Lader 36V for elektrisk lastesykkel. Hos Amladcykler har vi et stort utvalg av reservedeler - og markedets beste priser!\" \/>\n<meta property=\"og:url\" content=\"https:\/\/amladcykler.com\/no\/product\/lader-36v-for-elektrisk-lastesykkel\/\" \/>\n<meta property=\"og:site_name\" content=\"Amladcykler.com\" \/>\n<meta property=\"article:publisher\" content=\"https:\/\/www.facebook.com\/ladcykel\" \/>\n<meta property=\"article:modified_time\" content=\"2025-03-24T12:58:21+00:00\" \/>\n<meta property=\"og:image\" content=\"https:\/\/amladcykler.com\/wp-content\/uploads\/2020\/04\/PRODUKT_0470.jpg\" \/>\n\t<meta property=\"og:image:width\" content=\"1500\" \/>\n\t<meta property=\"og:image:height\" content=\"1500\" \/>\n\t<meta property=\"og:image:type\" content=\"image\/jpeg\" \/>\n<meta name=\"twitter:card\" content=\"summary_large_image\" \/>\n<meta name=\"twitter:site\" content=\"@amladcykler\" \/>\n<meta name=\"twitter:label1\" content=\"Ansl. lesetid\" \/>\n\t<meta name=\"twitter:data1\" content=\"1 minutt\" \/>\n<script type=\"application\/ld+json\" class=\"yoast-schema-graph\">{\"@context\":\"https:\\\/\\\/schema.org\",\"@graph\":[{\"@type\":\"WebPage\",\"@id\":\"https:\\\/\\\/amladcykler.com\\\/no\\\/product\\\/lader-36v-for-elektrisk-lastesykkel\\\/\",\"url\":\"https:\\\/\\\/amladcykler.com\\\/no\\\/product\\\/lader-36v-for-elektrisk-lastesykkel\\\/\",\"name\":\"Lader 36V for elektrisk lastesykkel\",\"isPartOf\":{\"@id\":\"https:\\\/\\\/amladcykler.com\\\/no\\\/#website\"},\"primaryImageOfPage\":{\"@id\":\"https:\\\/\\\/amladcykler.com\\\/no\\\/product\\\/lader-36v-for-elektrisk-lastesykkel\\\/#primaryimage\"},\"image\":{\"@id\":\"https:\\\/\\\/amladcykler.com\\\/no\\\/product\\\/lader-36v-for-elektrisk-lastesykkel\\\/#primaryimage\"},\"thumbnailUrl\":\"https:\\\/\\\/amladcykler.com\\\/wp-content\\\/uploads\\\/2020\\\/04\\\/PRODUKT_0470.jpg\",\"datePublished\":\"2017-11-09T08:42:08+00:00\",\"dateModified\":\"2025-03-24T12:58:21+00:00\",\"description\":\"Lader 36V for elektrisk lastesykkel. Hos Amladcykler har vi et stort utvalg av reservedeler - og markedets beste priser!\",\"breadcrumb\":{\"@id\":\"https:\\\/\\\/amladcykler.com\\\/no\\\/product\\\/lader-36v-for-elektrisk-lastesykkel\\\/#breadcrumb\"},\"inLanguage\":\"nb-NO\",\"potentialAction\":[{\"@type\":\"ReadAction\",\"target\":[\"https:\\\/\\\/amladcykler.com\\\/no\\\/product\\\/lader-36v-for-elektrisk-lastesykkel\\\/\"]}]},{\"@type\":\"ImageObject\",\"inLanguage\":\"nb-NO\",\"@id\":\"https:\\\/\\\/amladcykler.com\\\/no\\\/product\\\/lader-36v-for-elektrisk-lastesykkel\\\/#primaryimage\",\"url\":\"https:\\\/\\\/amladcykler.com\\\/wp-content\\\/uploads\\\/2020\\\/04\\\/PRODUKT_0470.jpg\",\"contentUrl\":\"https:\\\/\\\/amladcykler.com\\\/wp-content\\\/uploads\\\/2020\\\/04\\\/PRODUKT_0470.jpg\",\"width\":1500,\"height\":1500,\"caption\":\"Lader 36V for elektrisk lastesykkel\"},{\"@type\":\"BreadcrumbList\",\"@id\":\"https:\\\/\\\/amladcykler.com\\\/no\\\/product\\\/lader-36v-for-elektrisk-lastesykkel\\\/#breadcrumb\",\"itemListElement\":[{\"@type\":\"ListItem\",\"position\":1,\"name\":\"Home\",\"item\":\"https:\\\/\\\/amladcykler.com\\\/no\\\/\"},{\"@type\":\"ListItem\",\"position\":2,\"name\":\"Shop\",\"item\":\"https:\\\/\\\/amladcykler.com\\\/shop\\\/\"},{\"@type\":\"ListItem\",\"position\":3,\"name\":\"Lader 36V for elektrisk lastesykkel\"}]},{\"@type\":\"WebSite\",\"@id\":\"https:\\\/\\\/amladcykler.com\\\/no\\\/#website\",\"url\":\"https:\\\/\\\/amladcykler.com\\\/no\\\/\",\"name\":\"Amladcykler.com\",\"description\":\"Cargo bike enthusiasts, since 1992\",\"publisher\":{\"@id\":\"https:\\\/\\\/amladcykler.com\\\/no\\\/#organization\"},\"potentialAction\":[{\"@type\":\"SearchAction\",\"target\":{\"@type\":\"EntryPoint\",\"urlTemplate\":\"https:\\\/\\\/amladcykler.com\\\/no\\\/?s={search_term_string}\"},\"query-input\":{\"@type\":\"PropertyValueSpecification\",\"valueRequired\":true,\"valueName\":\"search_term_string\"}}],\"inLanguage\":\"nb-NO\"},{\"@type\":\"Organization\",\"@id\":\"https:\\\/\\\/amladcykler.com\\\/no\\\/#organization\",\"name\":\"Andersen & Meldgaard A\\\/S\",\"url\":\"https:\\\/\\\/amladcykler.com\\\/no\\\/\",\"logo\":{\"@type\":\"ImageObject\",\"inLanguage\":\"nb-NO\",\"@id\":\"https:\\\/\\\/amladcykler.com\\\/no\\\/#\\\/schema\\\/logo\\\/image\\\/\",\"url\":\"https:\\\/\\\/amladcykler.com\\\/wp-content\\\/uploads\\\/2025\\\/03\\\/Amladcykler.com-logo-1025x1025-Uden-baggrund.png\",\"contentUrl\":\"https:\\\/\\\/amladcykler.com\\\/wp-content\\\/uploads\\\/2025\\\/03\\\/Amladcykler.com-logo-1025x1025-Uden-baggrund.png\",\"width\":1025,\"height\":1025,\"caption\":\"Andersen & Meldgaard A\\\/S\"},\"image\":{\"@id\":\"https:\\\/\\\/amladcykler.com\\\/no\\\/#\\\/schema\\\/logo\\\/image\\\/\"},\"sameAs\":[\"https:\\\/\\\/www.facebook.com\\\/ladcykel\",\"https:\\\/\\\/x.com\\\/amladcykler\",\"https:\\\/\\\/www.linkedin.com\\\/company\\\/amladcykler\\\/\",\"https:\\\/\\\/www.youtube.com\\\/channel\\\/UCG9qwiqZHe9bDeCzHYcc0eQ\",\"https:\\\/\\\/www.instagram.com\\\/amladcykler\\\/\"]}]}<\/script>\n<!-- \/ Yoast SEO plugin. -->","yoast_head_json":{"title":"Lader 36V for elektrisk lastesykkel","description":"Lader 36V for elektrisk lastesykkel. Hos Amladcykler har vi et stort utvalg av reservedeler - og markedets beste priser!","robots":{"index":"index","follow":"follow","max-snippet":"max-snippet:-1","max-image-preview":"max-image-preview:large","max-video-preview":"max-video-preview:-1"},"canonical":"https:\/\/amladcykler.com\/no\/product\/lader-36v-for-elektrisk-lastesykkel\/","og_locale":"nb_NO","og_type":"article","og_title":"Lader 36V for elektrisk lastesykkel","og_description":"Lader 36V for elektrisk lastesykkel. Hos Amladcykler har vi et stort utvalg av reservedeler - og markedets beste priser!","og_url":"https:\/\/amladcykler.com\/no\/product\/lader-36v-for-elektrisk-lastesykkel\/","og_site_name":"Amladcykler.com","article_publisher":"https:\/\/www.facebook.com\/ladcykel","article_modified_time":"2025-03-24T12:58:21+00:00","og_image":[{"width":1500,"height":1500,"url":"https:\/\/amladcykler.com\/wp-content\/uploads\/2020\/04\/PRODUKT_0470.jpg","type":"image\/jpeg"}],"twitter_card":"summary_large_image","twitter_site":"@amladcykler","twitter_misc":{"Ansl. lesetid":"1 minutt"},"schema":{"@context":"https:\/\/schema.org","@graph":[{"@type":"WebPage","@id":"https:\/\/amladcykler.com\/no\/product\/lader-36v-for-elektrisk-lastesykkel\/","url":"https:\/\/amladcykler.com\/no\/product\/lader-36v-for-elektrisk-lastesykkel\/","name":"Lader 36V for elektrisk lastesykkel","isPartOf":{"@id":"https:\/\/amladcykler.com\/no\/#website"},"primaryImageOfPage":{"@id":"https:\/\/amladcykler.com\/no\/product\/lader-36v-for-elektrisk-lastesykkel\/#primaryimage"},"image":{"@id":"https:\/\/amladcykler.com\/no\/product\/lader-36v-for-elektrisk-lastesykkel\/#primaryimage"},"thumbnailUrl":"https:\/\/amladcykler.com\/wp-content\/uploads\/2020\/04\/PRODUKT_0470.jpg","datePublished":"2017-11-09T08:42:08+00:00","dateModified":"2025-03-24T12:58:21+00:00","description":"Lader 36V for elektrisk lastesykkel. Hos Amladcykler har vi et stort utvalg av reservedeler - og markedets beste priser!","breadcrumb":{"@id":"https:\/\/amladcykler.com\/no\/product\/lader-36v-for-elektrisk-lastesykkel\/#breadcrumb"},"inLanguage":"nb-NO","potentialAction":[{"@type":"ReadAction","target":["https:\/\/amladcykler.com\/no\/product\/lader-36v-for-elektrisk-lastesykkel\/"]}]},{"@type":"ImageObject","inLanguage":"nb-NO","@id":"https:\/\/amladcykler.com\/no\/product\/lader-36v-for-elektrisk-lastesykkel\/#primaryimage","url":"https:\/\/amladcykler.com\/wp-content\/uploads\/2020\/04\/PRODUKT_0470.jpg","contentUrl":"https:\/\/amladcykler.com\/wp-content\/uploads\/2020\/04\/PRODUKT_0470.jpg","width":1500,"height":1500,"caption":"Lader 36V for elektrisk lastesykkel"},{"@type":"BreadcrumbList","@id":"https:\/\/amladcykler.com\/no\/product\/lader-36v-for-elektrisk-lastesykkel\/#breadcrumb","itemListElement":[{"@type":"ListItem","position":1,"name":"Home","item":"https:\/\/amladcykler.com\/no\/"},{"@type":"ListItem","position":2,"name":"Shop","item":"https:\/\/amladcykler.com\/shop\/"},{"@type":"ListItem","position":3,"name":"Lader 36V for elektrisk lastesykkel"}]},{"@type":"WebSite","@id":"https:\/\/amladcykler.com\/no\/#website","url":"https:\/\/amladcykler.com\/no\/","name":"Amladcykler.com","description":"Cargo bike enthusiasts, since 1992","publisher":{"@id":"https:\/\/amladcykler.com\/no\/#organization"},"potentialAction":[{"@type":"SearchAction","target":{"@type":"EntryPoint","urlTemplate":"https:\/\/amladcykler.com\/no\/?s={search_term_string}"},"query-input":{"@type":"PropertyValueSpecification","valueRequired":true,"valueName":"search_term_string"}}],"inLanguage":"nb-NO"},{"@type":"Organization","@id":"https:\/\/amladcykler.com\/no\/#organization","name":"Andersen & Meldgaard A\/S","url":"https:\/\/amladcykler.com\/no\/","logo":{"@type":"ImageObject","inLanguage":"nb-NO","@id":"https:\/\/amladcykler.com\/no\/#\/schema\/logo\/image\/","url":"https:\/\/amladcykler.com\/wp-content\/uploads\/2025\/03\/Amladcykler.com-logo-1025x1025-Uden-baggrund.png","contentUrl":"https:\/\/amladcykler.com\/wp-content\/uploads\/2025\/03\/Amladcykler.com-logo-1025x1025-Uden-baggrund.png","width":1025,"height":1025,"caption":"Andersen & Meldgaard A\/S"},"image":{"@id":"https:\/\/amladcykler.com\/no\/#\/schema\/logo\/image\/"},"sameAs":["https:\/\/www.facebook.com\/ladcykel","https:\/\/x.com\/amladcykler","https:\/\/www.linkedin.com\/company\/amladcykler\/","https:\/\/www.youtube.com\/channel\/UCG9qwiqZHe9bDeCzHYcc0eQ","https:\/\/www.instagram.com\/amladcykler\/"]}]}},"_links":{"self":[{"href":"https:\/\/amladcykler.com\/no\/wp-json\/wp\/v2\/product\/7802","targetHints":{"allow":["GET"]}}],"collection":[{"href":"https:\/\/amladcykler.com\/no\/wp-json\/wp\/v2\/product"}],"about":[{"href":"https:\/\/amladcykler.com\/no\/wp-json\/wp\/v2\/types\/product"}],"replies":[{"embeddable":true,"href":"https:\/\/amladcykler.com\/no\/wp-json\/wp\/v2\/comments?post=7802"}],"wp:featuredmedia":[{"embeddable":true,"href":"https:\/\/amladcykler.com\/no\/wp-json\/wp\/v2\/media\/6547"}],"wp:attachment":[{"href":"https:\/\/amladcykler.com\/no\/wp-json\/wp\/v2\/media?parent=7802"}],"wp:term":[{"taxonomy":"product_brand","embeddable":true,"href":"https:\/\/amladcykler.com\/no\/wp-json\/wp\/v2\/product_brand?post=7802"},{"taxonomy":"product_cat","embeddable":true,"href":"https:\/\/amladcykler.com\/no\/wp-json\/wp\/v2\/product_cat?post=7802"},{"taxonomy":"product_tag","embeddable":true,"href":"https:\/\/amladcykler.com\/no\/wp-json\/wp\/v2\/product_tag?post=7802"}],"curies":[{"name":"wp","href":"https:\/\/api.w.org\/{rel}","templated":true}]}}