{"id":12266,"date":"2025-03-04T15:56:47","date_gmt":"2025-03-04T14:56:47","guid":{"rendered":"https:\/\/amladcykler.com\/justering-av-v-bremser\/"},"modified":"2025-03-04T16:08:46","modified_gmt":"2025-03-04T15:08:46","slug":"justering-av-v-bremser","status":"publish","type":"page","link":"https:\/\/amladcykler.com\/no\/justering-av-v-bremser\/","title":{"rendered":"Justering av V-bremser"},"content":{"rendered":"\n\n\t<section class=\"section\" id=\"section_515225436\">\n\t\t<div class=\"section-bg fill\" >\n\t\t\t\n\t\t\t\n\t\t\t\n\t\t\t\n\n\t\t<\/div>\n\n\t\t\n\n\t\t<div class=\"section-content relative\">\n\t\t\t\n\n<div class=\"row\"  id=\"row-1260466959\">\n\n\n\t<div id=\"col-1151870623\" class=\"col small-12 large-12\"  >\n\t\t\t\t<div class=\"col-inner\"  >\n\t\t\t\n\t\t\t\n\n<div class=\"container section-title-container\" ><h1 class=\"section-title section-title-normal\"><b><\/b><span class=\"section-title-main\" >Montering og justering av V-bremser<\/span><b><\/b><\/h1><\/div>\n\n\n\t\t<\/div>\n\t\t\t\t\t<\/div>\n\n\t\n\n<\/div>\n<div class=\"row\"  id=\"row-1653167798\">\n\n\n\t<div id=\"col-1364104379\" class=\"col small-12 large-12\"  >\n\t\t\t\t<div class=\"col-inner\"  >\n\t\t\t\n\t\t\t\n\n<div class=\"container section-title-container\" ><h2 class=\"section-title section-title-normal\"><b><\/b><span class=\"section-title-main\" >F\u00f8lg disse trinnene<\/span><b><\/b><\/h2><\/div>\n\n<p><b><span data-contrast=\"auto\">Trinn 1: <\/span><\/b><span data-contrast=\"auto\">Plasser bremsen <\/span><span data-contrast=\"auto\">kabelen<\/span><span data-contrast=\"auto\"> i bremsespaken\/h\u00e5ndtaket<\/span><span data-ccp-props=\"{\"201341983\":0,\"335559740\":276}\"> <\/span><\/p>\n<p><b><span data-contrast=\"auto\">Trinn 2: <\/span><\/b><span data-contrast=\"auto\">Monter f\u00f8rerhusene p\u00e5 V-bremsearmene <\/span> <span data-ccp-props=\"{\"201341983\":0,\"335559740\":276}\"> <\/span><\/p>\n<ul>\n<li data-leveltext=\"-\" data-font=\"Calibri\" data-listid=\"1\" data-list-defn-props=\"{\"335551671\":0,\"335552541\":1,\"335559685\":720,\"335559991\":360,\"469769226\":\"Calibri\",\"469769242\":&#091;8226&#093;,\"469777803\":\"left\",\"469777804\":\"-\",\"469777815\":\"hybridMultilevel\"}\" aria-setsize=\"-1\" data-aria-posinset=\"0\" data-aria-level=\"1\"><span data-contrast=\"auto\">Elektrisk lastesykkel: Begge bremsekablene foran f\u00f8res gjennom hullet i styret. Begge kablene f\u00f8res gjennom de to slepehullene p\u00e5 venstre side av bakplaten, og den h\u00f8yre bremsekabelen f\u00f8res gjennom det ene slepehullet p\u00e5 bunnen av bakplaten. <\/span><span data-ccp-props=\"{\"201341983\":0,\"335559740\":276}\"> <\/span><\/li>\n<\/ul>\n<ul>\n<li data-leveltext=\"-\" data-font=\"Calibri\" data-listid=\"1\" data-list-defn-props=\"{\"335551671\":0,\"335552541\":1,\"335559685\":720,\"335559991\":360,\"469769226\":\"Calibri\",\"469769242\":&#091;8226&#093;,\"469777803\":\"left\",\"469777804\":\"-\",\"469777815\":\"hybridMultilevel\"}\" aria-setsize=\"-1\" data-aria-posinset=\"1\" data-aria-level=\"1\"><span data-contrast=\"auto\">Standard lastesykkel: Begge bremsekablene foran f\u00f8res bak den horisontale kabelholderen, gjennom de to slepehullene p\u00e5 venstre side av bakplaten, og den h\u00f8yre bremsekabelen f\u00f8res gjennom det ene slepehullet nederst p\u00e5 bakplaten.<\/span><span data-ccp-props=\"{\"201341983\":0,\"335559740\":276}\"> <\/span><\/li>\n<\/ul>\n<p><b><span data-contrast=\"auto\">Trinn 3:<\/span><\/b><span data-contrast=\"auto\"> S\u00f8rg for at bremseklossene ligger rett p\u00e5 felgen<\/span><span data-ccp-props=\"{\"201341983\":0,\"335559740\":276}\"> <\/span><\/p>\n<p><b><span data-contrast=\"auto\">Trinn 4:<\/span><\/b><span data-contrast=\"auto\"> Stram skruene p\u00e5 siden av bremsearmen og juster Phillips-skruen p\u00e5 siden av bremsearmene til et punkt der de to bremsearmene har like mye &laquo;fj\u00e6r&raquo; \/ er like harde til \u00e5 trykke mot felgen<\/span><span data-ccp-props=\"{\"201341983\":0,\"335559740\":276}\"> <\/span><\/p>\n<p><b><span data-contrast=\"auto\">Trinn 5: <\/span><\/b><span data-contrast=\"auto\">L\u00f8sne unbrakoskruen der kabelen skal g\u00e5<\/span><span data-ccp-props=\"{\"201341983\":0,\"335559740\":276}\"> <\/span><\/p>\n<p><b><span data-contrast=\"auto\">Trinn 6:  <\/span><\/b><span data-contrast=\"auto\">F\u00f8r kabelen gjennom aluminiumsbuen og V-bremseholderne. Slipp \u00bd mm, slik at bremseklossene nesten ber\u00f8rer felgen p\u00e5 begge sider &#8211; juster deretter unbrakoskruen &#8211; stram deretter unbrakoskruen <\/span><span data-ccp-props=\"{\"201341983\":0,\"335559740\":276}\"> <\/span><\/p>\n<p><b><span data-contrast=\"auto\">Trinn 7: <\/span><\/b><span data-contrast=\"auto\">Kontroller at forbremsene bremser likt med begge bremsearmene =&gt; sykkelen holder seg rett n\u00e5r du bremser p\u00e5 forbremsene<\/span><span data-ccp-props=\"{\"201341983\":0,\"335559740\":276}\"> <\/span><\/p>\n<p><b><span data-contrast=\"auto\">Trinn 8:<\/span><\/b><span data-contrast=\"auto\"> Kontroller at bremsearmene p\u00e5 hver side av felgen beveger seg like mye n\u00e5r du bruker bremseh\u00e5ndtakene + at hjulet beveger seg fritt n\u00e5r det settes i bevegelse <\/span> <span data-ccp-props=\"{\"201341983\":0,\"335559740\":276}\"> <\/span><\/p>\n<p><b><span data-contrast=\"auto\">Trinn 9: <\/span><\/b><span data-contrast=\"auto\">Hvis det ikke er tilfelle, juster skruene (justeres ut i bremsearmen som har mest bevegelse) eller wiren l\u00f8snes litt mer<\/span><span data-ccp-props=\"{\"201341983\":0,\"335559740\":276}\"> <\/span><\/p>\n<p><b><span data-contrast=\"auto\">Trinn 10:<\/span><\/b><span data-contrast=\"auto\"> Ta en pr\u00f8vetur p\u00e5 lastesykkelen og finjuster bremsene p\u00e5 skruene p\u00e5 bremsehendelen\/-h\u00e5ndtaket<\/span><span data-ccp-props=\"{\"201341983\":0,\"335559740\":276}\"> <\/span><\/p>\n\n\t\t<\/div>\n\t\t\t\t\t<\/div>\n\n\t\n\n<\/div>\n\n\t\t<\/div>\n\n\t\t\n<style>\n#section_515225436 {\n  padding-top: 30px;\n  padding-bottom: 30px;\n}\n<\/style>\n\t<\/section>\n\t\n\n","protected":false},"excerpt":{"rendered":"","protected":false},"author":9,"featured_media":0,"parent":0,"menu_order":0,"comment_status":"closed","ping_status":"closed","template":"","meta":{"footnotes":""},"class_list":["post-12266","page","type-page","status-publish","hentry"],"yoast_head":"<!-- This site is optimized with the Yoast SEO plugin v28.4 - https:\/\/yoast.com\/product\/yoast-seo-wordpress\/ -->\n<title>Justering av V-bremser - Amladcykler.com<\/title>\n<meta name=\"robots\" content=\"index, follow, max-snippet:-1, max-image-preview:large, max-video-preview:-1\" \/>\n<link rel=\"canonical\" href=\"https:\/\/amladcykler.com\/no\/justering-av-v-bremser\/\" \/>\n<meta property=\"og:locale\" content=\"nb_NO\" \/>\n<meta property=\"og:type\" content=\"article\" \/>\n<meta property=\"og:title\" content=\"Justering av V-bremser - Amladcykler.com\" \/>\n<meta property=\"og:url\" content=\"https:\/\/amladcykler.com\/no\/justering-av-v-bremser\/\" \/>\n<meta property=\"og:site_name\" content=\"Amladcykler.com\" \/>\n<meta property=\"article:publisher\" content=\"https:\/\/www.facebook.com\/ladcykel\" \/>\n<meta property=\"article:modified_time\" content=\"2025-03-04T15:08:46+00:00\" \/>\n<meta property=\"og:image\" content=\"https:\/\/amladcykler.com\/wp-content\/uploads\/2020\/08\/Deluxe-UK.jpg\" \/>\n\t<meta property=\"og:image:width\" content=\"1500\" \/>\n\t<meta property=\"og:image:height\" content=\"1125\" \/>\n\t<meta property=\"og:image:type\" content=\"image\/jpeg\" \/>\n<meta name=\"twitter:card\" content=\"summary_large_image\" \/>\n<meta name=\"twitter:site\" content=\"@amladcykler\" \/>\n<meta name=\"twitter:label1\" content=\"Ansl. lesetid\" \/>\n\t<meta name=\"twitter:data1\" content=\"1 minutt\" \/>\n<script type=\"application\/ld+json\" class=\"yoast-schema-graph\">{\"@context\":\"https:\\\/\\\/schema.org\",\"@graph\":[{\"@type\":\"WebPage\",\"@id\":\"https:\\\/\\\/amladcykler.com\\\/no\\\/justering-av-v-bremser\\\/\",\"url\":\"https:\\\/\\\/amladcykler.com\\\/no\\\/justering-av-v-bremser\\\/\",\"name\":\"Justering av V-bremser - Amladcykler.com\",\"isPartOf\":{\"@id\":\"https:\\\/\\\/amladcykler.com\\\/no\\\/#website\"},\"datePublished\":\"2025-03-04T14:56:47+00:00\",\"dateModified\":\"2025-03-04T15:08:46+00:00\",\"breadcrumb\":{\"@id\":\"https:\\\/\\\/amladcykler.com\\\/no\\\/justering-av-v-bremser\\\/#breadcrumb\"},\"inLanguage\":\"nb-NO\",\"potentialAction\":[{\"@type\":\"ReadAction\",\"target\":[\"https:\\\/\\\/amladcykler.com\\\/no\\\/justering-av-v-bremser\\\/\"]}]},{\"@type\":\"BreadcrumbList\",\"@id\":\"https:\\\/\\\/amladcykler.com\\\/no\\\/justering-av-v-bremser\\\/#breadcrumb\",\"itemListElement\":[{\"@type\":\"ListItem\",\"position\":1,\"name\":\"Home\",\"item\":\"https:\\\/\\\/amladcykler.com\\\/no\\\/\"},{\"@type\":\"ListItem\",\"position\":2,\"name\":\"Justering av V-bremser\"}]},{\"@type\":\"WebSite\",\"@id\":\"https:\\\/\\\/amladcykler.com\\\/no\\\/#website\",\"url\":\"https:\\\/\\\/amladcykler.com\\\/no\\\/\",\"name\":\"Amladcykler.com\",\"description\":\"Cargo bike enthusiasts, since 1992\",\"publisher\":{\"@id\":\"https:\\\/\\\/amladcykler.com\\\/no\\\/#organization\"},\"potentialAction\":[{\"@type\":\"SearchAction\",\"target\":{\"@type\":\"EntryPoint\",\"urlTemplate\":\"https:\\\/\\\/amladcykler.com\\\/no\\\/?s={search_term_string}\"},\"query-input\":{\"@type\":\"PropertyValueSpecification\",\"valueRequired\":true,\"valueName\":\"search_term_string\"}}],\"inLanguage\":\"nb-NO\"},{\"@type\":\"Organization\",\"@id\":\"https:\\\/\\\/amladcykler.com\\\/no\\\/#organization\",\"name\":\"Andersen & Meldgaard A\\\/S\",\"url\":\"https:\\\/\\\/amladcykler.com\\\/no\\\/\",\"logo\":{\"@type\":\"ImageObject\",\"inLanguage\":\"nb-NO\",\"@id\":\"https:\\\/\\\/amladcykler.com\\\/no\\\/#\\\/schema\\\/logo\\\/image\\\/\",\"url\":\"https:\\\/\\\/amladcykler.com\\\/wp-content\\\/uploads\\\/2025\\\/03\\\/Amladcykler.com-logo-1025x1025-Uden-baggrund.png\",\"contentUrl\":\"https:\\\/\\\/amladcykler.com\\\/wp-content\\\/uploads\\\/2025\\\/03\\\/Amladcykler.com-logo-1025x1025-Uden-baggrund.png\",\"width\":1025,\"height\":1025,\"caption\":\"Andersen & Meldgaard A\\\/S\"},\"image\":{\"@id\":\"https:\\\/\\\/amladcykler.com\\\/no\\\/#\\\/schema\\\/logo\\\/image\\\/\"},\"sameAs\":[\"https:\\\/\\\/www.facebook.com\\\/ladcykel\",\"https:\\\/\\\/x.com\\\/amladcykler\",\"https:\\\/\\\/www.linkedin.com\\\/company\\\/amladcykler\\\/\",\"https:\\\/\\\/www.youtube.com\\\/channel\\\/UCG9qwiqZHe9bDeCzHYcc0eQ\",\"https:\\\/\\\/www.instagram.com\\\/amladcykler\\\/\"]}]}<\/script>\n<!-- \/ Yoast SEO plugin. -->","yoast_head_json":{"title":"Justering av V-bremser - Amladcykler.com","robots":{"index":"index","follow":"follow","max-snippet":"max-snippet:-1","max-image-preview":"max-image-preview:large","max-video-preview":"max-video-preview:-1"},"canonical":"https:\/\/amladcykler.com\/no\/justering-av-v-bremser\/","og_locale":"nb_NO","og_type":"article","og_title":"Justering av V-bremser - Amladcykler.com","og_url":"https:\/\/amladcykler.com\/no\/justering-av-v-bremser\/","og_site_name":"Amladcykler.com","article_publisher":"https:\/\/www.facebook.com\/ladcykel","article_modified_time":"2025-03-04T15:08:46+00:00","og_image":[{"width":1500,"height":1125,"url":"https:\/\/amladcykler.com\/wp-content\/uploads\/2020\/08\/Deluxe-UK.jpg","type":"image\/jpeg"}],"twitter_card":"summary_large_image","twitter_site":"@amladcykler","twitter_misc":{"Ansl. lesetid":"1 minutt"},"schema":{"@context":"https:\/\/schema.org","@graph":[{"@type":"WebPage","@id":"https:\/\/amladcykler.com\/no\/justering-av-v-bremser\/","url":"https:\/\/amladcykler.com\/no\/justering-av-v-bremser\/","name":"Justering av V-bremser - Amladcykler.com","isPartOf":{"@id":"https:\/\/amladcykler.com\/no\/#website"},"datePublished":"2025-03-04T14:56:47+00:00","dateModified":"2025-03-04T15:08:46+00:00","breadcrumb":{"@id":"https:\/\/amladcykler.com\/no\/justering-av-v-bremser\/#breadcrumb"},"inLanguage":"nb-NO","potentialAction":[{"@type":"ReadAction","target":["https:\/\/amladcykler.com\/no\/justering-av-v-bremser\/"]}]},{"@type":"BreadcrumbList","@id":"https:\/\/amladcykler.com\/no\/justering-av-v-bremser\/#breadcrumb","itemListElement":[{"@type":"ListItem","position":1,"name":"Home","item":"https:\/\/amladcykler.com\/no\/"},{"@type":"ListItem","position":2,"name":"Justering av V-bremser"}]},{"@type":"WebSite","@id":"https:\/\/amladcykler.com\/no\/#website","url":"https:\/\/amladcykler.com\/no\/","name":"Amladcykler.com","description":"Cargo bike enthusiasts, since 1992","publisher":{"@id":"https:\/\/amladcykler.com\/no\/#organization"},"potentialAction":[{"@type":"SearchAction","target":{"@type":"EntryPoint","urlTemplate":"https:\/\/amladcykler.com\/no\/?s={search_term_string}"},"query-input":{"@type":"PropertyValueSpecification","valueRequired":true,"valueName":"search_term_string"}}],"inLanguage":"nb-NO"},{"@type":"Organization","@id":"https:\/\/amladcykler.com\/no\/#organization","name":"Andersen & Meldgaard A\/S","url":"https:\/\/amladcykler.com\/no\/","logo":{"@type":"ImageObject","inLanguage":"nb-NO","@id":"https:\/\/amladcykler.com\/no\/#\/schema\/logo\/image\/","url":"https:\/\/amladcykler.com\/wp-content\/uploads\/2025\/03\/Amladcykler.com-logo-1025x1025-Uden-baggrund.png","contentUrl":"https:\/\/amladcykler.com\/wp-content\/uploads\/2025\/03\/Amladcykler.com-logo-1025x1025-Uden-baggrund.png","width":1025,"height":1025,"caption":"Andersen & Meldgaard A\/S"},"image":{"@id":"https:\/\/amladcykler.com\/no\/#\/schema\/logo\/image\/"},"sameAs":["https:\/\/www.facebook.com\/ladcykel","https:\/\/x.com\/amladcykler","https:\/\/www.linkedin.com\/company\/amladcykler\/","https:\/\/www.youtube.com\/channel\/UCG9qwiqZHe9bDeCzHYcc0eQ","https:\/\/www.instagram.com\/amladcykler\/"]}]}},"_links":{"self":[{"href":"https:\/\/amladcykler.com\/no\/wp-json\/wp\/v2\/pages\/12266","targetHints":{"allow":["GET"]}}],"collection":[{"href":"https:\/\/amladcykler.com\/no\/wp-json\/wp\/v2\/pages"}],"about":[{"href":"https:\/\/amladcykler.com\/no\/wp-json\/wp\/v2\/types\/page"}],"author":[{"embeddable":true,"href":"https:\/\/amladcykler.com\/no\/wp-json\/wp\/v2\/users\/9"}],"replies":[{"embeddable":true,"href":"https:\/\/amladcykler.com\/no\/wp-json\/wp\/v2\/comments?post=12266"}],"version-history":[{"count":0,"href":"https:\/\/amladcykler.com\/no\/wp-json\/wp\/v2\/pages\/12266\/revisions"}],"wp:attachment":[{"href":"https:\/\/amladcykler.com\/no\/wp-json\/wp\/v2\/media?parent=12266"}],"curies":[{"name":"wp","href":"https:\/\/api.w.org\/{rel}","templated":true}]}}