{"id":10319,"date":"2025-02-25T13:49:36","date_gmt":"2025-02-25T12:49:36","guid":{"rendered":"https:\/\/amladcykler.com\/monteringsinstruksjon-classic-cargo-bike-2\/"},"modified":"2025-03-21T13:31:58","modified_gmt":"2025-03-21T12:31:58","slug":"monteringsinstruksjon-classic-cargo-bike-2","status":"publish","type":"page","link":"https:\/\/amladcykler.com\/no\/monteringsinstruksjon-classic-cargo-bike-2\/","title":{"rendered":"Monteringsinstruksjon &#8211; Klassiske lastesykkel"},"content":{"rendered":"\n\n\t<section class=\"section\" id=\"section_1212182410\">\n\t\t<div class=\"section-bg fill\" >\n\t\t\t\n\t\t\t\n\t\t\t\n\t\t\t\n\n\t\t<\/div>\n\n\t\t\n\n\t\t<div class=\"section-content relative\">\n\t\t\t\n\n<div class=\"row\"  id=\"row-1254184651\">\n\n\n\t<div id=\"col-575472320\" class=\"col medium-6 small-12 large-6\"  >\n\t\t\t\t<div class=\"col-inner\"  >\n\t\t\t\n\t\t\t\n\n<div class=\"container section-title-container\" ><h1 class=\"section-title section-title-normal\"><b><\/b><span class=\"section-title-main\" >Monteringsanvisning for v\u00e5r Klassiske lastesykkel<\/span><b><\/b><\/h1><\/div>\n\n<p><em><span class=\"TextRun BCX0 SCXP207709790\" lang=\"EN-GB\" xml:lang=\"EN-GB\" data-usefontface=\"true\" data-contrast=\"none\"><span class=\"NormalTextRun BCX0 SCXP207709790\">Les og forst\u00e5 disse instruksjonene f\u00f8r du begynner monteringen. Sykkelen   <\/span><\/span><span class=\"TextRun BCX0 SCXP207709790\" lang=\"EN-GB\" xml:lang=\"EN-GB\" data-usefontface=\"true\" data-contrast=\"none\"><span class=\"NormalTextRun BCX0 SCXP207709790\">leveres delvis montert, og det er viktig \u00e5 lese bruksanvisningen n\u00f8ye f\u00f8r du  <\/span><\/span><span class=\"TextRun BCX0 SCXP207709790\" lang=\"EN-GB\" xml:lang=\"EN-GB\" data-usefontface=\"true\" data-contrast=\"none\"><span class=\"NormalTextRun BCX0 SCXP207709790\">startmonteringen, slik at sykkelen blir satt sammen i riktig rekkef\u00f8lge. Det er   <\/span><\/span><span class=\"TextRun BCX0 SCXP207709790\" lang=\"EN-GB\" xml:lang=\"EN-GB\" data-usefontface=\"true\" data-contrast=\"none\"><span class=\"NormalTextRun BCX0 SCXP207709790\">anbefales \u00e5 v\u00e6re to personer til \u00e5 montere lastesykkelen. V\u00e6r oppmerksom p\u00e5 at   <\/span><\/span><span class=\"TextRun BCX0 SCXP207709790\" lang=\"EN-GB\" xml:lang=\"EN-GB\" data-usefontface=\"true\" data-contrast=\"none\"><span class=\"NormalTextRun BCX0 SCXP207709790\">sykkelen m\u00e5 etterstrammes etter noen ukers bruk. S\u00f8rg for \u00e5 sjekke alle deler   <\/span><\/span><span class=\"TextRun BCX0 SCXP207709790\" lang=\"EN-GB\" xml:lang=\"EN-GB\" data-usefontface=\"true\" data-contrast=\"none\"><span class=\"NormalTextRun BCX0 SCXP207709790\">av sykkelen og etterstram alle skruer og bolter.<\/span><\/span><\/em><span class=\"EOP BCX0 SCXP207709790\"><\/span><\/p>\n\n\t\t<\/div>\n\t\t\t\t\t<\/div>\n\n\t\n\n\t<div id=\"col-1043296641\" class=\"col medium-6 small-12 large-6\"  >\n\t\t\t\t<div class=\"col-inner\"  >\n\t\t\t\n\t\t\t\n\n\t<div class=\"img has-hover x md-x lg-x y md-y lg-y\" id=\"image_1673573598\">\n\t\t\t\t\t\t\t\t<div class=\"img-inner dark\" >\n\t\t\t<img decoding=\"async\" width=\"1020\" height=\"680\" src=\"https:\/\/amladcykler.com\/wp-content\/uploads\/2017\/10\/Ladcykel-skive-bremser-med-kalache-komprimeret-1600x1067.jpg\" class=\"attachment-large size-large\" alt=\"Cargo Bike Canopy\" srcset=\"https:\/\/amladcykler.com\/wp-content\/uploads\/2017\/10\/Ladcykel-skive-bremser-med-kalache-komprimeret-1600x1067.jpg 1600w, https:\/\/amladcykler.com\/wp-content\/uploads\/2017\/10\/Ladcykel-skive-bremser-med-kalache-komprimeret-600x400.jpg 600w, https:\/\/amladcykler.com\/wp-content\/uploads\/2017\/10\/Ladcykel-skive-bremser-med-kalache-komprimeret-768x512.jpg 768w, https:\/\/amladcykler.com\/wp-content\/uploads\/2017\/10\/Ladcykel-skive-bremser-med-kalache-komprimeret-150x100.jpg 150w\" sizes=\"(max-width: 1020px) 100vw, 1020px\" \/>\t\t\t\t\t\t\n\t\t\t\t\t<\/div>\n\t\t\t\t\t\t\t\t\n<style>\n#image_1673573598 {\n  width: 100%;\n}\n<\/style>\n\t<\/div>\n\t\n\n\n\t\t<\/div>\n\t\t\t\t\t<\/div>\n\n\t\n\n<\/div>\n\n\t\t<\/div>\n\n\t\t\n<style>\n#section_1212182410 {\n  padding-top: 30px;\n  padding-bottom: 30px;\n}\n<\/style>\n\t<\/section>\n\t\n\n\t<section class=\"section\" id=\"section_1859349788\">\n\t\t<div class=\"section-bg fill\" >\n\t\t\t\n\t\t\t\n\t\t\t\n\t\t\t\n\n\t\t<\/div>\n\n\t\t\n\n\t\t<div class=\"section-content relative\">\n\t\t\t\n\n<div class=\"row\"  id=\"row-324559142\">\n\n\n\t<div id=\"col-42614807\" class=\"col small-12 large-12\"  >\n\t\t\t\t<div class=\"col-inner\"  >\n\t\t\t\n\t\t\t\n\n<div class=\"container section-title-container\" ><h2 class=\"section-title section-title-normal\"><b><\/b><span class=\"section-title-main\" >Trinn 1: Montering av bak- og frontramme<\/span><b><\/b><\/h2><\/div>\n\n\n\t\t<\/div>\n\t\t\t\t\t<\/div>\n\n\t\n\n<\/div>\n<div class=\"row align-equal align-center\"  id=\"row-780458168\">\n\n\n\t<div id=\"col-1435021019\" class=\"col small-12 large-12\"  >\n\t\t\t\t<div class=\"col-inner\"  >\n\t\t\t\n\t\t\t\n\n\t<div id=\"text-2622615705\" class=\"text\">\n\t\t\n\n<h3 style=\"text-align: left;\"><strong>Deler du trenger i trinn 1<\/strong><\/h3>\n\t\t\n<style>\n#text-2622615705 {\n  text-align: center;\n}\n<\/style>\n\t<\/div>\n\t\n\n\t\t<\/div>\n\t\t\t\t\t<\/div>\n\n\t\n\n<\/div>\n<div class=\"row\"  id=\"row-1197302506\">\n\n\n\t<div id=\"col-880415675\" class=\"col medium-3 small-6 large-3\"  >\n\t\t\t\t<div class=\"col-inner\"  >\n\t\t\t\n\t\t\t\n\n\t<div class=\"img has-hover x md-x lg-x y md-y lg-y\" id=\"image_1808401689\">\n\t\t\t\t\t\t\t\t<div class=\"img-inner dark\" >\n\t\t\t<img decoding=\"async\" width=\"297\" height=\"222\" src=\"https:\/\/amladcykler.com\/wp-content\/uploads\/2025\/02\/Classic-Cargo-Bike-Parts-to-use-1.png\" class=\"attachment-medium size-medium\" alt=\"\" \/>\t\t\t\t\t\t\n\t\t\t\t\t<\/div>\n\t\t\t\t\t\t\t\t\n<style>\n#image_1808401689 {\n  width: 100%;\n}\n<\/style>\n\t<\/div>\n\t\n\n<ul>\n<li style=\"text-align: left;\">7 stk. 13 mm bolter (lengde: 25 mm) <\/li>\n<li style=\"text-align: left;\">7 stk. skiver <\/li>\n<li style=\"text-align: left;\">7 stk. 13 mm muttere <\/li>\n<\/ul>\n\n\t\t<\/div>\n\t\t\t\t\t<\/div>\n\n\t\n\n\t<div id=\"col-370595378\" class=\"col medium-3 small-6 large-3\"  >\n\t\t\t\t<div class=\"col-inner\"  >\n\t\t\t\n\t\t\t\n\n\t<div class=\"img has-hover x md-x lg-x y md-y lg-y\" id=\"image_775253443\">\n\t\t\t\t\t\t\t\t<div class=\"img-inner dark\" >\n\t\t\t<img decoding=\"async\" width=\"287\" height=\"222\" src=\"https:\/\/amladcykler.com\/wp-content\/uploads\/2025\/02\/Classic-Cargo-Bike-Parts-to-use-2.png\" class=\"attachment-medium size-medium\" alt=\"\" \/>\t\t\t\t\t\t\n\t\t\t\t\t<\/div>\n\t\t\t\t\t\t\t\t\n<style>\n#image_775253443 {\n  width: 100%;\n}\n<\/style>\n\t<\/div>\n\t\n\n\n\t\t<\/div>\n\t\t\t\t\t<\/div>\n\n\t\n\n\t<div id=\"col-1611212340\" class=\"col medium-3 small-6 large-3\"  >\n\t\t\t\t<div class=\"col-inner\"  >\n\t\t\t\n\t\t\t\n\n\n\t\t<\/div>\n\t\t\t\t\t<\/div>\n\n\t\n\n\t<div id=\"col-981105600\" class=\"col medium-3 small-6 large-3\"  >\n\t\t\t\t<div class=\"col-inner\"  >\n\t\t\t\n\t\t\t\n\n\n\t\t<\/div>\n\t\t\t\t\t<\/div>\n\n\t\n\n<\/div>\n<div class=\"row\"  id=\"row-1993818042\">\n\n\n\t<div id=\"col-623783479\" class=\"col small-12 large-12\"  >\n\t\t\t\t<div class=\"col-inner\"  >\n\t\t\t\n\t\t\t\n\n<ol>\n<li><span data-usefontface=\"true\" data-contrast=\"none\">N\u00e5r delene er tatt ut av eskene og innpakningen, legger du frontrammen opp <\/span><span data-usefontface=\"true\" data-contrast=\"none\">ned p\u00e5 et bord eller to stoler.<\/span><\/li>\n<li data-charcodes=\"8226\" data-font=\"Arial,Sans-Serif\" data-buautonum=\"8\" data-margin=\"270\" data-aria-posinset=\"2\" data-aria-level=\"1\"><span data-usefontface=\"true\" data-contrast=\"none\">Plasser bakrammen opp ned &laquo;opp\u00e5&raquo; frontrammen. Unng\u00e5 \u00e5 ta med plasten p\u00e5   <\/span><span data-usefontface=\"true\" data-contrast=\"none\">bagasjeb\u00e6reren av for \u00e5 unng\u00e5 riper i lakken. <\/span><\/li>\n<li data-charcodes=\"8226\" data-font=\"Arial,Sans-Serif\" data-buautonum=\"8\" data-margin=\"270\" data-aria-posinset=\"3\" data-aria-level=\"1\"><span data-usefontface=\"true\" data-contrast=\"none\">Hovedbolten monteres nedenfra som vist p\u00e5 bilde 1A, 1B og 1C ved hjelp av en hammer eller  <\/span><span data-usefontface=\"true\" data-contrast=\"none\">noe lignende. Den skal sitte tett. Lagrene skal sm\u00f8res med fett. Ikke     <\/span><span data-usefontface=\"true\" data-contrast=\"none\">stram til mutteren enn\u00e5.<\/span><\/li>\n<li>Med de 7 store boltene, skivene og mutterne monteres den bueformede og de to rette metallstengene som vist p\u00e5 bilde 1C, 1D og 1E. Metallstengene m\u00e5 plasseres under trazezodialplaten som vist p\u00e5 bilde 1F. For \u00e5 unng\u00e5 at de rustfrie l\u00e5semutrene setter seg fast halvveis nede p\u00e5 bolten, m\u00e5 du bruke litt fett p\u00e5 enden av boltene f\u00f8r mutteren strammes til.  <\/li>\n<li>F\u00f8rst n\u00e5r disse er strammet, strammer du den store mutteren p\u00e5 hovedbolten s\u00e5 hardt som mulig og setter inn splitten (se bilde 1F).<\/li>\n<\/ol>\n\n\t\t<\/div>\n\t\t\t\t\t<\/div>\n\n\t\n\n<\/div>\n<div class=\"row\"  id=\"row-203991040\">\n\n\n\t<div id=\"col-300856924\" class=\"col medium-4 small-12 large-4\"  >\n\t\t\t\t<div class=\"col-inner\"  >\n\t\t\t\n\t\t\t\n\n<p style=\"text-align: center;\"><strong>Bilde 1A<\/strong><\/p>\n\t<div class=\"img has-hover x md-x lg-x y md-y lg-y\" id=\"image_58375469\">\n\t\t\t\t\t\t\t\t<div class=\"img-inner dark\" >\n\t\t\t<img decoding=\"async\" width=\"600\" height=\"377\" src=\"https:\/\/amladcykler.com\/wp-content\/uploads\/2025\/02\/Classic-Cargo-Bike-Picture-1A-600x377.png\" class=\"attachment-medium size-medium\" alt=\"\" srcset=\"https:\/\/amladcykler.com\/wp-content\/uploads\/2025\/02\/Classic-Cargo-Bike-Picture-1A-600x377.png 600w, https:\/\/amladcykler.com\/wp-content\/uploads\/2025\/02\/Classic-Cargo-Bike-Picture-1A.png 631w\" sizes=\"(max-width: 600px) 100vw, 600px\" \/>\t\t\t\t\t\t\n\t\t\t\t\t<\/div>\n\t\t\t\t\t\t\t\t\n<style>\n#image_58375469 {\n  width: 100%;\n}\n<\/style>\n\t<\/div>\n\t\n\n\n\t\t<\/div>\n\t\t\t\t\t<\/div>\n\n\t\n\n\t<div id=\"col-2044213946\" class=\"col medium-4 small-12 large-4\"  >\n\t\t\t\t<div class=\"col-inner\"  >\n\t\t\t\n\t\t\t\n\n<p style=\"text-align: center;\"><strong>Bilde 1B<\/strong><\/p>\n\t<div class=\"img has-hover x md-x lg-x y md-y lg-y\" id=\"image_434130081\">\n\t\t\t\t\t\t\t\t<div class=\"img-inner dark\" >\n\t\t\t<img decoding=\"async\" width=\"562\" height=\"420\" src=\"https:\/\/amladcykler.com\/wp-content\/uploads\/2025\/02\/Classic-Cargo-Bike-Picture-1B.png\" class=\"attachment-medium size-medium\" alt=\"\" \/>\t\t\t\t\t\t\n\t\t\t\t\t<\/div>\n\t\t\t\t\t\t\t\t\n<style>\n#image_434130081 {\n  width: 100%;\n}\n<\/style>\n\t<\/div>\n\t\n\n\n\t\t<\/div>\n\t\t\t\t\t<\/div>\n\n\t\n\n\t<div id=\"col-1562495605\" class=\"col medium-4 small-12 large-4\"  >\n\t\t\t\t<div class=\"col-inner\"  >\n\t\t\t\n\t\t\t\n\n<p style=\"text-align: center;\"><strong>Bilde 1C<\/strong><\/p>\n\t<div class=\"img has-hover x md-x lg-x y md-y lg-y\" id=\"image_2130749912\">\n\t\t\t\t\t\t\t\t<div class=\"img-inner dark\" >\n\t\t\t<img decoding=\"async\" width=\"512\" height=\"356\" src=\"https:\/\/amladcykler.com\/wp-content\/uploads\/2025\/02\/Classic-Cargo-Bike-Picture-1C.png\" class=\"attachment-medium size-medium\" alt=\"\" \/>\t\t\t\t\t\t\n\t\t\t\t\t<\/div>\n\t\t\t\t\t\t\t\t\n<style>\n#image_2130749912 {\n  width: 100%;\n}\n<\/style>\n\t<\/div>\n\t\n\n\n\t\t<\/div>\n\t\t\t\t\t<\/div>\n\n\t\n\n<\/div>\n<div class=\"row align-equal\"  id=\"row-2118223195\">\n\n\n\t<div id=\"col-1875549585\" class=\"col medium-4 small-12 large-4\"  >\n\t\t\t\t<div class=\"col-inner\"  >\n\t\t\t\n\t\t\t\n\n<p style=\"text-align: center;\"><strong>Bilde 1D<\/strong><\/p>\n\t<div class=\"img has-hover x md-x lg-x y md-y lg-y\" id=\"image_1870243326\">\n\t\t\t\t\t\t\t\t<div class=\"img-inner dark\" >\n\t\t\t<img decoding=\"async\" width=\"533\" height=\"375\" src=\"https:\/\/amladcykler.com\/wp-content\/uploads\/2025\/02\/Classic-Cargo-Bike-Picture-1D.png\" class=\"attachment-medium size-medium\" alt=\"\" \/>\t\t\t\t\t\t\n\t\t\t\t\t<\/div>\n\t\t\t\t\t\t\t\t\n<style>\n#image_1870243326 {\n  width: 100%;\n}\n<\/style>\n\t<\/div>\n\t\n\n\n\t\t<\/div>\n\t\t\t\t\t<\/div>\n\n\t\n\n\t<div id=\"col-126225456\" class=\"col medium-4 small-12 large-4\"  >\n\t\t\t\t<div class=\"col-inner\"  >\n\t\t\t\n\t\t\t\n\n<p style=\"text-align: center;\"><strong>Bilde 1E<\/strong><\/p>\n\t<div class=\"img has-hover x md-x lg-x y md-y lg-y\" id=\"image_1553618918\">\n\t\t\t\t\t\t\t\t<div class=\"img-inner dark\" >\n\t\t\t<img decoding=\"async\" width=\"424\" height=\"566\" src=\"https:\/\/amladcykler.com\/wp-content\/uploads\/2025\/02\/Classic-Cargo-Bike-Picture-1E.png\" class=\"attachment-medium size-medium\" alt=\"\" \/>\t\t\t\t\t\t\n\t\t\t\t\t<\/div>\n\t\t\t\t\t\t\t\t\n<style>\n#image_1553618918 {\n  width: 100%;\n}\n<\/style>\n\t<\/div>\n\t\n\n\n\t\t<\/div>\n\t\t\t\t\t<\/div>\n\n\t\n\n\t<div id=\"col-1791358979\" class=\"col medium-4 small-12 large-4\"  >\n\t\t\t\t<div class=\"col-inner\"  >\n\t\t\t\n\t\t\t\n\n<p style=\"text-align: center;\"><strong>Bilde 1F<\/strong><\/p>\n\t<div class=\"img has-hover x md-x lg-x y md-y lg-y\" id=\"image_284966238\">\n\t\t\t\t\t\t\t\t<div class=\"img-inner dark\" >\n\t\t\t<img decoding=\"async\" width=\"600\" height=\"450\" src=\"https:\/\/amladcykler.com\/wp-content\/uploads\/2025\/02\/Classic-Cargo-Bike-Picture-1F-600x450.png\" class=\"attachment-medium size-medium\" alt=\"\" srcset=\"https:\/\/amladcykler.com\/wp-content\/uploads\/2025\/02\/Classic-Cargo-Bike-Picture-1F-600x450.png 600w, https:\/\/amladcykler.com\/wp-content\/uploads\/2025\/02\/Classic-Cargo-Bike-Picture-1F.png 629w\" sizes=\"(max-width: 600px) 100vw, 600px\" \/>\t\t\t\t\t\t\n\t\t\t\t\t<\/div>\n\t\t\t\t\t\t\t\t\n<style>\n#image_284966238 {\n  width: 100%;\n}\n<\/style>\n\t<\/div>\n\t\n\n\n\t\t<\/div>\n\t\t\t\t\t<\/div>\n\n\t\n\n<\/div>\n\n\t\t<\/div>\n\n\t\t\n<style>\n#section_1859349788 {\n  padding-top: 30px;\n  padding-bottom: 30px;\n}\n<\/style>\n\t<\/section>\n\t\n\n\t<section class=\"section\" id=\"section_1979914906\">\n\t\t<div class=\"section-bg fill\" >\n\t\t\t\n\t\t\t\n\t\t\t\n\t\t\t\n\n\t\t<\/div>\n\n\t\t\n\n\t\t<div class=\"section-content relative\">\n\t\t\t\n\n<div class=\"row\"  id=\"row-675508911\">\n\n\n\t<div id=\"col-373706890\" class=\"col small-12 large-12\"  >\n\t\t\t\t<div class=\"col-inner\"  >\n\t\t\t\n\t\t\t\n\n<div class=\"container section-title-container\" ><h2 class=\"section-title section-title-normal\"><b><\/b><span class=\"section-title-main\" >Trinn 2: Skjermer, forhjul og bremseklosser<\/span><b><\/b><\/h2><\/div>\n\n\n\t\t<\/div>\n\t\t\t\t\t<\/div>\n\n\t\n\n<\/div>\n<div class=\"row\"  id=\"row-208150433\">\n\n\n\t<div id=\"col-997583734\" class=\"col small-12 large-12\"  >\n\t\t\t\t<div class=\"col-inner\"  >\n\t\t\t\n\t\t\t\n\n<h3 style=\"text-align: left;\"><strong>Deler du trenger i trinn 2<\/strong><\/h3>\n\n\t\t<\/div>\n\t\t\t\t\t<\/div>\n\n\t\n\n<\/div>\n<div class=\"row\"  id=\"row-23969448\">\n\n\n\t<div id=\"col-216674434\" class=\"col medium-3 small-6 large-3\"  >\n\t\t\t\t<div class=\"col-inner\"  >\n\t\t\t\n\t\t\t\n\n\t<div class=\"img has-hover x md-x lg-x y md-y lg-y\" id=\"image_1236148615\">\n\t\t\t\t\t\t\t\t<div class=\"img-inner dark\" >\n\t\t\t<img decoding=\"async\" width=\"364\" height=\"275\" src=\"https:\/\/amladcykler.com\/wp-content\/uploads\/2025\/02\/Classic-Cargo-Bike-Parts-to-use-1-Step-2.png\" class=\"attachment-medium size-medium\" alt=\"\" \/>\t\t\t\t\t\t\n\t\t\t\t\t<\/div>\n\t\t\t\t\t\t\t\t\n<style>\n#image_1236148615 {\n  width: 100%;\n}\n<\/style>\n\t<\/div>\n\t\n\n<ul>\n<li style=\"text-align: left;\">  8 stk. 8 mm bolter <br> (lengde: 12 mm) <\/li>\n<li style=\"text-align: left;\">8 stk. skiver <\/li>\n<li style=\"text-align: left;\">8 stk. 8 mm muttere <\/li>\n<\/ul>\n\n\t\t<\/div>\n\t\t\t\t\t<\/div>\n\n\t\n\n\t<div id=\"col-1093200256\" class=\"col medium-3 small-6 large-3\"  >\n\t\t\t\t<div class=\"col-inner\"  >\n\t\t\t\n\t\t\t\n\n\t<div class=\"img has-hover x md-x lg-x y md-y lg-y\" id=\"image_1682805783\">\n\t\t\t\t\t\t\t\t<div class=\"img-inner dark\" >\n\t\t\t<img decoding=\"async\" width=\"381\" height=\"277\" src=\"https:\/\/amladcykler.com\/wp-content\/uploads\/2025\/02\/Classic-Cargo-Bike-Parts-to-use-2-Step-3.png\" class=\"attachment-large size-large\" alt=\"\" \/>\t\t\t\t\t\t\n\t\t\t\t\t<\/div>\n\t\t\t\t\t\t\t\t\n<style>\n#image_1682805783 {\n  width: 100%;\n}\n<\/style>\n\t<\/div>\n\t\n\n<ul>\n<li>2 stk. bremseskiver <\/li>\n<li>2 x 6 sm\u00e5 svarte torx-bolter<\/li>\n<\/ul>\n\n\t\t<\/div>\n\t\t\t\t\t<\/div>\n\n\t\n\n\t<div id=\"col-2085155926\" class=\"col medium-3 small-6 large-3\"  >\n\t\t\t\t<div class=\"col-inner\"  >\n\t\t\t\n\t\t\t\n\n\t<div class=\"img has-hover x md-x lg-x y md-y lg-y\" id=\"image_599300207\">\n\t\t\t\t\t\t\t\t<div class=\"img-inner dark\" >\n\t\t\t<img decoding=\"async\" width=\"412\" height=\"275\" src=\"https:\/\/amladcykler.com\/wp-content\/uploads\/2025\/02\/Classic-Cargo-Bike-Parts-to-use-2-Step-2.png\" class=\"attachment-medium size-medium\" alt=\"\" \/>\t\t\t\t\t\t\n\t\t\t\t\t<\/div>\n\t\t\t\t\t\t\t\t\n<style>\n#image_599300207 {\n  width: 100%;\n}\n<\/style>\n\t<\/div>\n\t\n\n\n\t\t<\/div>\n\t\t\t\t\t<\/div>\n\n\t\n\n\t<div id=\"col-1514985582\" class=\"col medium-3 small-6 large-3\"  >\n\t\t\t\t<div class=\"col-inner\"  >\n\t\t\t\n\t\t\t\n\n\t<div class=\"img has-hover x md-x lg-x y md-y lg-y\" id=\"image_1952424770\">\n\t\t\t\t\t\t\t\t<div class=\"img-inner dark\" >\n\t\t\t<img decoding=\"async\" width=\"437\" height=\"285\" src=\"https:\/\/amladcykler.com\/wp-content\/uploads\/2025\/02\/Classic-Cargo-Bike-Parts-to-use-2-Step-4.png\" class=\"attachment-large size-large\" alt=\"\" \/>\t\t\t\t\t\t\n\t\t\t\t\t<\/div>\n\t\t\t\t\t\t\t\t\n<style>\n#image_1952424770 {\n  width: 100%;\n}\n<\/style>\n\t<\/div>\n\t\n\n<ul>\n<li>2 bremsekalibre<\/li>\n<li>2&#215;2 svarte unbrakoskruer med 2-3 ekstra skiver<\/li>\n<\/ul>\n\n\t\t<\/div>\n\t\t\t\t\t<\/div>\n\n\t\n\n<\/div>\n<div class=\"row\"  id=\"row-1150716183\">\n\n\n\t<div id=\"col-1649628992\" class=\"col small-12 large-12\"  >\n\t\t\t\t<div class=\"col-inner\"  >\n\t\t\t\n\t\t\t\n\n<ol>\n<li>Hvis sykkelen er satt sammen av to stoler, flyttes den ene stolen til enden av frontrammen, og den andre stolen fjernes.<\/li>\n<li>Frontskjermene monteres med 8 sm\u00e5 bolter, skiver og muttere + de fire brakettene (se bilde 2A og 2B). For \u00e5 sikre at skjermene ligger rett over hjulene, strammes mutterne etter at hjulene er montert. <\/li>\n<li>Bremseskivene er montert p\u00e5 forhjulene med de 2 x 6 sm\u00e5 svarte torx-boltene &#8211; se bilde 2C<\/li>\n<li>Monter forhjulene som p\u00e5 bilde 2D<\/li>\n<li>De to bremsekalibrene monteres med de 2&#215;2 svarte unbrakoskruene. Merk: Bruk 2-3 ekstra<br>skiver per unbrakobolt for \u00e5 sikre god avstand fra enden av bolten til bremseskiven. Se bilde 2E.  <\/li>\n<li>Bremsekaliberens posisjon i forhold til bremseskivene justeres ved hjelp av den blanke unbrakoskiva p\u00e5 utsiden av kaliberen og justeringsboltene side om side p\u00e5 bremsekaliberen &#8211; se bilde 2F og 2G.<\/li>\n<li>Bremseskivene skal p\u00e5 denne m\u00e5ten l\u00f8pe fritt uten \u00e5 ber\u00f8re bremseklossene n\u00e5r hjulet dreies. Det er imidlertid OK hvis det kommer en liten &laquo;susende&raquo; lyd fra bremsen n\u00e5r hjulet dreies &#8211; dette vil forsvinne etter noen dagers bruk. <\/li>\n<li>Deretter snus sykkelen (se bilde 2H)<\/li>\n<\/ol>\n\n\t\t<\/div>\n\t\t\t\t\t<\/div>\n\n\t\n\n<\/div>\n<div class=\"row\"  id=\"row-120109966\">\n\n\n\t<div id=\"col-1598013816\" class=\"col medium-4 small-12 large-4\"  >\n\t\t\t\t<div class=\"col-inner\"  >\n\t\t\t\n\t\t\t\n\n<p style=\"text-align: center;\"><strong>Bilde 2A<\/strong><\/p>\n\t<div class=\"img has-hover x md-x lg-x y md-y lg-y\" id=\"image_42017284\">\n\t\t\t\t\t\t\t\t<div class=\"img-inner dark\" >\n\t\t\t<img decoding=\"async\" width=\"452\" height=\"600\" src=\"https:\/\/amladcykler.com\/wp-content\/uploads\/2025\/02\/Classic-Cargo-Bike-Picture-2A-452x600.png\" class=\"attachment-medium size-medium\" alt=\"\" srcset=\"https:\/\/amladcykler.com\/wp-content\/uploads\/2025\/02\/Classic-Cargo-Bike-Picture-2A-452x600.png 452w, https:\/\/amladcykler.com\/wp-content\/uploads\/2025\/02\/Classic-Cargo-Bike-Picture-2A.png 481w\" sizes=\"(max-width: 452px) 100vw, 452px\" \/>\t\t\t\t\t\t\n\t\t\t\t\t<\/div>\n\t\t\t\t\t\t\t\t\n<style>\n#image_42017284 {\n  width: 100%;\n}\n<\/style>\n\t<\/div>\n\t\n\n\n\t\t<\/div>\n\t\t\t\t\t<\/div>\n\n\t\n\n\t<div id=\"col-1535864064\" class=\"col medium-4 small-12 large-4\"  >\n\t\t\t\t<div class=\"col-inner\"  >\n\t\t\t\n\t\t\t\n\n<p style=\"text-align: center;\"><strong>Bilde 2B<\/strong><\/p>\n\t<div class=\"img has-hover x md-x lg-x y md-y lg-y\" id=\"image_562348460\">\n\t\t\t\t\t\t\t\t<div class=\"img-inner dark\" >\n\t\t\t<img decoding=\"async\" width=\"452\" height=\"600\" src=\"https:\/\/amladcykler.com\/wp-content\/uploads\/2025\/02\/Classic-Cargo-Bike-Picture-2B-452x600.png\" class=\"attachment-medium size-medium\" alt=\"\" srcset=\"https:\/\/amladcykler.com\/wp-content\/uploads\/2025\/02\/Classic-Cargo-Bike-Picture-2B-452x600.png 452w, https:\/\/amladcykler.com\/wp-content\/uploads\/2025\/02\/Classic-Cargo-Bike-Picture-2B.png 481w\" sizes=\"(max-width: 452px) 100vw, 452px\" \/>\t\t\t\t\t\t\n\t\t\t\t\t<\/div>\n\t\t\t\t\t\t\t\t\n<style>\n#image_562348460 {\n  width: 100%;\n}\n<\/style>\n\t<\/div>\n\t\n\n\n\t\t<\/div>\n\t\t\t\t\t<\/div>\n\n\t\n\n\t<div id=\"col-2037623140\" class=\"col medium-4 small-12 large-4\"  >\n\t\t\t\t<div class=\"col-inner\"  >\n\t\t\t\n\t\t\t\n\n<p style=\"text-align: center;\"><strong>Bilde 2C<\/strong><\/p>\n\t<div class=\"img has-hover x md-x lg-x y md-y lg-y\" id=\"image_1250531066\">\n\t\t\t\t\t\t\t\t<div class=\"img-inner dark\" >\n\t\t\t<img decoding=\"async\" width=\"451\" height=\"600\" src=\"https:\/\/amladcykler.com\/wp-content\/uploads\/2025\/02\/Classic-Cargo-Bike-Picture-2C-451x600.png\" class=\"attachment-medium size-medium\" alt=\"\" srcset=\"https:\/\/amladcykler.com\/wp-content\/uploads\/2025\/02\/Classic-Cargo-Bike-Picture-2C-451x600.png 451w, https:\/\/amladcykler.com\/wp-content\/uploads\/2025\/02\/Classic-Cargo-Bike-Picture-2C.png 468w\" sizes=\"(max-width: 451px) 100vw, 451px\" \/>\t\t\t\t\t\t\n\t\t\t\t\t<\/div>\n\t\t\t\t\t\t\t\t\n<style>\n#image_1250531066 {\n  width: 100%;\n}\n<\/style>\n\t<\/div>\n\t\n\n\n\t\t<\/div>\n\t\t\t\t\t<\/div>\n\n\t\n\n<\/div>\n<div class=\"row align-equal\"  id=\"row-108612612\">\n\n\n\t<div id=\"col-1771994020\" class=\"col medium-4 small-12 large-4\"  >\n\t\t\t\t<div class=\"col-inner\"  >\n\t\t\t\n\t\t\t\n\n<p style=\"text-align: center;\"><strong>Bilde 2D<\/strong><\/p>\n\t<div class=\"img has-hover x md-x lg-x y md-y lg-y\" id=\"image_1053377368\">\n\t\t\t\t\t\t\t\t<div class=\"img-inner dark\" >\n\t\t\t<img decoding=\"async\" width=\"448\" height=\"600\" src=\"https:\/\/amladcykler.com\/wp-content\/uploads\/2025\/02\/Classic-Cargo-Bike-Picture-2D-448x600.png\" class=\"attachment-medium size-medium\" alt=\"\" srcset=\"https:\/\/amladcykler.com\/wp-content\/uploads\/2025\/02\/Classic-Cargo-Bike-Picture-2D-448x600.png 448w, https:\/\/amladcykler.com\/wp-content\/uploads\/2025\/02\/Classic-Cargo-Bike-Picture-2D.png 470w\" sizes=\"(max-width: 448px) 100vw, 448px\" \/>\t\t\t\t\t\t\n\t\t\t\t\t<\/div>\n\t\t\t\t\t\t\t\t\n<style>\n#image_1053377368 {\n  width: 100%;\n}\n<\/style>\n\t<\/div>\n\t\n\n\n\t\t<\/div>\n\t\t\t\t\t<\/div>\n\n\t\n\n\t<div id=\"col-791241474\" class=\"col medium-4 small-12 large-4\"  >\n\t\t\t\t<div class=\"col-inner\"  >\n\t\t\t\n\t\t\t\n\n<p style=\"text-align: center;\"><strong>Bilde 2E<\/strong><\/p>\n\t<div class=\"img has-hover x md-x lg-x y md-y lg-y\" id=\"image_1799292782\">\n\t\t\t\t\t\t\t\t<div class=\"img-inner dark\" >\n\t\t\t<img decoding=\"async\" width=\"448\" height=\"600\" src=\"https:\/\/amladcykler.com\/wp-content\/uploads\/2025\/02\/Classic-Cargo-Bike-Picture-2E-448x600.png\" class=\"attachment-medium size-medium\" alt=\"\" srcset=\"https:\/\/amladcykler.com\/wp-content\/uploads\/2025\/02\/Classic-Cargo-Bike-Picture-2E-448x600.png 448w, https:\/\/amladcykler.com\/wp-content\/uploads\/2025\/02\/Classic-Cargo-Bike-Picture-2E.png 474w\" sizes=\"(max-width: 448px) 100vw, 448px\" \/>\t\t\t\t\t\t\n\t\t\t\t\t<\/div>\n\t\t\t\t\t\t\t\t\n<style>\n#image_1799292782 {\n  width: 100%;\n}\n<\/style>\n\t<\/div>\n\t\n\n\n\t\t<\/div>\n\t\t\t\t\t<\/div>\n\n\t\n\n\t<div id=\"col-2063551774\" class=\"col medium-4 small-12 large-4\"  >\n\t\t\t\t<div class=\"col-inner\"  >\n\t\t\t\n\t\t\t\n\n<p style=\"text-align: center;\"><strong>Bilde 2F<\/strong><\/p>\n\t<div class=\"img has-hover x md-x lg-x y md-y lg-y\" id=\"image_1811443478\">\n\t\t\t\t\t\t\t\t<div class=\"img-inner dark\" >\n\t\t\t<img decoding=\"async\" width=\"448\" height=\"600\" src=\"https:\/\/amladcykler.com\/wp-content\/uploads\/2025\/02\/Classic-Cargo-Bike-Picture-2F-448x600.png\" class=\"attachment-medium size-medium\" alt=\"\" srcset=\"https:\/\/amladcykler.com\/wp-content\/uploads\/2025\/02\/Classic-Cargo-Bike-Picture-2F-448x600.png 448w, https:\/\/amladcykler.com\/wp-content\/uploads\/2025\/02\/Classic-Cargo-Bike-Picture-2F.png 474w\" sizes=\"(max-width: 448px) 100vw, 448px\" \/>\t\t\t\t\t\t\n\t\t\t\t\t<\/div>\n\t\t\t\t\t\t\t\t\n<style>\n#image_1811443478 {\n  width: 100%;\n}\n<\/style>\n\t<\/div>\n\t\n\n\n\t\t<\/div>\n\t\t\t\t\t<\/div>\n\n\t\n\n<\/div>\n\n\t\t<\/div>\n\n\t\t\n<style>\n#section_1979914906 {\n  padding-top: 30px;\n  padding-bottom: 30px;\n}\n<\/style>\n\t<\/section>\n\t\n\n\t<section class=\"section\" id=\"section_1985545618\">\n\t\t<div class=\"section-bg fill\" >\n\t\t\t\n\t\t\t\n\t\t\t\n\t\t\t\n\n\t\t<\/div>\n\n\t\t\n\n\t\t<div class=\"section-content relative\">\n\t\t\t\n\n<div class=\"row\"  id=\"row-1814731427\">\n\n\n\t<div id=\"col-1337104043\" class=\"col small-12 large-12\"  >\n\t\t\t\t<div class=\"col-inner\"  >\n\t\t\t\n\t\t\t\n\n<div class=\"container section-title-container\" ><h2 class=\"section-title section-title-normal\"><b><\/b><span class=\"section-title-main\" >Trinn 3: Sett sammen esken<\/span><b><\/b><\/h2><\/div>\n\n\n\t\t<\/div>\n\t\t\t\t\t<\/div>\n\n\t\n\n<\/div>\n<div class=\"row\"  id=\"row-1784528468\">\n\n\n\t<div id=\"col-1723864568\" class=\"col small-12 large-12\"  >\n\t\t\t\t<div class=\"col-inner\"  >\n\t\t\t\n\t\t\t\n\n<h3 style=\"text-align: left;\"><strong>Deler du trenger i trinn 3<\/strong><\/h3>\n\n\t\t<\/div>\n\t\t\t\t\t<\/div>\n\n\t\n\n<\/div>\n<div class=\"row\"  id=\"row-2004974917\">\n\n\n\t<div id=\"col-1451118500\" class=\"col medium-3 small-6 large-3\"  >\n\t\t\t\t<div class=\"col-inner\"  >\n\t\t\t\n\t\t\t\n\n\t<div class=\"img has-hover x md-x lg-x y md-y lg-y\" id=\"image_555296987\">\n\t\t\t\t\t\t\t\t<div class=\"img-inner dark\" >\n\t\t\t<img decoding=\"async\" width=\"372\" height=\"302\" src=\"https:\/\/amladcykler.com\/wp-content\/uploads\/2025\/02\/Classic-Cargo-Bike-Parts-to-use-1-Step-3.png\" class=\"attachment-medium size-medium\" alt=\"\" \/>\t\t\t\t\t\t\n\t\t\t\t\t<\/div>\n\t\t\t\t\t\t\t\t\n<style>\n#image_555296987 {\n  width: 100%;\n}\n<\/style>\n\t<\/div>\n\t\n\n<ul>\n<li>8 stk. 10 mm bolter (lengde 30 mm) <\/li>\n<li>8 stk. skiver <\/li>\n<li>8 stk. 10 mm l\u00e5semuttere <\/li>\n<\/ul>\n\n\t\t<\/div>\n\t\t\t\t\t<\/div>\n\n\t\n\n\t<div id=\"col-1111671066\" class=\"col medium-3 small-6 large-3\"  >\n\t\t\t\t<div class=\"col-inner\"  >\n\t\t\t\n\t\t\t\n\n\t<div class=\"img has-hover x md-x lg-x y md-y lg-y\" id=\"image_1739389069\">\n\t\t\t\t\t\t\t\t<div class=\"img-inner dark\" >\n\t\t\t<img decoding=\"async\" width=\"383\" height=\"291\" src=\"https:\/\/amladcykler.com\/wp-content\/uploads\/2025\/02\/Classic-Cargo-Bike-Parts-to-use-2-Step-3-1.png\" class=\"attachment-large size-large\" alt=\"\" \/>\t\t\t\t\t\t\n\t\t\t\t\t<\/div>\n\t\t\t\t\t\t\t\t\n<style>\n#image_1739389069 {\n  width: 100%;\n}\n<\/style>\n\t<\/div>\n\t\n\n<ul>\n<li>16 stk. 10 mm bolter (lengde 18 mm) <\/li>\n<li>16 stk. skiver <\/li>\n<li>16 stk. 10 mm runde muttere <\/li>\n<\/ul>\n\n\t\t<\/div>\n\t\t\t\t\t<\/div>\n\n\t\n\n\t<div id=\"col-1550397596\" class=\"col medium-3 small-6 large-3\"  >\n\t\t\t\t<div class=\"col-inner\"  >\n\t\t\t\n\t\t\t\n\n\t<div class=\"img has-hover x md-x lg-x y md-y lg-y\" id=\"image_895621173\">\n\t\t\t\t\t\t\t\t<div class=\"img-inner dark\" >\n\t\t\t<img decoding=\"async\" width=\"379\" height=\"291\" src=\"https:\/\/amladcykler.com\/wp-content\/uploads\/2025\/02\/Classic-Cargo-Bike-Parts-to-use-3-Step-3.png\" class=\"attachment-medium size-medium\" alt=\"\" \/>\t\t\t\t\t\t\n\t\t\t\t\t<\/div>\n\t\t\t\t\t\t\t\t\n<style>\n#image_895621173 {\n  width: 100%;\n}\n<\/style>\n\t<\/div>\n\t\n\n<ul>\n<li>4 stk. 10 mm bolter (lengde 30 mm) <\/li>\n<li>4 kalesjeholdere i plast<\/li>\n<li>4 stk. skiver <\/li>\n<li>4 stk. 10 mm runde muttere <\/li>\n<\/ul>\n\n\t\t<\/div>\n\t\t\t\t\t<\/div>\n\n\t\n\n\t<div id=\"col-1547910337\" class=\"col medium-3 small-6 large-3\"  >\n\t\t\t\t<div class=\"col-inner\"  >\n\t\t\t\n\t\t\t\n\n\t<div class=\"img has-hover x md-x lg-x y md-y lg-y\" id=\"image_1734833956\">\n\t\t\t\t\t\t\t\t<div class=\"img-inner dark\" >\n\t\t\t<img decoding=\"async\" width=\"356\" height=\"268\" src=\"https:\/\/amladcykler.com\/wp-content\/uploads\/2025\/02\/Classic-Cargo-Bike-Parts-to-use-4-Step-3.png\" class=\"attachment-large size-large\" alt=\"\" \/>\t\t\t\t\t\t\n\t\t\t\t\t<\/div>\n\t\t\t\t\t\t\t\t\n<style>\n#image_1734833956 {\n  width: 100%;\n}\n<\/style>\n\t<\/div>\n\t\n\n<ul>\n<li>2 stk. 10 mm bolter (lengde 70 mm) <\/li>\n<li>2 stk. skiver<\/li>\n<li>2 stk. 10 mm l\u00e5semuttere<\/li>\n<li>2 stk. sm\u00e5 bolter <\/li>\n<li>2 stk. skiver <\/li>\n<\/ul>\n\n\t\t<\/div>\n\t\t\t\t\t<\/div>\n\n\t\n\n<\/div>\n<div class=\"row\"  id=\"row-744612041\">\n\n\n\t<div id=\"col-115897134\" class=\"col medium-3 small-6 large-3\"  >\n\t\t\t\t<div class=\"col-inner\"  >\n\t\t\t\n\t\t\t\n\n\t<div class=\"img has-hover x md-x lg-x y md-y lg-y\" id=\"image_954803230\">\n\t\t\t\t\t\t\t\t<div class=\"img-inner dark\" >\n\t\t\t<img decoding=\"async\" width=\"356\" height=\"268\" src=\"https:\/\/amladcykler.com\/wp-content\/uploads\/2025\/02\/Classic-Cargo-Bike-Parts-to-use-5-Step-3.png\" class=\"attachment-medium size-medium\" alt=\"\" \/>\t\t\t\t\t\t\n\t\t\t\t\t<\/div>\n\t\t\t\t\t\t\t\t\n<style>\n#image_954803230 {\n  width: 100%;\n}\n<\/style>\n\t<\/div>\n\t\n\n<ul>\n<li>2 stk. hvite reflekser foran <\/li>\n<li>2 stk. r\u00f8de reflekser p\u00e5 baksiden <\/li>\n<li>3 stk. gule reflekser til hjulene <\/li>\n<\/ul>\n\n\t\t<\/div>\n\t\t\t\t\t<\/div>\n\n\t\n\n<\/div>\n<div class=\"row\"  id=\"row-718506790\">\n\n\n\t<div id=\"col-609348726\" class=\"col small-12 large-12\"  >\n\t\t\t\t<div class=\"col-inner\"  >\n\t\t\t\n\t\t\t\n\n<ol>\n<li>Hj\u00f8rnebrakettene til boksen monteres som vist p\u00e5 bilde 3A.<\/li>\n<li>Den korrekte plasseringen av de fire ulike hj\u00f8rnebeslagene er vist p\u00e5 bilde 3B.<\/li>\n<li>Sidepanelene monteres (se bilde 3C). De fire kalesjeholderne monteres med de lange boltene i hullene i midten (se bilde 3D). <\/li>\n<li>Front- og bakpanelene er montert (se bilde 3E).<\/li>\n<li>Bunnpanelet monteres ved hjelp av de lange boltene og mutrene p\u00e5 undersiden. De to sm\u00e5 boltene brukes i front- og bakenden av bunnpanelet (se bilde 3F) &#8230;og deretter strammes alle mutrene. <\/li>\n<li>Front-, bak- og siderefleksanordningene er montert (se bilde 3G og 3H)<\/li>\n<\/ol>\n\n\t\t<\/div>\n\t\t\t\t\t<\/div>\n\n\t\n\n<\/div>\n<div class=\"row\"  id=\"row-1559940248\">\n\n\n\t<div id=\"col-1183685021\" class=\"col medium-4 small-12 large-4\"  >\n\t\t\t\t<div class=\"col-inner\"  >\n\t\t\t\n\t\t\t\n\n<p style=\"text-align: center;\"><strong>Bilde 3A<\/strong><\/p>\n\t<div class=\"img has-hover x md-x lg-x y md-y lg-y\" id=\"image_1128900373\">\n\t\t\t\t\t\t\t\t<div class=\"img-inner dark\" >\n\t\t\t<img decoding=\"async\" width=\"448\" height=\"600\" src=\"https:\/\/amladcykler.com\/wp-content\/uploads\/2025\/02\/Classic-Cargo-Bike-Picture-3A-448x600.png\" class=\"attachment-medium size-medium\" alt=\"\" srcset=\"https:\/\/amladcykler.com\/wp-content\/uploads\/2025\/02\/Classic-Cargo-Bike-Picture-3A-448x600.png 448w, https:\/\/amladcykler.com\/wp-content\/uploads\/2025\/02\/Classic-Cargo-Bike-Picture-3A.png 479w\" sizes=\"(max-width: 448px) 100vw, 448px\" \/>\t\t\t\t\t\t\n\t\t\t\t\t<\/div>\n\t\t\t\t\t\t\t\t\n<style>\n#image_1128900373 {\n  width: 100%;\n}\n<\/style>\n\t<\/div>\n\t\n\n\n\t\t<\/div>\n\t\t\t\t\t<\/div>\n\n\t\n\n\t<div id=\"col-695696242\" class=\"col medium-4 small-12 large-4\"  >\n\t\t\t\t<div class=\"col-inner\"  >\n\t\t\t\n\t\t\t\n\n<p style=\"text-align: center;\"><strong>Bilde 3B<\/strong><\/p>\n\t<div class=\"img has-hover x md-x lg-x y md-y lg-y\" id=\"image_1964539284\">\n\t\t\t\t\t\t\t\t<div class=\"img-inner dark\" >\n\t\t\t<img decoding=\"async\" width=\"431\" height=\"566\" src=\"https:\/\/amladcykler.com\/wp-content\/uploads\/2025\/02\/Classic-Cargo-Bike-Picture-3B.png\" class=\"attachment-large size-large\" alt=\"\" \/>\t\t\t\t\t\t\n\t\t\t\t\t<\/div>\n\t\t\t\t\t\t\t\t\n<style>\n#image_1964539284 {\n  width: 100%;\n}\n<\/style>\n\t<\/div>\n\t\n\n\n\t\t<\/div>\n\t\t\t\t\t<\/div>\n\n\t\n\n\t<div id=\"col-1143811146\" class=\"col medium-4 small-12 large-4\"  >\n\t\t\t\t<div class=\"col-inner\"  >\n\t\t\t\n\t\t\t\n\n<p style=\"text-align: center;\"><strong>Bilde 3C<\/strong><\/p>\n\t<div class=\"img has-hover x md-x lg-x y md-y lg-y\" id=\"image_1794931927\">\n\t\t\t\t\t\t\t\t<div class=\"img-inner dark\" >\n\t\t\t<img decoding=\"async\" width=\"450\" height=\"600\" src=\"https:\/\/amladcykler.com\/wp-content\/uploads\/2025\/02\/Classic-Cargo-Bike-Picture-3C-450x600.png\" class=\"attachment-medium size-medium\" alt=\"\" srcset=\"https:\/\/amladcykler.com\/wp-content\/uploads\/2025\/02\/Classic-Cargo-Bike-Picture-3C-450x600.png 450w, https:\/\/amladcykler.com\/wp-content\/uploads\/2025\/02\/Classic-Cargo-Bike-Picture-3C.png 489w\" sizes=\"(max-width: 450px) 100vw, 450px\" \/>\t\t\t\t\t\t\n\t\t\t\t\t<\/div>\n\t\t\t\t\t\t\t\t\n<style>\n#image_1794931927 {\n  width: 100%;\n}\n<\/style>\n\t<\/div>\n\t\n\n\n\t\t<\/div>\n\t\t\t\t\t<\/div>\n\n\t\n\n<\/div>\n<div class=\"row align-equal\"  id=\"row-312414425\">\n\n\n\t<div id=\"col-1858951513\" class=\"col medium-4 small-12 large-4\"  >\n\t\t\t\t<div class=\"col-inner\"  >\n\t\t\t\n\t\t\t\n\n<p style=\"text-align: center;\"><strong>Bilde 3D<\/strong><\/p>\n\t<div class=\"img has-hover x md-x lg-x y md-y lg-y\" id=\"image_999952886\">\n\t\t\t\t\t\t\t\t<div class=\"img-inner dark\" >\n\t\t\t<img decoding=\"async\" width=\"450\" height=\"600\" src=\"https:\/\/amladcykler.com\/wp-content\/uploads\/2025\/02\/Classic-Cargo-Bike-Picture-3D-450x600.png\" class=\"attachment-medium size-medium\" alt=\"\" srcset=\"https:\/\/amladcykler.com\/wp-content\/uploads\/2025\/02\/Classic-Cargo-Bike-Picture-3D-450x600.png 450w, https:\/\/amladcykler.com\/wp-content\/uploads\/2025\/02\/Classic-Cargo-Bike-Picture-3D.png 489w\" sizes=\"(max-width: 450px) 100vw, 450px\" \/>\t\t\t\t\t\t\n\t\t\t\t\t<\/div>\n\t\t\t\t\t\t\t\t\n<style>\n#image_999952886 {\n  width: 100%;\n}\n<\/style>\n\t<\/div>\n\t\n\n\n\t\t<\/div>\n\t\t\t\t\t<\/div>\n\n\t\n\n\t<div id=\"col-366577249\" class=\"col medium-4 small-12 large-4\"  >\n\t\t\t\t<div class=\"col-inner\"  >\n\t\t\t\n\t\t\t\n\n<p style=\"text-align: center;\"><strong>Bilde 3E<\/strong><\/p>\n\t<div class=\"img has-hover x md-x lg-x y md-y lg-y\" id=\"image_773666100\">\n\t\t\t\t\t\t\t\t<div class=\"img-inner dark\" >\n\t\t\t<img decoding=\"async\" width=\"450\" height=\"600\" src=\"https:\/\/amladcykler.com\/wp-content\/uploads\/2025\/02\/Classic-Cargo-Bike-Picture-3E-450x600.png\" class=\"attachment-medium size-medium\" alt=\"\" srcset=\"https:\/\/amladcykler.com\/wp-content\/uploads\/2025\/02\/Classic-Cargo-Bike-Picture-3E-450x600.png 450w, https:\/\/amladcykler.com\/wp-content\/uploads\/2025\/02\/Classic-Cargo-Bike-Picture-3E.png 481w\" sizes=\"(max-width: 450px) 100vw, 450px\" \/>\t\t\t\t\t\t\n\t\t\t\t\t<\/div>\n\t\t\t\t\t\t\t\t\n<style>\n#image_773666100 {\n  width: 100%;\n}\n<\/style>\n\t<\/div>\n\t\n\n\n\t\t<\/div>\n\t\t\t\t\t<\/div>\n\n\t\n\n\t<div id=\"col-1163382886\" class=\"col medium-4 small-12 large-4\"  >\n\t\t\t\t<div class=\"col-inner\"  >\n\t\t\t\n\t\t\t\n\n<p style=\"text-align: center;\"><strong>Bilde 3F<\/strong><\/p>\n\t<div class=\"img has-hover x md-x lg-x y md-y lg-y\" id=\"image_1217814189\">\n\t\t\t\t\t\t\t\t<div class=\"img-inner dark\" >\n\t\t\t<img decoding=\"async\" width=\"451\" height=\"600\" src=\"https:\/\/amladcykler.com\/wp-content\/uploads\/2025\/02\/Classic-Cargo-Bike-Picture-3F-451x600.png\" class=\"attachment-medium size-medium\" alt=\"\" srcset=\"https:\/\/amladcykler.com\/wp-content\/uploads\/2025\/02\/Classic-Cargo-Bike-Picture-3F-451x600.png 451w, https:\/\/amladcykler.com\/wp-content\/uploads\/2025\/02\/Classic-Cargo-Bike-Picture-3F.png 485w\" sizes=\"(max-width: 451px) 100vw, 451px\" \/>\t\t\t\t\t\t\n\t\t\t\t\t<\/div>\n\t\t\t\t\t\t\t\t\n<style>\n#image_1217814189 {\n  width: 100%;\n}\n<\/style>\n\t<\/div>\n\t\n\n\n\t\t<\/div>\n\t\t\t\t\t<\/div>\n\n\t\n\n<\/div>\n<div class=\"row align-equal\"  id=\"row-491013902\">\n\n\n\t<div id=\"col-221944393\" class=\"col medium-4 small-12 large-4\"  >\n\t\t\t\t<div class=\"col-inner\"  >\n\t\t\t\n\t\t\t\n\n<p style=\"text-align: center;\"><strong>Bilde 3G<\/strong><\/p>\n\t<div class=\"img has-hover x md-x lg-x y md-y lg-y\" id=\"image_1142608819\">\n\t\t\t\t\t\t\t\t<div class=\"img-inner dark\" >\n\t\t\t<img decoding=\"async\" width=\"418\" height=\"329\" src=\"https:\/\/amladcykler.com\/wp-content\/uploads\/2025\/02\/Classic-Cargo-Bike-Picture-3G-1.png\" class=\"attachment-medium size-medium\" alt=\"\" \/>\t\t\t\t\t\t\n\t\t\t\t\t<\/div>\n\t\t\t\t\t\t\t\t\n<style>\n#image_1142608819 {\n  width: 100%;\n}\n<\/style>\n\t<\/div>\n\t\n\n\t<div class=\"img has-hover x md-x lg-x y md-y lg-y\" id=\"image_461203946\">\n\t\t\t\t\t\t\t\t<div class=\"img-inner dark\" >\n\t\t\t<img decoding=\"async\" width=\"418\" height=\"312\" src=\"https:\/\/amladcykler.com\/wp-content\/uploads\/2025\/02\/Classic-Cargo-Bike-Picture-3G-2.png\" class=\"attachment-large size-large\" alt=\"\" \/>\t\t\t\t\t\t\n\t\t\t\t\t<\/div>\n\t\t\t\t\t\t\t\t\n<style>\n#image_461203946 {\n  width: 100%;\n}\n<\/style>\n\t<\/div>\n\t\n\n\n\t\t<\/div>\n\t\t\t\t\t<\/div>\n\n\t\n\n\t<div id=\"col-2104779887\" class=\"col medium-4 small-12 large-4\"  >\n\t\t\t\t<div class=\"col-inner\"  >\n\t\t\t\n\t\t\t\n\n<p style=\"text-align: center;\"><strong>Bilde 3H<\/strong><\/p>\n\t<div class=\"img has-hover x md-x lg-x y md-y lg-y\" id=\"image_1060576508\">\n\t\t\t\t\t\t\t\t<div class=\"img-inner dark\" >\n\t\t\t<img decoding=\"async\" width=\"424\" height=\"568\" src=\"https:\/\/amladcykler.com\/wp-content\/uploads\/2025\/02\/Classic-Cargo-Bike-Picture-3H.png\" class=\"attachment-medium size-medium\" alt=\"\" \/>\t\t\t\t\t\t\n\t\t\t\t\t<\/div>\n\t\t\t\t\t\t\t\t\n<style>\n#image_1060576508 {\n  width: 100%;\n}\n<\/style>\n\t<\/div>\n\t\n\n\n\t\t<\/div>\n\t\t\t\t\t<\/div>\n\n\t\n\n<\/div>\n\n\t\t<\/div>\n\n\t\t\n<style>\n#section_1985545618 {\n  padding-top: 30px;\n  padding-bottom: 30px;\n}\n<\/style>\n\t<\/section>\n\t\n\n\t<section class=\"section\" id=\"section_338564686\">\n\t\t<div class=\"section-bg fill\" >\n\t\t\t\n\t\t\t\n\t\t\t\n\t\t\t\n\n\t\t<\/div>\n\n\t\t\n\n\t\t<div class=\"section-content relative\">\n\t\t\t\n\n<div class=\"row\"  id=\"row-978903929\">\n\n\n\t<div id=\"col-1333089981\" class=\"col small-12 large-12\"  >\n\t\t\t\t<div class=\"col-inner\"  >\n\t\t\t\n\t\t\t\n\n<div class=\"container section-title-container\" ><h2 class=\"section-title section-title-normal\"><b><\/b><span class=\"section-title-main\" >Trinn 4: Resten av utstyret<\/span><b><\/b><\/h2><\/div>\n\n\n\t\t<\/div>\n\t\t\t\t\t<\/div>\n\n\t\n\n<\/div>\n<div class=\"row\"  id=\"row-740596364\">\n\n\n\t<div id=\"col-1593131704\" class=\"col small-12 large-12\"  >\n\t\t\t\t<div class=\"col-inner\"  >\n\t\t\t\n\t\t\t\n\n<h3 style=\"text-align: left;\"><strong>Deler du trenger i trinn 4<\/strong><\/h3>\n\n\t\t<\/div>\n\t\t\t\t\t<\/div>\n\n\t\n\n<\/div>\n<div class=\"row\"  id=\"row-1675926610\">\n\n\n\t<div id=\"col-1903869641\" class=\"col medium-3 small-6 large-3\"  >\n\t\t\t\t<div class=\"col-inner\"  >\n\t\t\t\n\t\t\t\n\n\t<div class=\"img has-hover x md-x lg-x y md-y lg-y\" id=\"image_1422919055\">\n\t\t\t\t\t\t\t\t<div class=\"img-inner dark\" >\n\t\t\t<img decoding=\"async\" width=\"391\" height=\"295\" src=\"https:\/\/amladcykler.com\/wp-content\/uploads\/2025\/02\/Classic-Cargo-Bike-Parts-to-use-1-Step-4.png\" class=\"attachment-medium size-medium\" alt=\"\" \/>\t\t\t\t\t\t\n\t\t\t\t\t<\/div>\n\t\t\t\t\t\t\t\t\n<style>\n#image_1422919055 {\n  width: 100%;\n}\n<\/style>\n\t<\/div>\n\t\n\n\n\t\t<\/div>\n\t\t\t\t\t<\/div>\n\n\t\n\n\t<div id=\"col-755162016\" class=\"col medium-3 small-6 large-3\"  >\n\t\t\t\t<div class=\"col-inner\"  >\n\t\t\t\n\t\t\t\n\n\t<div class=\"img has-hover x md-x lg-x y md-y lg-y\" id=\"image_420902771\">\n\t\t\t\t\t\t\t\t<div class=\"img-inner dark\" >\n\t\t\t<img decoding=\"async\" width=\"293\" height=\"220\" src=\"https:\/\/amladcykler.com\/wp-content\/uploads\/2025\/02\/Classic-Cargo-Bike-Parts-to-use-2-Step-4-1.png\" class=\"attachment-large size-large\" alt=\"\" \/>\t\t\t\t\t\t\n\t\t\t\t\t<\/div>\n\t\t\t\t\t\t\t\t\n<style>\n#image_420902771 {\n  width: 100%;\n}\n<\/style>\n\t<\/div>\n\t\n\n\n\t\t<\/div>\n\t\t\t\t\t<\/div>\n\n\t\n\n\t<div id=\"col-1293932572\" class=\"col medium-3 small-6 large-3\"  >\n\t\t\t\t<div class=\"col-inner\"  >\n\t\t\t\n\t\t\t\n\n\t<div class=\"img has-hover x md-x lg-x y md-y lg-y\" id=\"image_85045970\">\n\t\t\t\t\t\t\t\t<div class=\"img-inner dark\" >\n\t\t\t<img decoding=\"async\" width=\"339\" height=\"256\" src=\"https:\/\/amladcykler.com\/wp-content\/uploads\/2025\/02\/Classic-Cargo-Bike-Parts-to-use-3-Step-4.png\" class=\"attachment-medium size-medium\" alt=\"\" \/>\t\t\t\t\t\t\n\t\t\t\t\t<\/div>\n\t\t\t\t\t\t\t\t\n<style>\n#image_85045970 {\n  width: 100%;\n}\n<\/style>\n\t<\/div>\n\t\n\n<ul>\n<li>2 stk. 10 mm bolter (lengde 35 mm) <\/li>\n<li>2 stk. skiver <\/li>\n<li>2 stk. 10 mm l\u00e5semuttere <\/li>\n<\/ul>\n\n\t\t<\/div>\n\t\t\t\t\t<\/div>\n\n\t\n\n\t<div id=\"col-37177778\" class=\"col medium-3 small-6 large-3\"  >\n\t\t\t\t<div class=\"col-inner\"  >\n\t\t\t\n\t\t\t\n\n\t<div class=\"img has-hover x md-x lg-x y md-y lg-y\" id=\"image_1992837700\">\n\t\t\t\t\t\t\t\t<div class=\"img-inner dark\" >\n\t\t\t<img decoding=\"async\" width=\"356\" height=\"262\" src=\"https:\/\/amladcykler.com\/wp-content\/uploads\/2025\/02\/Classic-Cargo-Bike-Parts-to-use-4-Step-4.png\" class=\"attachment-large size-large\" alt=\"\" \/>\t\t\t\t\t\t\n\t\t\t\t\t<\/div>\n\t\t\t\t\t\t\t\t\n<style>\n#image_1992837700 {\n  width: 100%;\n}\n<\/style>\n\t<\/div>\n\t\n\n<ul>\n<li>4 stk. 10 mm bolter (lengde 18 mm) <\/li>\n<li>4 stk. skiver <\/li>\n<li>4 stk. 10 mm l\u00e5semuttere <\/li>\n<\/ul>\n\n\t\t<\/div>\n\t\t\t\t\t<\/div>\n\n\t\n\n<\/div>\n<div class=\"row\"  id=\"row-2145786191\">\n\n\n\t<div id=\"col-982778866\" class=\"col medium-3 small-6 large-3\"  >\n\t\t\t\t<div class=\"col-inner\"  >\n\t\t\t\n\t\t\t\n\n\t<div class=\"img has-hover x md-x lg-x y md-y lg-y\" id=\"image_1319429372\">\n\t\t\t\t\t\t\t\t<div class=\"img-inner dark\" >\n\t\t\t<img decoding=\"async\" width=\"335\" height=\"254\" src=\"https:\/\/amladcykler.com\/wp-content\/uploads\/2025\/02\/Classic-Cargo-Bike-Parts-to-use-5-Step-4.png\" class=\"attachment-medium size-medium\" alt=\"\" \/>\t\t\t\t\t\t\n\t\t\t\t\t<\/div>\n\t\t\t\t\t\t\t\t\n<style>\n#image_1319429372 {\n  width: 100%;\n}\n<\/style>\n\t<\/div>\n\t\n\n\n\t\t<\/div>\n\t\t\t\t\t<\/div>\n\n\t\n\n\t<div id=\"col-1435478301\" class=\"col medium-3 small-6 large-3\"  >\n\t\t\t\t<div class=\"col-inner\"  >\n\t\t\t\n\t\t\t\n\n\t<div class=\"img has-hover x md-x lg-x y md-y lg-y\" id=\"image_1475239540\">\n\t\t\t\t\t\t\t\t<div class=\"img-inner dark\" >\n\t\t\t<img decoding=\"async\" width=\"341\" height=\"252\" src=\"https:\/\/amladcykler.com\/wp-content\/uploads\/2025\/02\/Classic-Cargo-Bike-Parts-to-use-5-Step-4-1.png\" class=\"attachment-medium size-medium\" alt=\"\" \/>\t\t\t\t\t\t\n\t\t\t\t\t<\/div>\n\t\t\t\t\t\t\t\t\n<style>\n#image_1475239540 {\n  width: 100%;\n}\n<\/style>\n\t<\/div>\n\t\n\n\n\t\t<\/div>\n\t\t\t\t\t<\/div>\n\n\t\n\n<\/div>\n<div class=\"row\"  id=\"row-1523548858\">\n\n\n\t<div id=\"col-1154203785\" class=\"col small-12 large-12\"  >\n\t\t\t\t<div class=\"col-inner\"  >\n\t\t\t\n\t\t\t\n\n<ol>\n<li>Frontlyktene er montert p\u00e5 sidene av kassen (se bilde 4A).<\/li>\n<li>Pedalene er montert (se bilde 4B) &#8211; legg merke til at de har markeringer for venstre og h\u00f8yre side.<\/li>\n<li>De to listverkene som holder barnesetene p\u00e5 plass, festes med de to lange boltene. (se bilde 4C). <\/li>\n<li>Barnesetet monteres med to skruer (se bilde 4D). Sikkerhetsbeltene er montert p\u00e5 utsiden av kassen (p\u00e5 bakpanelet) og under barnesetet (se bilde 4E). <\/li>\n<li>Plastbeslagene til styret og kalesjeholderne monteres med en liten hammer (se bilde 4F og 4G).<\/li>\n<li>Plastbeslagene til hjulmutrene monteres ved hjelp av en liten hammer (se bilde 4H)<\/li>\n<li>Setet er montert p\u00e5 sadelpinnen, og denne er montert p\u00e5 sykkelen (se bilde 4I).<\/li>\n<li>Styret er montert, og bremseh\u00e5ndtakene, girskifteren og ringeklokken er montert p\u00e5 styret (se bilde 4J, 4K, 4L og 4M).<\/li>\n<\/ol>\n\n\t\t<\/div>\n\t\t\t\t\t<\/div>\n\n\t\n\n<\/div>\n<div class=\"row\"  id=\"row-131585354\">\n\n\n\t<div id=\"col-493254745\" class=\"col medium-4 small-12 large-4\"  >\n\t\t\t\t<div class=\"col-inner\"  >\n\t\t\t\n\t\t\t\n\n<p style=\"text-align: center;\"><strong>Bilde 4A<\/strong><\/p>\n\t<div class=\"img has-hover x md-x lg-x y md-y lg-y\" id=\"image_508502884\">\n\t\t\t\t\t\t\t\t<div class=\"img-inner dark\" >\n\t\t\t<img decoding=\"async\" width=\"499\" height=\"379\" src=\"https:\/\/amladcykler.com\/wp-content\/uploads\/2025\/02\/Classic-Cargo-Bike-Picture-4A.png\" class=\"attachment-medium size-medium\" alt=\"\" \/>\t\t\t\t\t\t\n\t\t\t\t\t<\/div>\n\t\t\t\t\t\t\t\t\n<style>\n#image_508502884 {\n  width: 100%;\n}\n<\/style>\n\t<\/div>\n\t\n\n\n\t\t<\/div>\n\t\t\t\t\t<\/div>\n\n\t\n\n\t<div id=\"col-62353558\" class=\"col medium-4 small-12 large-4\"  >\n\t\t\t\t<div class=\"col-inner\"  >\n\t\t\t\n\t\t\t\n\n<p style=\"text-align: center;\"><strong>Bilde 4B<\/strong><\/p>\n\t<div class=\"img has-hover x md-x lg-x y md-y lg-y\" id=\"image_928808572\">\n\t\t\t\t\t\t\t\t<div class=\"img-inner dark\" >\n\t\t\t<img decoding=\"async\" width=\"400\" height=\"416\" src=\"https:\/\/amladcykler.com\/wp-content\/uploads\/2025\/02\/Classic-Cargo-Bike-Picture-4B.png\" class=\"attachment-large size-large\" alt=\"\" \/>\t\t\t\t\t\t\n\t\t\t\t\t<\/div>\n\t\t\t\t\t\t\t\t\n<style>\n#image_928808572 {\n  width: 100%;\n}\n<\/style>\n\t<\/div>\n\t\n\n\n\t\t<\/div>\n\t\t\t\t\t<\/div>\n\n\t\n\n\t<div id=\"col-1439293282\" class=\"col medium-4 small-12 large-4\"  >\n\t\t\t\t<div class=\"col-inner\"  >\n\t\t\t\n\t\t\t\n\n<p style=\"text-align: center;\"><strong>Bilde 4C<\/strong><\/p>\n\t<div class=\"img has-hover x md-x lg-x y md-y lg-y\" id=\"image_2106154214\">\n\t\t\t\t\t\t\t\t<div class=\"img-inner dark\" >\n\t\t\t<img decoding=\"async\" width=\"350\" height=\"466\" src=\"https:\/\/amladcykler.com\/wp-content\/uploads\/2025\/02\/Classic-Cargo-Bike-Picture-4C.png\" class=\"attachment-medium size-medium\" alt=\"\" \/>\t\t\t\t\t\t\n\t\t\t\t\t<\/div>\n\t\t\t\t\t\t\t\t\n<style>\n#image_2106154214 {\n  width: 100%;\n}\n<\/style>\n\t<\/div>\n\t\n\n\n\t\t<\/div>\n\t\t\t\t\t<\/div>\n\n\t\n\n<\/div>\n<div class=\"row align-equal\"  id=\"row-2077730304\">\n\n\n\t<div id=\"col-1521953146\" class=\"col medium-4 small-12 large-4\"  >\n\t\t\t\t<div class=\"col-inner\"  >\n\t\t\t\n\t\t\t\n\n<p style=\"text-align: center;\"><strong>Bilde 4D<\/strong><\/p>\n\t<div class=\"img has-hover x md-x lg-x y md-y lg-y\" id=\"image_1674929296\">\n\t\t\t\t\t\t\t\t<div class=\"img-inner dark\" >\n\t\t\t<img decoding=\"async\" width=\"352\" height=\"468\" src=\"https:\/\/amladcykler.com\/wp-content\/uploads\/2025\/02\/Classic-Cargo-Bike-Picture-4D.png\" class=\"attachment-medium size-medium\" alt=\"\" \/>\t\t\t\t\t\t\n\t\t\t\t\t<\/div>\n\t\t\t\t\t\t\t\t\n<style>\n#image_1674929296 {\n  width: 100%;\n}\n<\/style>\n\t<\/div>\n\t\n\n\n\t\t<\/div>\n\t\t\t\t\t<\/div>\n\n\t\n\n\t<div id=\"col-600340992\" class=\"col medium-4 small-12 large-4\"  >\n\t\t\t\t<div class=\"col-inner\"  >\n\t\t\t\n\t\t\t\n\n<p style=\"text-align: center;\"><strong>Bilde 4E<\/strong><\/p>\n\t<div class=\"img has-hover x md-x lg-x y md-y lg-y\" id=\"image_820181453\">\n\t\t\t\t\t\t\t\t<div class=\"img-inner dark\" >\n\t\t\t<img decoding=\"async\" width=\"352\" height=\"468\" src=\"https:\/\/amladcykler.com\/wp-content\/uploads\/2025\/02\/Classic-Cargo-Bike-Picture-4E.png\" class=\"attachment-medium size-medium\" alt=\"\" \/>\t\t\t\t\t\t\n\t\t\t\t\t<\/div>\n\t\t\t\t\t\t\t\t\n<style>\n#image_820181453 {\n  width: 100%;\n}\n<\/style>\n\t<\/div>\n\t\n\n\n\t\t<\/div>\n\t\t\t\t\t<\/div>\n\n\t\n\n\t<div id=\"col-623000855\" class=\"col medium-4 small-12 large-4\"  >\n\t\t\t\t<div class=\"col-inner\"  >\n\t\t\t\n\t\t\t\n\n<p style=\"text-align: center;\"><strong>Bilde 4F<\/strong><\/p>\n\t<div class=\"img has-hover x md-x lg-x y md-y lg-y\" id=\"image_1245931528\">\n\t\t\t\t\t\t\t\t<div class=\"img-inner dark\" >\n\t\t\t<img decoding=\"async\" width=\"333\" height=\"443\" src=\"https:\/\/amladcykler.com\/wp-content\/uploads\/2025\/02\/Classic-Cargo-Bike-Picture-4F.png\" class=\"attachment-medium size-medium\" alt=\"\" \/>\t\t\t\t\t\t\n\t\t\t\t\t<\/div>\n\t\t\t\t\t\t\t\t\n<style>\n#image_1245931528 {\n  width: 100%;\n}\n<\/style>\n\t<\/div>\n\t\n\n\n\t\t<\/div>\n\t\t\t\t\t<\/div>\n\n\t\n\n<\/div>\n<div class=\"row align-equal\"  id=\"row-1952362283\">\n\n\n\t<div id=\"col-1419843346\" class=\"col medium-4 small-12 large-4\"  >\n\t\t\t\t<div class=\"col-inner\"  >\n\t\t\t\n\t\t\t\n\n<p style=\"text-align: center;\"><strong>Bilde 4G<\/strong><\/p>\n\t<div class=\"img has-hover x md-x lg-x y md-y lg-y\" id=\"image_1246475048\">\n\t\t\t\t\t\t\t\t<div class=\"img-inner dark\" >\n\t\t\t<img decoding=\"async\" width=\"331\" height=\"441\" src=\"https:\/\/amladcykler.com\/wp-content\/uploads\/2025\/02\/Classic-Cargo-Bike-Picture-4G.png\" class=\"attachment-medium size-medium\" alt=\"\" \/>\t\t\t\t\t\t\n\t\t\t\t\t<\/div>\n\t\t\t\t\t\t\t\t\n<style>\n#image_1246475048 {\n  width: 100%;\n}\n<\/style>\n\t<\/div>\n\t\n\n\n\t\t<\/div>\n\t\t\t\t\t<\/div>\n\n\t\n\n\t<div id=\"col-471677170\" class=\"col medium-4 small-12 large-4\"  >\n\t\t\t\t<div class=\"col-inner\"  >\n\t\t\t\n\t\t\t\n\n<p style=\"text-align: center;\"><strong>Bilde 4H<\/strong><\/p>\n\t<div class=\"img has-hover x md-x lg-x y md-y lg-y\" id=\"image_192175015\">\n\t\t\t\t\t\t\t\t<div class=\"img-inner dark\" >\n\t\t\t<img decoding=\"async\" width=\"333\" height=\"441\" src=\"https:\/\/amladcykler.com\/wp-content\/uploads\/2025\/02\/Classic-Cargo-Bike-Picture-4H.png\" class=\"attachment-medium size-medium\" alt=\"\" \/>\t\t\t\t\t\t\n\t\t\t\t\t<\/div>\n\t\t\t\t\t\t\t\t\n<style>\n#image_192175015 {\n  width: 100%;\n}\n<\/style>\n\t<\/div>\n\t\n\n\n\t\t<\/div>\n\t\t\t\t\t<\/div>\n\n\t\n\n\t<div id=\"col-1111059495\" class=\"col medium-4 small-12 large-4\"  >\n\t\t\t\t<div class=\"col-inner\"  >\n\t\t\t\n\t\t\t\n\n<p style=\"text-align: center;\"><strong>Bilde 4I<\/strong><\/p>\n\t<div class=\"img has-hover x md-x lg-x y md-y lg-y\" id=\"image_247406152\">\n\t\t\t\t\t\t\t\t<div class=\"img-inner dark\" >\n\t\t\t<img decoding=\"async\" width=\"356\" height=\"472\" src=\"https:\/\/amladcykler.com\/wp-content\/uploads\/2025\/02\/Classic-Cargo-Bike-Picture-4I.png\" class=\"attachment-medium size-medium\" alt=\"\" \/>\t\t\t\t\t\t\n\t\t\t\t\t<\/div>\n\t\t\t\t\t\t\t\t\n<style>\n#image_247406152 {\n  width: 100%;\n}\n<\/style>\n\t<\/div>\n\t\n\n\n\t\t<\/div>\n\t\t\t\t\t<\/div>\n\n\t\n\n<\/div>\n<div class=\"row align-equal\"  id=\"row-1100351385\">\n\n\n\t<div id=\"col-1558819583\" class=\"col medium-4 small-12 large-4\"  >\n\t\t\t\t<div class=\"col-inner\"  >\n\t\t\t\n\t\t\t\n\n<p style=\"text-align: center;\"><strong>Bilde 4J<\/strong><\/p>\n\t<div class=\"img has-hover x md-x lg-x y md-y lg-y\" id=\"image_923629403\">\n\t\t\t\t\t\t\t\t<div class=\"img-inner dark\" >\n\t\t\t<img decoding=\"async\" width=\"387\" height=\"516\" src=\"https:\/\/amladcykler.com\/wp-content\/uploads\/2025\/02\/Classic-Cargo-Bike-Picture-4J.png\" class=\"attachment-medium size-medium\" alt=\"\" \/>\t\t\t\t\t\t\n\t\t\t\t\t<\/div>\n\t\t\t\t\t\t\t\t\n<style>\n#image_923629403 {\n  width: 100%;\n}\n<\/style>\n\t<\/div>\n\t\n\n\n\t\t<\/div>\n\t\t\t\t\t<\/div>\n\n\t\n\n\t<div id=\"col-1010757521\" class=\"col medium-4 small-12 large-4\"  >\n\t\t\t\t<div class=\"col-inner\"  >\n\t\t\t\n\t\t\t\n\n<p style=\"text-align: center;\"><strong>Bilde 4K<\/strong><\/p>\n\t<div class=\"img has-hover x md-x lg-x y md-y lg-y\" id=\"image_609930936\">\n\t\t\t\t\t\t\t\t<div class=\"img-inner dark\" >\n\t\t\t<img decoding=\"async\" width=\"433\" height=\"410\" src=\"https:\/\/amladcykler.com\/wp-content\/uploads\/2025\/02\/Classic-Cargo-Bike-Picture-4K.png\" class=\"attachment-medium size-medium\" alt=\"\" \/>\t\t\t\t\t\t\n\t\t\t\t\t<\/div>\n\t\t\t\t\t\t\t\t\n<style>\n#image_609930936 {\n  width: 100%;\n}\n<\/style>\n\t<\/div>\n\t\n\n\n\t\t<\/div>\n\t\t\t\t\t<\/div>\n\n\t\n\n\t<div id=\"col-688594413\" class=\"col medium-4 small-12 large-4\"  >\n\t\t\t\t<div class=\"col-inner\"  >\n\t\t\t\n\t\t\t\n\n<p style=\"text-align: center;\"><strong>Bilde 4L<\/strong><\/p>\n\t<div class=\"img has-hover x md-x lg-x y md-y lg-y\" id=\"image_944565535\">\n\t\t\t\t\t\t\t\t<div class=\"img-inner dark\" >\n\t\t\t<img decoding=\"async\" width=\"522\" height=\"391\" src=\"https:\/\/amladcykler.com\/wp-content\/uploads\/2025\/02\/Classic-Cargo-Bike-Picture-4L.png\" class=\"attachment-medium size-medium\" alt=\"\" \/>\t\t\t\t\t\t\n\t\t\t\t\t<\/div>\n\t\t\t\t\t\t\t\t\n<style>\n#image_944565535 {\n  width: 100%;\n}\n<\/style>\n\t<\/div>\n\t\n\n\n\t\t<\/div>\n\t\t\t\t\t<\/div>\n\n\t\n\n<\/div>\n<div class=\"row align-equal\"  id=\"row-78073672\">\n\n\n\t<div id=\"col-210166375\" class=\"col medium-4 small-12 large-4\"  >\n\t\t\t\t<div class=\"col-inner\"  >\n\t\t\t\n\t\t\t\n\n<p style=\"text-align: center;\"><strong>Bilde 4M<\/strong><\/p>\n\t<div class=\"img has-hover x md-x lg-x y md-y lg-y\" id=\"image_922626054\">\n\t\t\t\t\t\t\t\t<div class=\"img-inner dark\" >\n\t\t\t<img decoding=\"async\" width=\"522\" height=\"391\" src=\"https:\/\/amladcykler.com\/wp-content\/uploads\/2025\/02\/Classic-Cargo-Bike-Picture-4M.png\" class=\"attachment-medium size-medium\" alt=\"\" \/>\t\t\t\t\t\t\n\t\t\t\t\t<\/div>\n\t\t\t\t\t\t\t\t\n<style>\n#image_922626054 {\n  width: 100%;\n}\n<\/style>\n\t<\/div>\n\t\n\n\n\t\t<\/div>\n\t\t\t\t\t<\/div>\n\n\t\n\n<\/div>\n\n\t\t<\/div>\n\n\t\t\n<style>\n#section_338564686 {\n  padding-top: 30px;\n  padding-bottom: 30px;\n}\n<\/style>\n\t<\/section>\n\t\n\n\t<section class=\"section\" id=\"section_1289062961\">\n\t\t<div class=\"section-bg fill\" >\n\t\t\t\n\t\t\t\n\t\t\t\n\t\t\t\n\n\t\t<\/div>\n\n\t\t\n\n\t\t<div class=\"section-content relative\">\n\t\t\t\n\n<div class=\"row\"  id=\"row-879913953\">\n\n\n\t<div id=\"col-1083384157\" class=\"col small-12 large-12\"  >\n\t\t\t\t<div class=\"col-inner\"  >\n\t\t\t\n\t\t\t\n\n<div class=\"container section-title-container\" ><h2 class=\"section-title section-title-normal\"><b><\/b><span class=\"section-title-main\" >Trinn 5: Bremsekabler og justering av bremser og gir<\/span><b><\/b><\/h2><\/div>\n\n\n\t\t<\/div>\n\t\t\t\t\t<\/div>\n\n\t\n\n<\/div>\n<div class=\"row\"  id=\"row-4416751\">\n\n\n\t<div id=\"col-448981232\" class=\"col small-12 large-12\"  >\n\t\t\t\t<div class=\"col-inner\"  >\n\t\t\t\n\t\t\t\n\n<ol>\n<li>Bakbremsen er montert (se bilde 5A og 5B):<\/li>\n<li>Inbusbolten p\u00e5 bremsearmen er l\u00f8snet<\/li>\n<li>S\u00f8rg for at bremseklossene er i riktig posisjon i forhold til felgen p\u00e5 begge sider<\/li>\n<li>Skruene p\u00e5 hver side av bremsearmene justeres slik at de to armene er like stramme n\u00e5r de trykkes mot felgen<\/li>\n<li>Gi felgen et par mm plass p\u00e5 hver side f\u00f8r unbrakoskruen strammes til.<\/li>\n<li>De fremre kablene er montert i bremseh\u00e5ndtaket (se bilde 5C). De trekkes gjennom hullet i styret (se bilde 5D) og gjennom kabelholderne (se bilde 5E). Kablene er montert p\u00e5 bremsekalibrene slik at bremseskivene kan bevege seg fritt. Det er imidlertid OK hvis det kommer en liten &laquo;susende&raquo; lyd fra bremsen n\u00e5r hjulet dreies &#8211; dette vil forsvinne etter noen dagers bruk.   <\/li>\n<li>Sluttjusteringen gj\u00f8res dels ved bremsekalibrene (se bilde 2F) og dels via de to sm\u00e5, blanke skruene p\u00e5 bremseh\u00e5ndtaket (se bilde 5C) &#8211; helt til sykkelen bremser jevnt og effektivt.<\/li>\n<li>Til slutt monteres kabelholderen p\u00e5 bakplaten (se bilde 5G).<\/li>\n<li>Giret er testet. Hvis giret &laquo;klikker&raquo; eller det f\u00f8les vanskelig \u00e5 skifte gir p\u00e5 noen av de seks niv\u00e5ene, kan du justere det ved hjelp av h\u00e5ndskruen i plast som er plassert der girkabelen m\u00f8ter giret (se bilde 5H). <\/li>\n<\/ol>\n\n\t\t<\/div>\n\t\t\t\t\t<\/div>\n\n\t\n\n<\/div>\n<div class=\"row\"  id=\"row-656970927\">\n\n\n\t<div id=\"col-818627991\" class=\"col medium-4 small-12 large-4\"  >\n\t\t\t\t<div class=\"col-inner\"  >\n\t\t\t\n\t\t\t\n\n<p style=\"text-align: center;\"><strong>Bilde 5A<\/strong><\/p>\n\t<div class=\"img has-hover x md-x lg-x y md-y lg-y\" id=\"image_2067522206\">\n\t\t\t\t\t\t\t\t<div class=\"img-inner dark\" >\n\t\t\t<img decoding=\"async\" width=\"493\" height=\"368\" src=\"https:\/\/amladcykler.com\/wp-content\/uploads\/2025\/02\/Classic-Cargo-Bike-Picture-5A.png\" class=\"attachment-medium size-medium\" alt=\"\" \/>\t\t\t\t\t\t\n\t\t\t\t\t<\/div>\n\t\t\t\t\t\t\t\t\n<style>\n#image_2067522206 {\n  width: 100%;\n}\n<\/style>\n\t<\/div>\n\t\n\n\n\t\t<\/div>\n\t\t\t\t\t<\/div>\n\n\t\n\n\t<div id=\"col-1469358026\" class=\"col medium-4 small-12 large-4\"  >\n\t\t\t\t<div class=\"col-inner\"  >\n\t\t\t\n\t\t\t\n\n<p style=\"text-align: center;\"><strong>Bilde 5B<\/strong><\/p>\n\t<div class=\"img has-hover x md-x lg-x y md-y lg-y\" id=\"image_862416805\">\n\t\t\t\t\t\t\t\t<div class=\"img-inner dark\" >\n\t\t\t<img decoding=\"async\" width=\"491\" height=\"368\" src=\"https:\/\/amladcykler.com\/wp-content\/uploads\/2025\/02\/Classic-Cargo-Bike-Picture-5B.png\" class=\"attachment-large size-large\" alt=\"\" \/>\t\t\t\t\t\t\n\t\t\t\t\t<\/div>\n\t\t\t\t\t\t\t\t\n<style>\n#image_862416805 {\n  width: 100%;\n}\n<\/style>\n\t<\/div>\n\t\n\n\n\t\t<\/div>\n\t\t\t\t\t<\/div>\n\n\t\n\n\t<div id=\"col-1377599319\" class=\"col medium-4 small-12 large-4\"  >\n\t\t\t\t<div class=\"col-inner\"  >\n\t\t\t\n\t\t\t\n\n<p style=\"text-align: center;\"><strong>Bilde 5C<\/strong><\/p>\n\t<div class=\"img has-hover x md-x lg-x y md-y lg-y\" id=\"image_1831739951\">\n\t\t\t\t\t\t\t\t<div class=\"img-inner dark\" >\n\t\t\t<img decoding=\"async\" width=\"433\" height=\"327\" src=\"https:\/\/amladcykler.com\/wp-content\/uploads\/2025\/02\/Classic-Cargo-Bike-Picture-5C.png\" class=\"attachment-medium size-medium\" alt=\"\" \/>\t\t\t\t\t\t\n\t\t\t\t\t<\/div>\n\t\t\t\t\t\t\t\t\n<style>\n#image_1831739951 {\n  width: 100%;\n}\n<\/style>\n\t<\/div>\n\t\n\n\n\t\t<\/div>\n\t\t\t\t\t<\/div>\n\n\t\n\n<\/div>\n<div class=\"row align-equal\"  id=\"row-385121172\">\n\n\n\t<div id=\"col-1052667308\" class=\"col medium-4 small-12 large-4\"  >\n\t\t\t\t<div class=\"col-inner\"  >\n\t\t\t\n\t\t\t\n\n<p style=\"text-align: center;\"><strong>Bilde 5D<\/strong><\/p>\n\t<div class=\"img has-hover x md-x lg-x y md-y lg-y\" id=\"image_864326715\">\n\t\t\t\t\t\t\t\t<div class=\"img-inner dark\" >\n\t\t\t<img decoding=\"async\" width=\"433\" height=\"325\" src=\"https:\/\/amladcykler.com\/wp-content\/uploads\/2025\/02\/Classic-Cargo-Bike-Picture-5D.png\" class=\"attachment-medium size-medium\" alt=\"\" \/>\t\t\t\t\t\t\n\t\t\t\t\t<\/div>\n\t\t\t\t\t\t\t\t\n<style>\n#image_864326715 {\n  width: 100%;\n}\n<\/style>\n\t<\/div>\n\t\n\n\n\t\t<\/div>\n\t\t\t\t\t<\/div>\n\n\t\n\n\t<div id=\"col-1232109823\" class=\"col medium-4 small-12 large-4\"  >\n\t\t\t\t<div class=\"col-inner\"  >\n\t\t\t\n\t\t\t\n\n<p style=\"text-align: center;\"><strong>Bilde 5E<\/strong><\/p>\n\t<div class=\"img has-hover x md-x lg-x y md-y lg-y\" id=\"image_2025976321\">\n\t\t\t\t\t\t\t\t<div class=\"img-inner dark\" >\n\t\t\t<img decoding=\"async\" width=\"360\" height=\"477\" src=\"https:\/\/amladcykler.com\/wp-content\/uploads\/2025\/02\/Classic-Cargo-Bike-Picture-5E.png\" class=\"attachment-medium size-medium\" alt=\"\" \/>\t\t\t\t\t\t\n\t\t\t\t\t<\/div>\n\t\t\t\t\t\t\t\t\n<style>\n#image_2025976321 {\n  width: 100%;\n}\n<\/style>\n\t<\/div>\n\t\n\n\n\t\t<\/div>\n\t\t\t\t\t<\/div>\n\n\t\n\n\t<div id=\"col-722431443\" class=\"col medium-4 small-12 large-4\"  >\n\t\t\t\t<div class=\"col-inner\"  >\n\t\t\t\n\t\t\t\n\n<p style=\"text-align: center;\"><strong>Bilde 5F<\/strong><\/p>\n\t<div class=\"img has-hover x md-x lg-x y md-y lg-y\" id=\"image_1525412578\">\n\t\t\t\t\t\t\t\t<div class=\"img-inner dark\" >\n\t\t\t<img decoding=\"async\" width=\"422\" height=\"316\" src=\"https:\/\/amladcykler.com\/wp-content\/uploads\/2025\/02\/Classic-Cargo-Bike-Picture-5F.png\" class=\"attachment-medium size-medium\" alt=\"\" \/>\t\t\t\t\t\t\n\t\t\t\t\t<\/div>\n\t\t\t\t\t\t\t\t\n<style>\n#image_1525412578 {\n  width: 100%;\n}\n<\/style>\n\t<\/div>\n\t\n\n\n\t\t<\/div>\n\t\t\t\t\t<\/div>\n\n\t\n\n<\/div>\n<div class=\"row align-equal\"  id=\"row-1525930694\">\n\n\n\t<div id=\"col-944300281\" class=\"col medium-4 small-12 large-4\"  >\n\t\t\t\t<div class=\"col-inner\"  >\n\t\t\t\n\t\t\t\n\n<p style=\"text-align: center;\"><strong>Bilde 5G<\/strong><\/p>\n\t<div class=\"img has-hover x md-x lg-x y md-y lg-y\" id=\"image_274711841\">\n\t\t\t\t\t\t\t\t<div class=\"img-inner dark\" >\n\t\t\t<img decoding=\"async\" width=\"420\" height=\"316\" src=\"https:\/\/amladcykler.com\/wp-content\/uploads\/2025\/02\/Classic-Cargo-Bike-Picture-5G.png\" class=\"attachment-medium size-medium\" alt=\"\" \/>\t\t\t\t\t\t\n\t\t\t\t\t<\/div>\n\t\t\t\t\t\t\t\t\n<style>\n#image_274711841 {\n  width: 100%;\n}\n<\/style>\n\t<\/div>\n\t\n\n\n\t\t<\/div>\n\t\t\t\t\t<\/div>\n\n\t\n\n\t<div id=\"col-453122753\" class=\"col medium-4 small-12 large-4\"  >\n\t\t\t\t<div class=\"col-inner\"  >\n\t\t\t\n\t\t\t\n\n<p style=\"text-align: center;\"><strong>Bilde 5H<\/strong><\/p>\n\t<div class=\"img has-hover x md-x lg-x y md-y lg-y\" id=\"image_1220987797\">\n\t\t\t\t\t\t\t\t<div class=\"img-inner dark\" >\n\t\t\t<img decoding=\"async\" width=\"600\" height=\"332\" src=\"https:\/\/amladcykler.com\/wp-content\/uploads\/2025\/02\/Classic-Cargo-Bike-Picture-5H-600x332.png\" class=\"attachment-medium size-medium\" alt=\"\" srcset=\"https:\/\/amladcykler.com\/wp-content\/uploads\/2025\/02\/Classic-Cargo-Bike-Picture-5H-600x332.png 600w, https:\/\/amladcykler.com\/wp-content\/uploads\/2025\/02\/Classic-Cargo-Bike-Picture-5H-768x425.png 768w, https:\/\/amladcykler.com\/wp-content\/uploads\/2025\/02\/Classic-Cargo-Bike-Picture-5H.png 1142w\" sizes=\"(max-width: 600px) 100vw, 600px\" \/>\t\t\t\t\t\t\n\t\t\t\t\t<\/div>\n\t\t\t\t\t\t\t\t\n<style>\n#image_1220987797 {\n  width: 100%;\n}\n<\/style>\n\t<\/div>\n\t\n\n\n\t\t<\/div>\n\t\t\t\t\t<\/div>\n\n\t\n\n<\/div>\n\n\t\t<\/div>\n\n\t\t\n<style>\n#section_1289062961 {\n  padding-top: 30px;\n  padding-bottom: 30px;\n}\n<\/style>\n\t<\/section>\n\t\n\n\t<section class=\"section\" id=\"section_183071992\">\n\t\t<div class=\"section-bg fill\" >\n\t\t\t\n\t\t\t\n\t\t\t\n\t\t\t\n\n\t\t<\/div>\n\n\t\t\n\n\t\t<div class=\"section-content relative\">\n\t\t\t\n\n<div class=\"row\"  id=\"row-2133675621\">\n\n\n\t<div id=\"col-1831814190\" class=\"col small-12 large-12\"  >\n\t\t\t\t<div class=\"col-inner\"  >\n\t\t\t\n\t\t\t\n\n<div class=\"container section-title-container\" ><h2 class=\"section-title section-title-normal\"><b><\/b><span class=\"section-title-main\" >Viktig informasjon<\/span><b><\/b><\/h2><\/div>\n\n\n\t\t<\/div>\n\t\t\t\t\t<\/div>\n\n\t\n\n<\/div>\n<div class=\"row\"  id=\"row-338716078\">\n\n\n\t<div id=\"col-134005630\" class=\"col small-12 large-12\"  >\n\t\t\t\t<div class=\"col-inner\"  >\n\t\t\t\n\t\t\t\n\n<ul>\n<li><i>Rammenummeret er stemplet inn i rammen p\u00e5 venstre side av sykkelen &#8211; rett foran venstre pedal.<\/i><\/li>\n<li><i>Husk \u00e5 justere og etterstramme alle bevegelige deler p\u00e5 sykkelen etter noen ukers bruk. Hvis det er behov for etterstramming av eikene, b\u00f8r du bruke en eikestrammer. <\/i><\/li>\n<\/ul>\n\n\t\t<\/div>\n\t\t\t\t\t<\/div>\n\n\t\n\n<\/div>\n<div class=\"row\"  id=\"row-821962847\">\n\n\n\t<div id=\"col-103820459\" class=\"col small-12 large-12\"  >\n\t\t\t\t<div class=\"col-inner\"  >\n\t\t\t\n\t\t\t\n\n<div class=\"container section-title-container\" ><h2 class=\"section-title section-title-normal\"><b><\/b><span class=\"section-title-main\" ><i class=\"icon-star\" ><\/i>Kos deg med den nye lastesykkelen din!<\/span><b><\/b><\/h2><\/div>\n\n\n\t\t<\/div>\n\t\t\t\t\t<\/div>\n\n\t\n\n<\/div>\n\n\t\t<\/div>\n\n\t\t\n<style>\n#section_183071992 {\n  padding-top: 30px;\n  padding-bottom: 30px;\n}\n<\/style>\n\t<\/section>\n\t\n\n","protected":false},"excerpt":{"rendered":"","protected":false},"author":9,"featured_media":0,"parent":0,"menu_order":0,"comment_status":"closed","ping_status":"closed","template":"","meta":{"footnotes":""},"class_list":["post-10319","page","type-page","status-publish","hentry"],"yoast_head":"<!-- This site is optimized with the Yoast SEO plugin v28.4 - https:\/\/yoast.com\/product\/yoast-seo-wordpress\/ -->\n<title>Monteringsinstruksjon - Klassiske lastesykkel - Amladcykler.com<\/title>\n<meta name=\"robots\" content=\"index, follow, max-snippet:-1, max-image-preview:large, max-video-preview:-1\" \/>\n<link rel=\"canonical\" href=\"https:\/\/amladcykler.com\/no\/monteringsinstruksjon-classic-cargo-bike-2\/\" \/>\n<meta property=\"og:locale\" content=\"nb_NO\" \/>\n<meta property=\"og:type\" content=\"article\" \/>\n<meta property=\"og:title\" content=\"Monteringsinstruksjon - Klassiske lastesykkel - Amladcykler.com\" \/>\n<meta property=\"og:url\" content=\"https:\/\/amladcykler.com\/no\/monteringsinstruksjon-classic-cargo-bike-2\/\" \/>\n<meta property=\"og:site_name\" content=\"Amladcykler.com\" \/>\n<meta property=\"article:publisher\" content=\"https:\/\/www.facebook.com\/ladcykel\" \/>\n<meta property=\"article:modified_time\" content=\"2025-03-21T12:31:58+00:00\" \/>\n<meta property=\"og:image\" content=\"https:\/\/amladcykler.com\/wp-content\/uploads\/2020\/08\/Deluxe-UK.jpg\" \/>\n\t<meta property=\"og:image:width\" content=\"1500\" \/>\n\t<meta property=\"og:image:height\" content=\"1125\" \/>\n\t<meta property=\"og:image:type\" content=\"image\/jpeg\" \/>\n<meta name=\"twitter:card\" content=\"summary_large_image\" \/>\n<meta name=\"twitter:site\" content=\"@amladcykler\" \/>\n<meta name=\"twitter:label1\" content=\"Ansl. lesetid\" \/>\n\t<meta name=\"twitter:data1\" content=\"10 minutter\" \/>\n<script type=\"application\/ld+json\" class=\"yoast-schema-graph\">{\"@context\":\"https:\\\/\\\/schema.org\",\"@graph\":[{\"@type\":\"WebPage\",\"@id\":\"https:\\\/\\\/amladcykler.com\\\/no\\\/monteringsinstruksjon-classic-cargo-bike-2\\\/\",\"url\":\"https:\\\/\\\/amladcykler.com\\\/no\\\/monteringsinstruksjon-classic-cargo-bike-2\\\/\",\"name\":\"Monteringsinstruksjon - Klassiske lastesykkel - Amladcykler.com\",\"isPartOf\":{\"@id\":\"https:\\\/\\\/amladcykler.com\\\/no\\\/#website\"},\"datePublished\":\"2025-02-25T12:49:36+00:00\",\"dateModified\":\"2025-03-21T12:31:58+00:00\",\"breadcrumb\":{\"@id\":\"https:\\\/\\\/amladcykler.com\\\/no\\\/monteringsinstruksjon-classic-cargo-bike-2\\\/#breadcrumb\"},\"inLanguage\":\"nb-NO\",\"potentialAction\":[{\"@type\":\"ReadAction\",\"target\":[\"https:\\\/\\\/amladcykler.com\\\/no\\\/monteringsinstruksjon-classic-cargo-bike-2\\\/\"]}]},{\"@type\":\"BreadcrumbList\",\"@id\":\"https:\\\/\\\/amladcykler.com\\\/no\\\/monteringsinstruksjon-classic-cargo-bike-2\\\/#breadcrumb\",\"itemListElement\":[{\"@type\":\"ListItem\",\"position\":1,\"name\":\"Home\",\"item\":\"https:\\\/\\\/amladcykler.com\\\/no\\\/\"},{\"@type\":\"ListItem\",\"position\":2,\"name\":\"Monteringsinstruksjon &#8211; Klassiske lastesykkel\"}]},{\"@type\":\"WebSite\",\"@id\":\"https:\\\/\\\/amladcykler.com\\\/no\\\/#website\",\"url\":\"https:\\\/\\\/amladcykler.com\\\/no\\\/\",\"name\":\"Amladcykler.com\",\"description\":\"Cargo bike enthusiasts, since 1992\",\"publisher\":{\"@id\":\"https:\\\/\\\/amladcykler.com\\\/no\\\/#organization\"},\"potentialAction\":[{\"@type\":\"SearchAction\",\"target\":{\"@type\":\"EntryPoint\",\"urlTemplate\":\"https:\\\/\\\/amladcykler.com\\\/no\\\/?s={search_term_string}\"},\"query-input\":{\"@type\":\"PropertyValueSpecification\",\"valueRequired\":true,\"valueName\":\"search_term_string\"}}],\"inLanguage\":\"nb-NO\"},{\"@type\":\"Organization\",\"@id\":\"https:\\\/\\\/amladcykler.com\\\/no\\\/#organization\",\"name\":\"Andersen & Meldgaard A\\\/S\",\"url\":\"https:\\\/\\\/amladcykler.com\\\/no\\\/\",\"logo\":{\"@type\":\"ImageObject\",\"inLanguage\":\"nb-NO\",\"@id\":\"https:\\\/\\\/amladcykler.com\\\/no\\\/#\\\/schema\\\/logo\\\/image\\\/\",\"url\":\"https:\\\/\\\/amladcykler.com\\\/wp-content\\\/uploads\\\/2025\\\/03\\\/Amladcykler.com-logo-1025x1025-Uden-baggrund.png\",\"contentUrl\":\"https:\\\/\\\/amladcykler.com\\\/wp-content\\\/uploads\\\/2025\\\/03\\\/Amladcykler.com-logo-1025x1025-Uden-baggrund.png\",\"width\":1025,\"height\":1025,\"caption\":\"Andersen & Meldgaard A\\\/S\"},\"image\":{\"@id\":\"https:\\\/\\\/amladcykler.com\\\/no\\\/#\\\/schema\\\/logo\\\/image\\\/\"},\"sameAs\":[\"https:\\\/\\\/www.facebook.com\\\/ladcykel\",\"https:\\\/\\\/x.com\\\/amladcykler\",\"https:\\\/\\\/www.linkedin.com\\\/company\\\/amladcykler\\\/\",\"https:\\\/\\\/www.youtube.com\\\/channel\\\/UCG9qwiqZHe9bDeCzHYcc0eQ\",\"https:\\\/\\\/www.instagram.com\\\/amladcykler\\\/\"]}]}<\/script>\n<!-- \/ Yoast SEO plugin. -->","yoast_head_json":{"title":"Monteringsinstruksjon - Klassiske lastesykkel - Amladcykler.com","robots":{"index":"index","follow":"follow","max-snippet":"max-snippet:-1","max-image-preview":"max-image-preview:large","max-video-preview":"max-video-preview:-1"},"canonical":"https:\/\/amladcykler.com\/no\/monteringsinstruksjon-classic-cargo-bike-2\/","og_locale":"nb_NO","og_type":"article","og_title":"Monteringsinstruksjon - Klassiske lastesykkel - Amladcykler.com","og_url":"https:\/\/amladcykler.com\/no\/monteringsinstruksjon-classic-cargo-bike-2\/","og_site_name":"Amladcykler.com","article_publisher":"https:\/\/www.facebook.com\/ladcykel","article_modified_time":"2025-03-21T12:31:58+00:00","og_image":[{"width":1500,"height":1125,"url":"https:\/\/amladcykler.com\/wp-content\/uploads\/2020\/08\/Deluxe-UK.jpg","type":"image\/jpeg"}],"twitter_card":"summary_large_image","twitter_site":"@amladcykler","twitter_misc":{"Ansl. lesetid":"10 minutter"},"schema":{"@context":"https:\/\/schema.org","@graph":[{"@type":"WebPage","@id":"https:\/\/amladcykler.com\/no\/monteringsinstruksjon-classic-cargo-bike-2\/","url":"https:\/\/amladcykler.com\/no\/monteringsinstruksjon-classic-cargo-bike-2\/","name":"Monteringsinstruksjon - Klassiske lastesykkel - Amladcykler.com","isPartOf":{"@id":"https:\/\/amladcykler.com\/no\/#website"},"datePublished":"2025-02-25T12:49:36+00:00","dateModified":"2025-03-21T12:31:58+00:00","breadcrumb":{"@id":"https:\/\/amladcykler.com\/no\/monteringsinstruksjon-classic-cargo-bike-2\/#breadcrumb"},"inLanguage":"nb-NO","potentialAction":[{"@type":"ReadAction","target":["https:\/\/amladcykler.com\/no\/monteringsinstruksjon-classic-cargo-bike-2\/"]}]},{"@type":"BreadcrumbList","@id":"https:\/\/amladcykler.com\/no\/monteringsinstruksjon-classic-cargo-bike-2\/#breadcrumb","itemListElement":[{"@type":"ListItem","position":1,"name":"Home","item":"https:\/\/amladcykler.com\/no\/"},{"@type":"ListItem","position":2,"name":"Monteringsinstruksjon &#8211; Klassiske lastesykkel"}]},{"@type":"WebSite","@id":"https:\/\/amladcykler.com\/no\/#website","url":"https:\/\/amladcykler.com\/no\/","name":"Amladcykler.com","description":"Cargo bike enthusiasts, since 1992","publisher":{"@id":"https:\/\/amladcykler.com\/no\/#organization"},"potentialAction":[{"@type":"SearchAction","target":{"@type":"EntryPoint","urlTemplate":"https:\/\/amladcykler.com\/no\/?s={search_term_string}"},"query-input":{"@type":"PropertyValueSpecification","valueRequired":true,"valueName":"search_term_string"}}],"inLanguage":"nb-NO"},{"@type":"Organization","@id":"https:\/\/amladcykler.com\/no\/#organization","name":"Andersen & Meldgaard A\/S","url":"https:\/\/amladcykler.com\/no\/","logo":{"@type":"ImageObject","inLanguage":"nb-NO","@id":"https:\/\/amladcykler.com\/no\/#\/schema\/logo\/image\/","url":"https:\/\/amladcykler.com\/wp-content\/uploads\/2025\/03\/Amladcykler.com-logo-1025x1025-Uden-baggrund.png","contentUrl":"https:\/\/amladcykler.com\/wp-content\/uploads\/2025\/03\/Amladcykler.com-logo-1025x1025-Uden-baggrund.png","width":1025,"height":1025,"caption":"Andersen & Meldgaard A\/S"},"image":{"@id":"https:\/\/amladcykler.com\/no\/#\/schema\/logo\/image\/"},"sameAs":["https:\/\/www.facebook.com\/ladcykel","https:\/\/x.com\/amladcykler","https:\/\/www.linkedin.com\/company\/amladcykler\/","https:\/\/www.youtube.com\/channel\/UCG9qwiqZHe9bDeCzHYcc0eQ","https:\/\/www.instagram.com\/amladcykler\/"]}]}},"_links":{"self":[{"href":"https:\/\/amladcykler.com\/no\/wp-json\/wp\/v2\/pages\/10319","targetHints":{"allow":["GET"]}}],"collection":[{"href":"https:\/\/amladcykler.com\/no\/wp-json\/wp\/v2\/pages"}],"about":[{"href":"https:\/\/amladcykler.com\/no\/wp-json\/wp\/v2\/types\/page"}],"author":[{"embeddable":true,"href":"https:\/\/amladcykler.com\/no\/wp-json\/wp\/v2\/users\/9"}],"replies":[{"embeddable":true,"href":"https:\/\/amladcykler.com\/no\/wp-json\/wp\/v2\/comments?post=10319"}],"version-history":[{"count":0,"href":"https:\/\/amladcykler.com\/no\/wp-json\/wp\/v2\/pages\/10319\/revisions"}],"wp:attachment":[{"href":"https:\/\/amladcykler.com\/no\/wp-json\/wp\/v2\/media?parent=10319"}],"curies":[{"name":"wp","href":"https:\/\/api.w.org\/{rel}","templated":true}]}}