{"id":8410,"date":"2017-10-30T14:26:21","date_gmt":"2017-10-30T13:26:21","guid":{"rendered":"https:\/\/amladcykler.com\/product\/holzplatte-fuer-die-box-eines-cargo-bikes-vorderseite-vom-fahrer-aus-gesehen\/"},"modified":"2025-03-13T08:49:05","modified_gmt":"2025-03-13T07:49:05","slug":"holzplatte-fuer-die-box-eines-cargo-bikes-vorderseite-vom-fahrer-aus-gesehen","status":"publish","type":"product","link":"https:\/\/amladcykler.com\/de\/product\/holzplatte-fuer-die-box-eines-cargo-bikes-vorderseite-vom-fahrer-aus-gesehen\/","title":{"rendered":"Vordere Holzplatte f\u00fcr Lastenfahrrad &#8211; Vorderseite (vom Fahrer aus gesehen)"},"content":{"rendered":"<h3>Vordere Holzplatte f\u00fcr Lastenfahrrad &#8211; Vorderseite (vom Fahrer aus gesehen)<\/h3>\n<p class=\"first:mt-1.5\">Die Holzplatte f\u00fcr die Box eines Cargo Bikes &#8211; Front ist ein unverzichtbares Ersatzteil, das speziell f\u00fcr das klassische Cargo Bike von Amladcykler entwickelt wurde. Die aus hochwertigem, witterungsbest\u00e4ndigem Holz gefertigte Frontplatte sorgt daf\u00fcr, dass Ihr Lastenfahrrad seine strukturelle Integrit\u00e4t und sein professionelles Aussehen beibeh\u00e4lt. Dieses pr\u00e4zisionsgefertigte Teil ist perfekt geeignet, um verschlissene Paneele zu ersetzen oder Ihre vorhandene Cargo Bike Box aufzur\u00fcsten und passt nahtlos zu allen kompatiblen Amladcykler Modellen.  <\/p>\n<h3>Qualit\u00e4t und Kompatibilit\u00e4t<\/h3>\n<p class=\"first:mt-1.5\">Diese vordere Holzverkleidung wird nach den genauen Spezifikationen der Originalteile von Amladcykler hergestellt, um eine perfekte Passform und Ausrichtung zu gew\u00e4hrleisten. Diese Platte ist mit allen nicht-elektrischen Lastenradmodellen aus unserem Sortiment kompatibel und bewahrt die unverwechselbare \u00c4sthetik und Funktionalit\u00e4t, die unsere Lastenr\u00e4der auszeichnet. Die Konstruktion aus hochwertigem Holz bietet eine au\u00dfergew\u00f6hnliche Haltbarkeit und ist gleichzeitig sehr leicht, was f\u00fcr eine optimale Fahrradleistung unerl\u00e4sslich ist.  <\/p>\n<p class=\"first:mt-1.5\">Das Panel ist vollst\u00e4ndig kompatibel mit den Classic Cargo Bike Modellen, der Premium Serie und den nicht-elektrischen Deluxe Varianten. Die Installation erfordert grundlegende F\u00e4higkeiten und kann in weniger als 15 Minuten abgeschlossen werden, wenn Sie unserer einfachen Anleitung folgen, die bei jedem Kauf enthalten ist. <\/p>\n<h3>Erhalten Sie die Langlebigkeit Ihres Lastenfahrrads<\/h3>\n<p class=\"first:mt-1.5\">Die regelm\u00e4\u00dfige Pflege der Holzkomponenten Ihres Lastenfahrrads verl\u00e4ngert dessen Lebensdauer erheblich. Diese Ersatz-Frontplatte tr\u00e4gt dazu bei, die strukturelle Integrit\u00e4t Ihres Lastenrads zu erhalten und gleichzeitig die unverwechselbare \u00c4sthetik von Amladcykler zu bewahren. Mit unserer Verpflichtung zu Qualit\u00e4t und unserer branchenf\u00fchrenden 10-Jahres-Garantie auf den Rahmen steht dieses Bauteil f\u00fcr unser Engagement, langlebige Lastenfahrradl\u00f6sungen anzubieten.  <\/p>\n<p class=\"first:mt-1.5\">Bestellen Sie Ihre Holzplatte noch heute f\u00fcr eine schnelle Lieferung in ganz Europa. Verl\u00e4ngern Sie die Lebensdauer Ihres Lastenfahrrads mit Originalersatzteilen von Amladcykler. <\/p>\n<p>Holzfrontplatte f\u00fcr die Box an unserem Classic Lastenfahrrad (nicht elektrisch)<\/p>\n<p>1 x Einheit.<\/p>\n","protected":false},"excerpt":{"rendered":"<h3>Vordere Holzplatte f\u00fcr Lastenfahrrad &#8211; Vorderseite (vom Fahrer aus gesehen)<\/h3>\n<p>Holzfrontplatte f\u00fcr die Box an unserem Classic Lastenfahrrad (nicht elektrisch)<\/p>\n<p>1 x Einheit.<\/p>\n","protected":false},"featured_media":6470,"comment_status":"closed","ping_status":"closed","template":"","meta":[],"product_brand":[338],"product_cat":[163],"product_tag":[],"class_list":["post-8410","product","type-product","status-publish","has-post-thumbnail","product_brand-amladcykler-de","product_cat-ersatzteile","first","instock","taxable","shipping-taxable","purchasable","product-type-simple"],"yoast_head":"<!-- This site is optimized with the Yoast SEO plugin v28.3 - https:\/\/yoast.com\/product\/yoast-seo-wordpress\/ -->\n<title>Holzplatte f\u00fcr die Box eines Cargo Bikes - Vorderseite. Jetzt einkaufen!<\/title>\n<meta name=\"description\" content=\"Holzplatte f\u00fcr die Box eines Cargo Bikes - Vorderseite. Amladcykler bietet Ihnen eine gro\u00dfe Auswahl an Teilen und Zubeh\u00f6r und die besten Preise.\" \/>\n<meta name=\"robots\" content=\"index, follow, max-snippet:-1, max-image-preview:large, max-video-preview:-1\" \/>\n<link rel=\"canonical\" href=\"https:\/\/amladcykler.com\/de\/product\/holzplatte-fuer-die-box-eines-cargo-bikes-vorderseite-vom-fahrer-aus-gesehen\/\" \/>\n<meta property=\"og:locale\" content=\"de_DE\" \/>\n<meta property=\"og:type\" content=\"article\" \/>\n<meta property=\"og:title\" content=\"Holzplatte f\u00fcr die Box eines Cargo Bikes - Vorderseite. Jetzt einkaufen!\" \/>\n<meta property=\"og:description\" content=\"Holzplatte f\u00fcr die Box eines Cargo Bikes - Vorderseite. Amladcykler bietet Ihnen eine gro\u00dfe Auswahl an Teilen und Zubeh\u00f6r und die besten Preise.\" \/>\n<meta property=\"og:url\" content=\"https:\/\/amladcykler.com\/de\/product\/holzplatte-fuer-die-box-eines-cargo-bikes-vorderseite-vom-fahrer-aus-gesehen\/\" \/>\n<meta property=\"og:site_name\" content=\"Amladcykler.com\" \/>\n<meta property=\"article:publisher\" content=\"https:\/\/www.facebook.com\/ladcykel\" \/>\n<meta property=\"article:modified_time\" content=\"2025-03-13T07:49:05+00:00\" \/>\n<meta property=\"og:image\" content=\"https:\/\/amladcykler.com\/wp-content\/uploads\/2020\/03\/IMG_0636.jpg\" \/>\n\t<meta property=\"og:image:width\" content=\"1500\" \/>\n\t<meta property=\"og:image:height\" content=\"1500\" \/>\n\t<meta property=\"og:image:type\" content=\"image\/jpeg\" \/>\n<meta name=\"twitter:card\" content=\"summary_large_image\" \/>\n<meta name=\"twitter:site\" content=\"@amladcykler\" \/>\n<meta name=\"twitter:label1\" content=\"Gesch\u00e4tzte Lesezeit\" \/>\n\t<meta name=\"twitter:data1\" content=\"2\u00a0Minuten\" \/>\n<script type=\"application\/ld+json\" class=\"yoast-schema-graph\">{\"@context\":\"https:\\\/\\\/schema.org\",\"@graph\":[{\"@type\":\"WebPage\",\"@id\":\"https:\\\/\\\/amladcykler.com\\\/de\\\/product\\\/holzplatte-fuer-die-box-eines-cargo-bikes-vorderseite-vom-fahrer-aus-gesehen\\\/\",\"url\":\"https:\\\/\\\/amladcykler.com\\\/de\\\/product\\\/holzplatte-fuer-die-box-eines-cargo-bikes-vorderseite-vom-fahrer-aus-gesehen\\\/\",\"name\":\"Holzplatte f\u00fcr die Box eines Cargo Bikes - Vorderseite. Jetzt einkaufen!\",\"isPartOf\":{\"@id\":\"https:\\\/\\\/amladcykler.com\\\/de\\\/#website\"},\"primaryImageOfPage\":{\"@id\":\"https:\\\/\\\/amladcykler.com\\\/de\\\/product\\\/holzplatte-fuer-die-box-eines-cargo-bikes-vorderseite-vom-fahrer-aus-gesehen\\\/#primaryimage\"},\"image\":{\"@id\":\"https:\\\/\\\/amladcykler.com\\\/de\\\/product\\\/holzplatte-fuer-die-box-eines-cargo-bikes-vorderseite-vom-fahrer-aus-gesehen\\\/#primaryimage\"},\"thumbnailUrl\":\"https:\\\/\\\/amladcykler.com\\\/wp-content\\\/uploads\\\/2020\\\/03\\\/IMG_0636.jpg\",\"datePublished\":\"2017-10-30T13:26:21+00:00\",\"dateModified\":\"2025-03-13T07:49:05+00:00\",\"description\":\"Holzplatte f\u00fcr die Box eines Cargo Bikes - Vorderseite. Amladcykler bietet Ihnen eine gro\u00dfe Auswahl an Teilen und Zubeh\u00f6r und die besten Preise.\",\"breadcrumb\":{\"@id\":\"https:\\\/\\\/amladcykler.com\\\/de\\\/product\\\/holzplatte-fuer-die-box-eines-cargo-bikes-vorderseite-vom-fahrer-aus-gesehen\\\/#breadcrumb\"},\"inLanguage\":\"de\",\"potentialAction\":[{\"@type\":\"ReadAction\",\"target\":[\"https:\\\/\\\/amladcykler.com\\\/de\\\/product\\\/holzplatte-fuer-die-box-eines-cargo-bikes-vorderseite-vom-fahrer-aus-gesehen\\\/\"]}]},{\"@type\":\"ImageObject\",\"inLanguage\":\"de\",\"@id\":\"https:\\\/\\\/amladcykler.com\\\/de\\\/product\\\/holzplatte-fuer-die-box-eines-cargo-bikes-vorderseite-vom-fahrer-aus-gesehen\\\/#primaryimage\",\"url\":\"https:\\\/\\\/amladcykler.com\\\/wp-content\\\/uploads\\\/2020\\\/03\\\/IMG_0636.jpg\",\"contentUrl\":\"https:\\\/\\\/amladcykler.com\\\/wp-content\\\/uploads\\\/2020\\\/03\\\/IMG_0636.jpg\",\"width\":1500,\"height\":1500,\"caption\":\"Holzplatte f\u00fcr die Box eines Lastenfahrr\u00e4der - Vorderseite (vom Fahrer aus gesehen)\"},{\"@type\":\"BreadcrumbList\",\"@id\":\"https:\\\/\\\/amladcykler.com\\\/de\\\/product\\\/holzplatte-fuer-die-box-eines-cargo-bikes-vorderseite-vom-fahrer-aus-gesehen\\\/#breadcrumb\",\"itemListElement\":[{\"@type\":\"ListItem\",\"position\":1,\"name\":\"Home\",\"item\":\"https:\\\/\\\/amladcykler.com\\\/de\\\/\"},{\"@type\":\"ListItem\",\"position\":2,\"name\":\"Shop\",\"item\":\"https:\\\/\\\/amladcykler.com\\\/shop\\\/\"},{\"@type\":\"ListItem\",\"position\":3,\"name\":\"Vordere Holzplatte f\u00fcr Lastenfahrrad &#8211; Vorderseite (vom Fahrer aus gesehen)\"}]},{\"@type\":\"WebSite\",\"@id\":\"https:\\\/\\\/amladcykler.com\\\/de\\\/#website\",\"url\":\"https:\\\/\\\/amladcykler.com\\\/de\\\/\",\"name\":\"Amladcykler.com\",\"description\":\"Cargo bike enthusiasts, since 1992\",\"publisher\":{\"@id\":\"https:\\\/\\\/amladcykler.com\\\/de\\\/#organization\"},\"potentialAction\":[{\"@type\":\"SearchAction\",\"target\":{\"@type\":\"EntryPoint\",\"urlTemplate\":\"https:\\\/\\\/amladcykler.com\\\/de\\\/?s={search_term_string}\"},\"query-input\":{\"@type\":\"PropertyValueSpecification\",\"valueRequired\":true,\"valueName\":\"search_term_string\"}}],\"inLanguage\":\"de\"},{\"@type\":\"Organization\",\"@id\":\"https:\\\/\\\/amladcykler.com\\\/de\\\/#organization\",\"name\":\"Andersen & Meldgaard A\\\/S\",\"url\":\"https:\\\/\\\/amladcykler.com\\\/de\\\/\",\"logo\":{\"@type\":\"ImageObject\",\"inLanguage\":\"de\",\"@id\":\"https:\\\/\\\/amladcykler.com\\\/de\\\/#\\\/schema\\\/logo\\\/image\\\/\",\"url\":\"https:\\\/\\\/amladcykler.com\\\/wp-content\\\/uploads\\\/2025\\\/03\\\/Amladcykler.com-logo-1025x1025-Uden-baggrund.png\",\"contentUrl\":\"https:\\\/\\\/amladcykler.com\\\/wp-content\\\/uploads\\\/2025\\\/03\\\/Amladcykler.com-logo-1025x1025-Uden-baggrund.png\",\"width\":1025,\"height\":1025,\"caption\":\"Andersen & Meldgaard A\\\/S\"},\"image\":{\"@id\":\"https:\\\/\\\/amladcykler.com\\\/de\\\/#\\\/schema\\\/logo\\\/image\\\/\"},\"sameAs\":[\"https:\\\/\\\/www.facebook.com\\\/ladcykel\",\"https:\\\/\\\/x.com\\\/amladcykler\",\"https:\\\/\\\/www.linkedin.com\\\/company\\\/amladcykler\\\/\",\"https:\\\/\\\/www.youtube.com\\\/channel\\\/UCG9qwiqZHe9bDeCzHYcc0eQ\",\"https:\\\/\\\/www.instagram.com\\\/amladcykler\\\/\"]}]}<\/script>\n<!-- \/ Yoast SEO plugin. -->","yoast_head_json":{"title":"Holzplatte f\u00fcr die Box eines Cargo Bikes - Vorderseite. Jetzt einkaufen!","description":"Holzplatte f\u00fcr die Box eines Cargo Bikes - Vorderseite. Amladcykler bietet Ihnen eine gro\u00dfe Auswahl an Teilen und Zubeh\u00f6r und die besten Preise.","robots":{"index":"index","follow":"follow","max-snippet":"max-snippet:-1","max-image-preview":"max-image-preview:large","max-video-preview":"max-video-preview:-1"},"canonical":"https:\/\/amladcykler.com\/de\/product\/holzplatte-fuer-die-box-eines-cargo-bikes-vorderseite-vom-fahrer-aus-gesehen\/","og_locale":"de_DE","og_type":"article","og_title":"Holzplatte f\u00fcr die Box eines Cargo Bikes - Vorderseite. Jetzt einkaufen!","og_description":"Holzplatte f\u00fcr die Box eines Cargo Bikes - Vorderseite. Amladcykler bietet Ihnen eine gro\u00dfe Auswahl an Teilen und Zubeh\u00f6r und die besten Preise.","og_url":"https:\/\/amladcykler.com\/de\/product\/holzplatte-fuer-die-box-eines-cargo-bikes-vorderseite-vom-fahrer-aus-gesehen\/","og_site_name":"Amladcykler.com","article_publisher":"https:\/\/www.facebook.com\/ladcykel","article_modified_time":"2025-03-13T07:49:05+00:00","og_image":[{"width":1500,"height":1500,"url":"https:\/\/amladcykler.com\/wp-content\/uploads\/2020\/03\/IMG_0636.jpg","type":"image\/jpeg"}],"twitter_card":"summary_large_image","twitter_site":"@amladcykler","twitter_misc":{"Gesch\u00e4tzte Lesezeit":"2\u00a0Minuten"},"schema":{"@context":"https:\/\/schema.org","@graph":[{"@type":"WebPage","@id":"https:\/\/amladcykler.com\/de\/product\/holzplatte-fuer-die-box-eines-cargo-bikes-vorderseite-vom-fahrer-aus-gesehen\/","url":"https:\/\/amladcykler.com\/de\/product\/holzplatte-fuer-die-box-eines-cargo-bikes-vorderseite-vom-fahrer-aus-gesehen\/","name":"Holzplatte f\u00fcr die Box eines Cargo Bikes - Vorderseite. Jetzt einkaufen!","isPartOf":{"@id":"https:\/\/amladcykler.com\/de\/#website"},"primaryImageOfPage":{"@id":"https:\/\/amladcykler.com\/de\/product\/holzplatte-fuer-die-box-eines-cargo-bikes-vorderseite-vom-fahrer-aus-gesehen\/#primaryimage"},"image":{"@id":"https:\/\/amladcykler.com\/de\/product\/holzplatte-fuer-die-box-eines-cargo-bikes-vorderseite-vom-fahrer-aus-gesehen\/#primaryimage"},"thumbnailUrl":"https:\/\/amladcykler.com\/wp-content\/uploads\/2020\/03\/IMG_0636.jpg","datePublished":"2017-10-30T13:26:21+00:00","dateModified":"2025-03-13T07:49:05+00:00","description":"Holzplatte f\u00fcr die Box eines Cargo Bikes - Vorderseite. Amladcykler bietet Ihnen eine gro\u00dfe Auswahl an Teilen und Zubeh\u00f6r und die besten Preise.","breadcrumb":{"@id":"https:\/\/amladcykler.com\/de\/product\/holzplatte-fuer-die-box-eines-cargo-bikes-vorderseite-vom-fahrer-aus-gesehen\/#breadcrumb"},"inLanguage":"de","potentialAction":[{"@type":"ReadAction","target":["https:\/\/amladcykler.com\/de\/product\/holzplatte-fuer-die-box-eines-cargo-bikes-vorderseite-vom-fahrer-aus-gesehen\/"]}]},{"@type":"ImageObject","inLanguage":"de","@id":"https:\/\/amladcykler.com\/de\/product\/holzplatte-fuer-die-box-eines-cargo-bikes-vorderseite-vom-fahrer-aus-gesehen\/#primaryimage","url":"https:\/\/amladcykler.com\/wp-content\/uploads\/2020\/03\/IMG_0636.jpg","contentUrl":"https:\/\/amladcykler.com\/wp-content\/uploads\/2020\/03\/IMG_0636.jpg","width":1500,"height":1500,"caption":"Holzplatte f\u00fcr die Box eines Lastenfahrr\u00e4der - Vorderseite (vom Fahrer aus gesehen)"},{"@type":"BreadcrumbList","@id":"https:\/\/amladcykler.com\/de\/product\/holzplatte-fuer-die-box-eines-cargo-bikes-vorderseite-vom-fahrer-aus-gesehen\/#breadcrumb","itemListElement":[{"@type":"ListItem","position":1,"name":"Home","item":"https:\/\/amladcykler.com\/de\/"},{"@type":"ListItem","position":2,"name":"Shop","item":"https:\/\/amladcykler.com\/shop\/"},{"@type":"ListItem","position":3,"name":"Vordere Holzplatte f\u00fcr Lastenfahrrad &#8211; Vorderseite (vom Fahrer aus gesehen)"}]},{"@type":"WebSite","@id":"https:\/\/amladcykler.com\/de\/#website","url":"https:\/\/amladcykler.com\/de\/","name":"Amladcykler.com","description":"Cargo bike enthusiasts, since 1992","publisher":{"@id":"https:\/\/amladcykler.com\/de\/#organization"},"potentialAction":[{"@type":"SearchAction","target":{"@type":"EntryPoint","urlTemplate":"https:\/\/amladcykler.com\/de\/?s={search_term_string}"},"query-input":{"@type":"PropertyValueSpecification","valueRequired":true,"valueName":"search_term_string"}}],"inLanguage":"de"},{"@type":"Organization","@id":"https:\/\/amladcykler.com\/de\/#organization","name":"Andersen & Meldgaard A\/S","url":"https:\/\/amladcykler.com\/de\/","logo":{"@type":"ImageObject","inLanguage":"de","@id":"https:\/\/amladcykler.com\/de\/#\/schema\/logo\/image\/","url":"https:\/\/amladcykler.com\/wp-content\/uploads\/2025\/03\/Amladcykler.com-logo-1025x1025-Uden-baggrund.png","contentUrl":"https:\/\/amladcykler.com\/wp-content\/uploads\/2025\/03\/Amladcykler.com-logo-1025x1025-Uden-baggrund.png","width":1025,"height":1025,"caption":"Andersen & Meldgaard A\/S"},"image":{"@id":"https:\/\/amladcykler.com\/de\/#\/schema\/logo\/image\/"},"sameAs":["https:\/\/www.facebook.com\/ladcykel","https:\/\/x.com\/amladcykler","https:\/\/www.linkedin.com\/company\/amladcykler\/","https:\/\/www.youtube.com\/channel\/UCG9qwiqZHe9bDeCzHYcc0eQ","https:\/\/www.instagram.com\/amladcykler\/"]}]}},"_links":{"self":[{"href":"https:\/\/amladcykler.com\/de\/wp-json\/wp\/v2\/product\/8410","targetHints":{"allow":["GET"]}}],"collection":[{"href":"https:\/\/amladcykler.com\/de\/wp-json\/wp\/v2\/product"}],"about":[{"href":"https:\/\/amladcykler.com\/de\/wp-json\/wp\/v2\/types\/product"}],"replies":[{"embeddable":true,"href":"https:\/\/amladcykler.com\/de\/wp-json\/wp\/v2\/comments?post=8410"}],"wp:featuredmedia":[{"embeddable":true,"href":"https:\/\/amladcykler.com\/de\/wp-json\/wp\/v2\/media\/6470"}],"wp:attachment":[{"href":"https:\/\/amladcykler.com\/de\/wp-json\/wp\/v2\/media?parent=8410"}],"wp:term":[{"taxonomy":"product_brand","embeddable":true,"href":"https:\/\/amladcykler.com\/de\/wp-json\/wp\/v2\/product_brand?post=8410"},{"taxonomy":"product_cat","embeddable":true,"href":"https:\/\/amladcykler.com\/de\/wp-json\/wp\/v2\/product_cat?post=8410"},{"taxonomy":"product_tag","embeddable":true,"href":"https:\/\/amladcykler.com\/de\/wp-json\/wp\/v2\/product_tag?post=8410"}],"curies":[{"name":"wp","href":"https:\/\/api.w.org\/{rel}","templated":true}]}}