{"id":7712,"date":"2017-12-11T13:31:49","date_gmt":"2017-12-11T13:31:49","guid":{"rendered":"https:\/\/amladcykler.com\/product\/elektrisches-lastenfahrrad-deluxe\/"},"modified":"2026-03-26T11:27:45","modified_gmt":"2026-03-26T10:27:45","slug":"lastenfahrrad-elektro-deluxe","status":"publish","type":"product","link":"https:\/\/amladcykler.com\/de\/product\/lastenfahrrad-elektro-deluxe\/","title":{"rendered":"Lastenfahrrad elektro &#8211; Deluxe"},"content":{"rendered":"<h2>Lastenfahrrad elektro &#8211; Deluxe<\/h2>\n<p>Das Electric Cargo Bike &#8211; Deluxe -Modell ist unser Spitzenmodell. Es ist nat\u00fcrlich f\u00fcr kurze und lange Fahrten gemacht, aber Sie k\u00f6nnen Ihre pannenfreien Reifen auch auf Stra\u00dfen mit Schotter oder durch die st\u00e4dtische Umgebung genie\u00dfen, selbst wenn diese nicht gekehrt ist. Wie unsere anderen elektrischen Cargobike-Modelle ist auch das Deluxe-Modell extrem leicht zu erlernen. Ein paar gute Fahrten und Sie haben das Gef\u00fchl, schon Ihr ganzes Leben lang ein Cargobike zu fahren. F\u00fcr unser Spitzenmodell haben wir auch das ultimative Bremssystem gew\u00e4hlt. Unsere Leidenschaft f\u00fcr Cargobikes bedeutet, dass wir bei unserem Topmodell unsere Seele in dieses Projekt gesteckt haben, um den letzten Schliff der Fahrr\u00e4der perfekt zu machen. Man k\u00f6nnte meinen, dass die speziellen hydraulischen Scheibenbremsen zu gut f\u00fcr ein Fahrrad sind, aber wir sind anderer Meinung! Das System f\u00fchlt sich wie Butter an, wenn Sie zum Bremsen schieben.<\/p>\n<h3>Das perfekte Cargobike<\/h3>\n<p>F\u00fcr Sie, die das Beste von Amladcykler besitzen sollten, ist ein Elektrofahrrad in der Deluxe-Ausf\u00fchrung die richtige Wahl. Es kostet etwas mehr, aber mit diesem Modell bekommen Sie so viel Freude. Wir haben besonders auf die Details geachtet und daf\u00fcr gesorgt, dass dieses Spitzenmodell Ihre Erwartungen jederzeit erf\u00fcllen kann. Das Fahrrad ist aus d\u00e4nischem Design, mit gro\u00dfem Augenmerk auf besonders gute Qualit\u00e4t, und es wird in unserer lokalen Montagewerkstatt abgeholt, wo wir alle Teile \u00fcberpr\u00fcfen und sicherstellen, dass Sie ein fertiges Produkt mit allen Teilen in Ordnung erhalten.<br \/>\nVielleicht hatten Sie bereits Ihr erstes elektrisches Cargobike und wollen jetzt nur noch das Beste. Alle Fahrr\u00e4der m\u00fcssen gewartet werden, aber wir versprechen Ihnen, dass dieses Fahrrad viel l\u00e4nger h\u00e4lt als sonst, da Teile, die normalerweise einem Verschlei\u00df unterliegen, durch besonders widerstandsf\u00e4hige Materialien ersetzt werden. So werden Sie zum Beispiel nur minimale Reifenpannen erleben und k\u00f6nnen auch in anspruchsvollerem Gel\u00e4nde fahren. Sie erhalten auf allen 3 R\u00e4dern pannensichere Reifen in guter Qualit\u00e4t von dem renommierten Anbieter Kenda. Dar\u00fcber hinaus haben wir das Deluxe-Modell mit hydraulischen Bremsen ausgestattet. Diese Details heben das Modell in eine ganz andere Liga, in der nur wenige in D\u00e4nemark mithalten k\u00f6nnen. Nat\u00fcrlich verf\u00fcgt das Modell auch \u00fcber alle anderen guten Teile, wie die Shimano-Schaltung bis hin zu dem erstaunlichen 250W-Motorsystem des japanischen Herstellers Dapu. Auch bei diesem Modell haben Sie nicht den Eindruck, dass Sie sich mit Ihrem Lenker nach links oder rechts bewegen. Viele machen diese Erfahrung, wenn sie ihr Cargobike jahrelang ohne Wartung benutzen. Mit den hydraulischen Scheibenbremsen werden Sie jedoch feststellen, dass Sie sich dieser Herausforderung nicht mehr stellen m\u00fcssen und dass sich Ihr Fahrrad ohne Wartung immer leicht dreht. Es richtet das System selbst ein. Das Deluxe-Modell ist definitiv unser pers\u00f6nlicher Favorit.<\/p>\n<h3>Amladcykler ist d\u00e4nische Qualit\u00e4t<\/h3>\n<p>Die einen nennen uns Profis, die anderen nennen uns &#8222;Nerds&#8220;. Zugegeben. Wir arbeiten schon seit vielen Jahren mit Fahrr\u00e4dern. Die Wurzeln unseres Unternehmens reichen bis ins Jahr 92 zur\u00fcck &#8218;und ja, wir sind nicht mehr ganz jung. Das Fachwissen, das wir haben, finden Sie in unseren d\u00e4nisch designten und d\u00e4nischen Komplettfahrr\u00e4dern. Wir sind hartn\u00e4ckig, wenn es darum geht, unsere Modelle zu \u00e4ndern, damit wir immer das anbieten k\u00f6nnen, was wir f\u00fcr das beste Elektro-Cargobike zu diesem Preis halten. Das Elektro-Cargobike Deluxe Modell wird nach den W\u00fcnschen und Anregungen unserer Kunden f\u00fcr Sie hergestellt. Unsere Ladefahrr\u00e4der sind v\u00f6llig &#8222;frisch&#8220;. Wir holen Ihr Elektro-Cargobike erst ab, wenn wir Ihre Bestellung erhalten haben. Das ist Ihre Garantie daf\u00fcr, dass Sie ein nagelneues Fahrrad erhalten, das an allen Leitungen und Kanten gepr\u00fcft wurde, um Ihnen die beste Qualit\u00e4t zu garantieren.<\/p>\n<div class=\"container section-title-container\" ><h3 class=\"section-title section-title-normal\"><b><\/b><span class=\"section-title-main\" >Details<\/span><b><\/b><\/h3><\/div>\n<ul>\n<li class=\"bullet-arrow\">Hochwertiger verstellbarer Sitz mit Sto\u00dfd\u00e4mpfer und extra Komfort.<\/li>\n<li class=\"bullet-arrow\">Verstellbarer fahrradgriff mit ergonomischem ledergriff, der in der h\u00f6he verstellt werden kann.<\/li>\n<li class=\"bullet-arrow\">Die unterseite der box und des kindersitzes sind mit rutschfestem material behandelt. (Anti-Rutsch)<\/li>\n<li class=\"bullet-arrow\">Niedrige einstiegsh\u00f6he.<\/li>\n<li class=\"bullet-arrow\">Platz f\u00fcr einen kinderstuhl.<\/li>\n<\/ul>\n","protected":false},"excerpt":{"rendered":"<h1>Modell: Lastenfahrrad elektro &#8211; Deluxe<\/h1>\n<ul>\n<li class=\"bullet-checkmark\">Leistungsstarke Stahl\/Aluminium-Konstruktion<\/li>\n<li class=\"bullet-checkmark\">Hydraulische Bremsanlage vorne und hinten<\/li>\n<li class=\"bullet-checkmark\">Inklusive Anti-Pannen-Reifen<\/li>\n<li class=\"bullet-checkmark\">Leistungsstarker Motor, der mit einer vollen Ladung bis zu 50 km weit kommt (auch im Winter)<\/li>\n<li class=\"bullet-checkmark\">Einfaches und benutzerfreundliches bediendisplay<\/li>\n<\/ul>\n<p><span style=\"font-size: 110%;\" data-text-color=\"alert\"><!-- wpml:de:remove --><\/span><\/p>\n<p><span style=\"font-size: 80%;\" data-text-color=\"alert\"><!-- wpml:de:remove --><\/span><\/p>\n<a href=\"https:\/\/amladcykler.com\/de\/product\/lastenfahrrad-elektro-ultimate-curve\/?v=0ecbf9426bcf\" class=\"button primary is-primary is-medium\"  >\n\t\t<span>Upgrade auf das Modell Ultimate Curve<\/span>\n\t<\/a>\n\n\t<div id=\"gap-1720808785\" class=\"gap-element clearfix\" style=\"display:block; height:auto;\">\n\t\t\n<style>\n#gap-1720808785 {\n  padding-top: 15px;\n}\n<\/style>\n\t<\/div>\n\t\n","protected":false},"featured_media":8432,"comment_status":"closed","ping_status":"closed","template":"","meta":[],"product_brand":[338],"product_cat":[134],"product_tag":[],"class_list":["post-7712","product","type-product","status-publish","has-post-thumbnail","product_brand-amladcykler-de","product_cat-lastenfahrrad-elektro","pa_upgrade-battery-aufrustung-auf-12-ah-li-on-bis-zu-60-km","pa_upgrade-battery-standard-kein-upgrade","pa_upgrade-battery-upgrade-auf-14-ah-li-on-bis-zu-75-km","first","instock","featured","taxable","shipping-taxable","purchasable","product-type-variable","has-default-attributes"],"yoast_head":"<!-- This site is optimized with the Yoast SEO plugin v28.4 - https:\/\/yoast.com\/product\/yoast-seo-wordpress\/ -->\n<title>Elektrisches Cargo Bike - Deluxe mit allem - Ab 1.922 \u20ac<\/title>\n<meta name=\"description\" content=\"Electric Cargo Bike - Deluxe - D\u00e4nisches Design und mehr als 25 Jahre Erfahrung. Angebot jetzt - Alles inklusive - Amladcykler\" \/>\n<meta name=\"robots\" content=\"index, follow, max-snippet:-1, max-image-preview:large, max-video-preview:-1\" \/>\n<link rel=\"canonical\" href=\"https:\/\/amladcykler.com\/de\/product\/lastenfahrrad-elektro-deluxe\/\" \/>\n<meta property=\"og:locale\" content=\"de_DE\" \/>\n<meta property=\"og:type\" content=\"article\" \/>\n<meta property=\"og:title\" content=\"Elektrisches Cargo Bike - Deluxe mit allem - Ab 1.922 \u20ac\" \/>\n<meta property=\"og:description\" content=\"Electric Cargo Bike - Deluxe - D\u00e4nisches Design und mehr als 25 Jahre Erfahrung. Angebot jetzt - Alles inklusive - Amladcykler\" \/>\n<meta property=\"og:url\" content=\"https:\/\/amladcykler.com\/de\/product\/lastenfahrrad-elektro-deluxe\/\" \/>\n<meta property=\"og:site_name\" content=\"Amladcykler.com\" \/>\n<meta property=\"article:publisher\" content=\"https:\/\/www.facebook.com\/ladcykel\" \/>\n<meta property=\"article:modified_time\" content=\"2026-03-26T10:27:45+00:00\" \/>\n<meta property=\"og:image\" content=\"https:\/\/amladcykler.com\/wp-content\/uploads\/2017\/12\/Electric-Cargo-Bike-Deluxe-scaled.jpg\" \/>\n\t<meta property=\"og:image:width\" content=\"2560\" \/>\n\t<meta property=\"og:image:height\" content=\"2171\" \/>\n\t<meta property=\"og:image:type\" content=\"image\/jpeg\" \/>\n<meta name=\"twitter:card\" content=\"summary_large_image\" \/>\n<meta name=\"twitter:site\" content=\"@amladcykler\" \/>\n<meta name=\"twitter:label1\" content=\"Gesch\u00e4tzte Lesezeit\" \/>\n\t<meta name=\"twitter:data1\" content=\"3\u00a0Minuten\" \/>\n<script type=\"application\/ld+json\" class=\"yoast-schema-graph\">{\"@context\":\"https:\\\/\\\/schema.org\",\"@graph\":[{\"@type\":\"WebPage\",\"@id\":\"https:\\\/\\\/amladcykler.com\\\/de\\\/product\\\/lastenfahrrad-elektro-deluxe\\\/\",\"url\":\"https:\\\/\\\/amladcykler.com\\\/de\\\/product\\\/lastenfahrrad-elektro-deluxe\\\/\",\"name\":\"Elektrisches Cargo Bike - Deluxe mit allem - Ab 1.922 \u20ac\",\"isPartOf\":{\"@id\":\"https:\\\/\\\/amladcykler.com\\\/de\\\/#website\"},\"primaryImageOfPage\":{\"@id\":\"https:\\\/\\\/amladcykler.com\\\/de\\\/product\\\/lastenfahrrad-elektro-deluxe\\\/#primaryimage\"},\"image\":{\"@id\":\"https:\\\/\\\/amladcykler.com\\\/de\\\/product\\\/lastenfahrrad-elektro-deluxe\\\/#primaryimage\"},\"thumbnailUrl\":\"https:\\\/\\\/amladcykler.com\\\/wp-content\\\/uploads\\\/2017\\\/12\\\/Electric-Cargo-Bike-Deluxe-scaled.jpg\",\"datePublished\":\"2017-12-11T13:31:49+00:00\",\"dateModified\":\"2026-03-26T10:27:45+00:00\",\"description\":\"Electric Cargo Bike - Deluxe - D\u00e4nisches Design und mehr als 25 Jahre Erfahrung. Angebot jetzt - Alles inklusive - Amladcykler\",\"breadcrumb\":{\"@id\":\"https:\\\/\\\/amladcykler.com\\\/de\\\/product\\\/lastenfahrrad-elektro-deluxe\\\/#breadcrumb\"},\"inLanguage\":\"de\",\"potentialAction\":[{\"@type\":\"ReadAction\",\"target\":[\"https:\\\/\\\/amladcykler.com\\\/de\\\/product\\\/lastenfahrrad-elektro-deluxe\\\/\"]}]},{\"@type\":\"ImageObject\",\"inLanguage\":\"de\",\"@id\":\"https:\\\/\\\/amladcykler.com\\\/de\\\/product\\\/lastenfahrrad-elektro-deluxe\\\/#primaryimage\",\"url\":\"https:\\\/\\\/amladcykler.com\\\/wp-content\\\/uploads\\\/2017\\\/12\\\/Electric-Cargo-Bike-Deluxe-scaled.jpg\",\"contentUrl\":\"https:\\\/\\\/amladcykler.com\\\/wp-content\\\/uploads\\\/2017\\\/12\\\/Electric-Cargo-Bike-Deluxe-scaled.jpg\",\"width\":2560,\"height\":2171,\"caption\":\"Kunde: Amlad cykler dato : Opgave: produkt foto Journalist: S\u00f8ren\"},{\"@type\":\"BreadcrumbList\",\"@id\":\"https:\\\/\\\/amladcykler.com\\\/de\\\/product\\\/lastenfahrrad-elektro-deluxe\\\/#breadcrumb\",\"itemListElement\":[{\"@type\":\"ListItem\",\"position\":1,\"name\":\"Home\",\"item\":\"https:\\\/\\\/amladcykler.com\\\/de\\\/\"},{\"@type\":\"ListItem\",\"position\":2,\"name\":\"Shop\",\"item\":\"https:\\\/\\\/amladcykler.com\\\/shop\\\/\"},{\"@type\":\"ListItem\",\"position\":3,\"name\":\"Lastenfahrrad elektro &#8211; Deluxe\"}]},{\"@type\":\"WebSite\",\"@id\":\"https:\\\/\\\/amladcykler.com\\\/de\\\/#website\",\"url\":\"https:\\\/\\\/amladcykler.com\\\/de\\\/\",\"name\":\"Amladcykler.com\",\"description\":\"Cargo bike enthusiasts, since 1992\",\"publisher\":{\"@id\":\"https:\\\/\\\/amladcykler.com\\\/de\\\/#organization\"},\"potentialAction\":[{\"@type\":\"SearchAction\",\"target\":{\"@type\":\"EntryPoint\",\"urlTemplate\":\"https:\\\/\\\/amladcykler.com\\\/de\\\/?s={search_term_string}\"},\"query-input\":{\"@type\":\"PropertyValueSpecification\",\"valueRequired\":true,\"valueName\":\"search_term_string\"}}],\"inLanguage\":\"de\"},{\"@type\":\"Organization\",\"@id\":\"https:\\\/\\\/amladcykler.com\\\/de\\\/#organization\",\"name\":\"Andersen & Meldgaard A\\\/S\",\"url\":\"https:\\\/\\\/amladcykler.com\\\/de\\\/\",\"logo\":{\"@type\":\"ImageObject\",\"inLanguage\":\"de\",\"@id\":\"https:\\\/\\\/amladcykler.com\\\/de\\\/#\\\/schema\\\/logo\\\/image\\\/\",\"url\":\"https:\\\/\\\/amladcykler.com\\\/wp-content\\\/uploads\\\/2025\\\/03\\\/Amladcykler.com-logo-1025x1025-Uden-baggrund.png\",\"contentUrl\":\"https:\\\/\\\/amladcykler.com\\\/wp-content\\\/uploads\\\/2025\\\/03\\\/Amladcykler.com-logo-1025x1025-Uden-baggrund.png\",\"width\":1025,\"height\":1025,\"caption\":\"Andersen & Meldgaard A\\\/S\"},\"image\":{\"@id\":\"https:\\\/\\\/amladcykler.com\\\/de\\\/#\\\/schema\\\/logo\\\/image\\\/\"},\"sameAs\":[\"https:\\\/\\\/www.facebook.com\\\/ladcykel\",\"https:\\\/\\\/x.com\\\/amladcykler\",\"https:\\\/\\\/www.linkedin.com\\\/company\\\/amladcykler\\\/\",\"https:\\\/\\\/www.youtube.com\\\/channel\\\/UCG9qwiqZHe9bDeCzHYcc0eQ\",\"https:\\\/\\\/www.instagram.com\\\/amladcykler\\\/\"]}]}<\/script>\n<!-- \/ Yoast SEO plugin. -->","yoast_head_json":{"title":"Elektrisches Cargo Bike - Deluxe mit allem - Ab 1.922 \u20ac","description":"Electric Cargo Bike - Deluxe - D\u00e4nisches Design und mehr als 25 Jahre Erfahrung. Angebot jetzt - Alles inklusive - Amladcykler","robots":{"index":"index","follow":"follow","max-snippet":"max-snippet:-1","max-image-preview":"max-image-preview:large","max-video-preview":"max-video-preview:-1"},"canonical":"https:\/\/amladcykler.com\/de\/product\/lastenfahrrad-elektro-deluxe\/","og_locale":"de_DE","og_type":"article","og_title":"Elektrisches Cargo Bike - Deluxe mit allem - Ab 1.922 \u20ac","og_description":"Electric Cargo Bike - Deluxe - D\u00e4nisches Design und mehr als 25 Jahre Erfahrung. Angebot jetzt - Alles inklusive - Amladcykler","og_url":"https:\/\/amladcykler.com\/de\/product\/lastenfahrrad-elektro-deluxe\/","og_site_name":"Amladcykler.com","article_publisher":"https:\/\/www.facebook.com\/ladcykel","article_modified_time":"2026-03-26T10:27:45+00:00","og_image":[{"width":2560,"height":2171,"url":"https:\/\/amladcykler.com\/wp-content\/uploads\/2017\/12\/Electric-Cargo-Bike-Deluxe-scaled.jpg","type":"image\/jpeg"}],"twitter_card":"summary_large_image","twitter_site":"@amladcykler","twitter_misc":{"Gesch\u00e4tzte Lesezeit":"3\u00a0Minuten"},"schema":{"@context":"https:\/\/schema.org","@graph":[{"@type":"WebPage","@id":"https:\/\/amladcykler.com\/de\/product\/lastenfahrrad-elektro-deluxe\/","url":"https:\/\/amladcykler.com\/de\/product\/lastenfahrrad-elektro-deluxe\/","name":"Elektrisches Cargo Bike - Deluxe mit allem - Ab 1.922 \u20ac","isPartOf":{"@id":"https:\/\/amladcykler.com\/de\/#website"},"primaryImageOfPage":{"@id":"https:\/\/amladcykler.com\/de\/product\/lastenfahrrad-elektro-deluxe\/#primaryimage"},"image":{"@id":"https:\/\/amladcykler.com\/de\/product\/lastenfahrrad-elektro-deluxe\/#primaryimage"},"thumbnailUrl":"https:\/\/amladcykler.com\/wp-content\/uploads\/2017\/12\/Electric-Cargo-Bike-Deluxe-scaled.jpg","datePublished":"2017-12-11T13:31:49+00:00","dateModified":"2026-03-26T10:27:45+00:00","description":"Electric Cargo Bike - Deluxe - D\u00e4nisches Design und mehr als 25 Jahre Erfahrung. Angebot jetzt - Alles inklusive - Amladcykler","breadcrumb":{"@id":"https:\/\/amladcykler.com\/de\/product\/lastenfahrrad-elektro-deluxe\/#breadcrumb"},"inLanguage":"de","potentialAction":[{"@type":"ReadAction","target":["https:\/\/amladcykler.com\/de\/product\/lastenfahrrad-elektro-deluxe\/"]}]},{"@type":"ImageObject","inLanguage":"de","@id":"https:\/\/amladcykler.com\/de\/product\/lastenfahrrad-elektro-deluxe\/#primaryimage","url":"https:\/\/amladcykler.com\/wp-content\/uploads\/2017\/12\/Electric-Cargo-Bike-Deluxe-scaled.jpg","contentUrl":"https:\/\/amladcykler.com\/wp-content\/uploads\/2017\/12\/Electric-Cargo-Bike-Deluxe-scaled.jpg","width":2560,"height":2171,"caption":"Kunde: Amlad cykler dato : Opgave: produkt foto Journalist: S\u00f8ren"},{"@type":"BreadcrumbList","@id":"https:\/\/amladcykler.com\/de\/product\/lastenfahrrad-elektro-deluxe\/#breadcrumb","itemListElement":[{"@type":"ListItem","position":1,"name":"Home","item":"https:\/\/amladcykler.com\/de\/"},{"@type":"ListItem","position":2,"name":"Shop","item":"https:\/\/amladcykler.com\/shop\/"},{"@type":"ListItem","position":3,"name":"Lastenfahrrad elektro &#8211; Deluxe"}]},{"@type":"WebSite","@id":"https:\/\/amladcykler.com\/de\/#website","url":"https:\/\/amladcykler.com\/de\/","name":"Amladcykler.com","description":"Cargo bike enthusiasts, since 1992","publisher":{"@id":"https:\/\/amladcykler.com\/de\/#organization"},"potentialAction":[{"@type":"SearchAction","target":{"@type":"EntryPoint","urlTemplate":"https:\/\/amladcykler.com\/de\/?s={search_term_string}"},"query-input":{"@type":"PropertyValueSpecification","valueRequired":true,"valueName":"search_term_string"}}],"inLanguage":"de"},{"@type":"Organization","@id":"https:\/\/amladcykler.com\/de\/#organization","name":"Andersen & Meldgaard A\/S","url":"https:\/\/amladcykler.com\/de\/","logo":{"@type":"ImageObject","inLanguage":"de","@id":"https:\/\/amladcykler.com\/de\/#\/schema\/logo\/image\/","url":"https:\/\/amladcykler.com\/wp-content\/uploads\/2025\/03\/Amladcykler.com-logo-1025x1025-Uden-baggrund.png","contentUrl":"https:\/\/amladcykler.com\/wp-content\/uploads\/2025\/03\/Amladcykler.com-logo-1025x1025-Uden-baggrund.png","width":1025,"height":1025,"caption":"Andersen & Meldgaard A\/S"},"image":{"@id":"https:\/\/amladcykler.com\/de\/#\/schema\/logo\/image\/"},"sameAs":["https:\/\/www.facebook.com\/ladcykel","https:\/\/x.com\/amladcykler","https:\/\/www.linkedin.com\/company\/amladcykler\/","https:\/\/www.youtube.com\/channel\/UCG9qwiqZHe9bDeCzHYcc0eQ","https:\/\/www.instagram.com\/amladcykler\/"]}]}},"_links":{"self":[{"href":"https:\/\/amladcykler.com\/de\/wp-json\/wp\/v2\/product\/7712","targetHints":{"allow":["GET"]}}],"collection":[{"href":"https:\/\/amladcykler.com\/de\/wp-json\/wp\/v2\/product"}],"about":[{"href":"https:\/\/amladcykler.com\/de\/wp-json\/wp\/v2\/types\/product"}],"replies":[{"embeddable":true,"href":"https:\/\/amladcykler.com\/de\/wp-json\/wp\/v2\/comments?post=7712"}],"wp:featuredmedia":[{"embeddable":true,"href":"https:\/\/amladcykler.com\/de\/wp-json\/wp\/v2\/media\/8432"}],"wp:attachment":[{"href":"https:\/\/amladcykler.com\/de\/wp-json\/wp\/v2\/media?parent=7712"}],"wp:term":[{"taxonomy":"product_brand","embeddable":true,"href":"https:\/\/amladcykler.com\/de\/wp-json\/wp\/v2\/product_brand?post=7712"},{"taxonomy":"product_cat","embeddable":true,"href":"https:\/\/amladcykler.com\/de\/wp-json\/wp\/v2\/product_cat?post=7712"},{"taxonomy":"product_tag","embeddable":true,"href":"https:\/\/amladcykler.com\/de\/wp-json\/wp\/v2\/product_tag?post=7712"}],"curies":[{"name":"wp","href":"https:\/\/api.w.org\/{rel}","templated":true}]}}