{"id":7683,"date":"2019-12-23T09:32:00","date_gmt":"2019-12-23T09:32:00","guid":{"rendered":"https:\/\/amladcykler.com\/product\/elektrisches-lastenfahrrad-ultimate-curve\/"},"modified":"2026-03-26T11:28:09","modified_gmt":"2026-03-26T10:28:09","slug":"lastenfahrrad-elektro-ultimate-curve","status":"publish","type":"product","link":"https:\/\/amladcykler.com\/de\/product\/lastenfahrrad-elektro-ultimate-curve\/","title":{"rendered":"Lastenfahrrad Elektro &#8211; Ultimate Curve"},"content":{"rendered":"<h2>Lastenfahrrad Elektro &#8211; Ultimate Curve<\/h2>\n<p>Das Electric Cargo Bike &#8211; Ultimate Curve &#8211; Modell ist unser absolutes Spitzenmodell im &#8222;schlanken&#8220; Design, mattschwarzer Farbe und mit dem neuesten Anti-Tilt-Lenksystem. Es ist nat\u00fcrlich f\u00fcr kurze und lange Fahrten gedacht (wir haben den besten 13 -Ah-Akku eingebaut), aber Sie k\u00f6nnen Ihre pannenfreien Reifen auch auf Schotterstra\u00dfen oder in der Stadt genie\u00dfen, selbst wenn diese nicht gefegt sind. Wie unsere anderen elektrischen Cargobike-Modelle ist auch das Ultimate Curve-Modell extrem leicht zu erlernen. Ein paar gute Fahrten und Sie haben das Gef\u00fchl, Ihr ganzes Leben lang ein Cargobike zu fahren. F\u00fcr unser Spitzenmodell haben wir auch das ultimative Bremssystem gew\u00e4hlt. Unsere Leidenschaft f\u00fcr Cargobikes bedeutet, dass wir bei unserem Topmodell unsere Seele in dieses Projekt gesteckt haben, um den letzten Schliff der Fahrr\u00e4der perfekt zu machen. Man k\u00f6nnte meinen, dass die speziellen hydraulischen Scheibenbremsen zu gut f\u00fcr ein Fahrrad sind, aber wir sind anderer Meinung! Das System f\u00fchlt sich wie Butter an, wenn Sie zum Bremsen schieben. Um noch einen Schritt weiter zu gehen, haben wir auch ein elektrisches Bremssystem eingebaut, das ein Signal direkt von den Bremsen an den Motor sendet, um anzuhalten.<\/p>\n<p><b>Das ultimative Cargobike<\/b><br \/>\nF\u00fcr Sie, die das Allerbeste von Amladcykler besitzen sollten, ist ein Elektrofahrrad im Modell Electric Cargo Bike &#8211; Ultimate Curve die richtige Wahl. Es kostet zwar ein bisschen mehr, aber mit diesem Modell haben Sie so viel Freude. Wir haben besonders auf die Details geachtet und daf\u00fcr gesorgt, dass dieses Topmodell Ihre Erwartungen jederzeit erf\u00fcllen kann. Das Fahrrad wird nach d\u00e4nischem Design gefertigt, wobei wir gro\u00dfen Wert auf besonders gute Qualit\u00e4t legen. Es wird in unserer lokalen Montagewerkstatt abgeholt, wo wir alle Teile \u00fcberpr\u00fcfen und sicherstellen, dass Sie ein fertiges Produkt mit allen Teilen in Ordnung erhalten. Vielleicht hatten Sie bereits Ihr erstes elektrisches Cargobike und wollen jetzt nur noch das Beste. Alle Fahrr\u00e4der m\u00fcssen gewartet werden, aber wir versprechen Ihnen, dass dieses Fahrrad viel l\u00e4nger halten wird als sonst, da Teile, die normalerweise verschlei\u00dfen, durch besonders widerstandsf\u00e4hige Materialien ersetzt werden. So werden Sie zum Beispiel nur minimale Reifenpannen erleben und k\u00f6nnen auch in anspruchsvollerem Gel\u00e4nde fahren. Sie erhalten auf allen 3 R\u00e4dern pannensichere Reifen in guter Qualit\u00e4t von dem renommierten Anbieter Kenda. Au\u00dferdem haben wir das Ultimate Curve mit hydraulischen Bremsen von BENGAL mit elektrischem Bremssystem ausgestattet. Diese Details heben das Modell in eine ganz andere Liga, in der nur wenige in D\u00e4nemark mithalten k\u00f6nnen. Nat\u00fcrlich verf\u00fcgt das Modell \u00fcber all die anderen guten Teile, wie die Shimano-Schaltung, das erstaunliche 250W-Motorsystem aus Japan, den leistungsstarken Akku 13Ah &#8211; 468WH. Auch bei diesem Modell werden Sie nicht den Eindruck haben, dass Sie sich mit dem Lenker nach links oder rechts bewegen. Viele machen diese Erfahrung, wenn sie ihr Cargobike jahrelang ohne Wartung benutzen, aber mit den hydraulischen Scheibenbremsen werden Sie feststellen, dass Sie dieser Herausforderung nicht mehr gegen\u00fcberstehen und Ihr Fahrrad sich immer leicht und ohne Wartung drehen wird. Es regelt das System selbst. Das Modell Ultimate Curve ist definitiv unser pers\u00f6nlicher Favorit.<\/p>\n<p><b>Amladcykler ist d\u00e4nische Qualit\u00e4t<\/b><br \/>\nDie einen nennen uns Profis und die anderen &#8222;Nerds&#8220;. Zugegeben. Wir arbeiten schon seit vielen Jahren mit Fahrr\u00e4dern. Die Wurzeln unseres Unternehmens reichen bis ins Jahr 92 zur\u00fcck und ja, wir sind nicht mehr ganz jung. Das Fachwissen, das wir haben, finden Sie in unseren d\u00e4nisch designten und d\u00e4nischen Komplettfahrr\u00e4dern. Wir sind hartn\u00e4ckig, wenn es darum geht, unsere Modelle zu \u00e4ndern, damit wir immer das anbieten k\u00f6nnen, was wir f\u00fcr das beste Elektro-Cargobike zu diesem Preis halten. Das Elektro-Cargobike Ultimate Curve Modell wird nach den W\u00fcnschen und Anregungen unserer Kunden f\u00fcr Sie hergestellt. Unsere Cargobikes sind komplett &#8222;frisch&#8220;. Wir bauen Ihr Elektro-Cargobike erst zusammen, wenn wir Ihre Bestellung erhalten haben. Das ist Ihre Garantie daf\u00fcr, dass Sie ein brandneues Fahrrad erhalten, das an allen Leitungen und Kanten gepr\u00fcft wurde, um Ihnen die beste Qualit\u00e4t zu garantieren.<\/p>\n<div class=\"container section-title-container\" ><h3 class=\"section-title section-title-normal\"><b><\/b><span class=\"section-title-main\" >Details<\/span><b><\/b><\/h3><\/div>\n<ul>\n<li class=\"bullet-arrow\">Hochwertiger verstellbarer Sitz mit Sto\u00dfd\u00e4mpfer und extra Komfort.<\/li>\n<li class=\"bullet-arrow\">Verstellbarer fahrradgriff mit ergonomischem ledergriff, der in der h\u00f6he verstellt werden kann.<\/li>\n<li class=\"bullet-arrow\">Die unterseite der box und des kindersitzes sind mit rutschfestem material behandelt. (Anti-Rutsch)<\/li>\n<li class=\"bullet-arrow\">Niedrige einstiegsh\u00f6he.<\/li>\n<li class=\"bullet-arrow\">Platz f\u00fcr einen kinderstuhl.<\/li>\n<\/ul>\n","protected":false},"excerpt":{"rendered":"<h1>Modell: Lastenfahrrad Elektro &#8211; Ultimate Curve<\/h1>\n<ul>\n<li class=\"bullet-checkmark\">Leistungsstarke Stahl\/Aluminium-Konstruktion<\/li>\n<li class=\"bullet-checkmark\">Modernes &#8222;schlankes&#8220; Design und mattschwarze Farbe<\/li>\n<li class=\"bullet-checkmark\">Das hydraulische Bremssystem von BENGAL f\u00fcr vorne und hinten, einschlie\u00dflich des elektrischen Bremssystems (minimiert automatisch den Einsatz der Handkr\u00e4fte beim Bet\u00e4tigen der Bremsgriffe und aktiviert gleichzeitig den Motorstopp)<\/li>\n<li class=\"bullet-checkmark\">Neuestes Anti-Tilt-Lenksystem<\/li>\n<li class=\"bullet-checkmark\">Leistungsstarker Motor, der mit einer vollen Ladung bis zu 65 km, dank einer 13 Ah-Batterie &#8211; 468WH (auch im Winter)<\/li>\n<li class=\"bullet-checkmark\">3 starke Anti-Pannen-Reifen<\/li>\n<li class=\"bullet-checkmark\">Einfaches und benutzerfreundliches bediendisplay<\/li>\n<\/ul>\n<p><span style=\"font-size: 110%;\" data-text-color=\"alert\"><!-- wpml:de:remove --><\/span><\/p>\n<p><span style=\"font-size: 80%;\" data-text-color=\"alert\"><!-- wpml:de:remove --><\/span><\/p>\n<a href=\"https:\/\/amladcykler.com\/de\/product\/lastenfahrrad-elektro-ultimate-harmony\/?v=0ecbf9426bcf\" class=\"button primary is-primary is-medium\"  >\n\t\t<span>Upgrade auf das Modell Ultimate Harmony<\/span>\n\t<\/a>\n\n","protected":false},"featured_media":8435,"comment_status":"closed","ping_status":"closed","template":"","meta":[],"product_brand":[338],"product_cat":[134],"product_tag":[],"class_list":["post-7683","product","type-product","status-publish","has-post-thumbnail","product_brand-amladcykler-de","product_cat-lastenfahrrad-elektro","first","instock","featured","taxable","shipping-taxable","purchasable","product-type-simple"],"yoast_head":"<!-- This site is optimized with the Yoast SEO plugin v28.4 - https:\/\/yoast.com\/product\/yoast-seo-wordpress\/ -->\n<title>Electric Cargo Bike - Ultimate Curve mit allem Drum und Dran.<\/title>\n<meta name=\"description\" content=\"Elektrisches Cargo-Bike mit d\u00e4nischem Design - Ultimate Curve, das auf mehr als 25 Jahren Erfahrung mit Fahrr\u00e4dern basiert. Jetzt anbieten - Amladcykler\" \/>\n<meta name=\"robots\" content=\"index, follow, max-snippet:-1, max-image-preview:large, max-video-preview:-1\" \/>\n<link rel=\"canonical\" href=\"https:\/\/amladcykler.com\/de\/product\/lastenfahrrad-elektro-ultimate-curve\/\" \/>\n<meta property=\"og:locale\" content=\"de_DE\" \/>\n<meta property=\"og:type\" content=\"article\" \/>\n<meta property=\"og:title\" content=\"Electric Cargo Bike - Ultimate Curve mit allem Drum und Dran.\" \/>\n<meta property=\"og:description\" content=\"Elektrisches Cargo-Bike mit d\u00e4nischem Design - Ultimate Curve, das auf mehr als 25 Jahren Erfahrung mit Fahrr\u00e4dern basiert. Jetzt anbieten - Amladcykler\" \/>\n<meta property=\"og:url\" content=\"https:\/\/amladcykler.com\/de\/product\/lastenfahrrad-elektro-ultimate-curve\/\" \/>\n<meta property=\"og:site_name\" content=\"Amladcykler.com\" \/>\n<meta property=\"article:publisher\" content=\"https:\/\/www.facebook.com\/ladcykel\" \/>\n<meta property=\"article:modified_time\" content=\"2026-03-26T10:28:09+00:00\" \/>\n<meta property=\"og:image\" content=\"https:\/\/amladcykler.com\/wp-content\/uploads\/2019\/12\/Electric-Cargo-Bike-Ultimate-Curve-scaled.jpg\" \/>\n\t<meta property=\"og:image:width\" content=\"2560\" \/>\n\t<meta property=\"og:image:height\" content=\"2060\" \/>\n\t<meta property=\"og:image:type\" content=\"image\/jpeg\" \/>\n<meta name=\"twitter:card\" content=\"summary_large_image\" \/>\n<meta name=\"twitter:site\" content=\"@amladcykler\" \/>\n<meta name=\"twitter:label1\" content=\"Gesch\u00e4tzte Lesezeit\" \/>\n\t<meta name=\"twitter:data1\" content=\"4\u00a0Minuten\" \/>\n<script type=\"application\/ld+json\" class=\"yoast-schema-graph\">{\"@context\":\"https:\\\/\\\/schema.org\",\"@graph\":[{\"@type\":\"WebPage\",\"@id\":\"https:\\\/\\\/amladcykler.com\\\/de\\\/product\\\/lastenfahrrad-elektro-ultimate-curve\\\/\",\"url\":\"https:\\\/\\\/amladcykler.com\\\/de\\\/product\\\/lastenfahrrad-elektro-ultimate-curve\\\/\",\"name\":\"Electric Cargo Bike - Ultimate Curve mit allem Drum und Dran.\",\"isPartOf\":{\"@id\":\"https:\\\/\\\/amladcykler.com\\\/de\\\/#website\"},\"primaryImageOfPage\":{\"@id\":\"https:\\\/\\\/amladcykler.com\\\/de\\\/product\\\/lastenfahrrad-elektro-ultimate-curve\\\/#primaryimage\"},\"image\":{\"@id\":\"https:\\\/\\\/amladcykler.com\\\/de\\\/product\\\/lastenfahrrad-elektro-ultimate-curve\\\/#primaryimage\"},\"thumbnailUrl\":\"https:\\\/\\\/amladcykler.com\\\/wp-content\\\/uploads\\\/2019\\\/12\\\/Electric-Cargo-Bike-Ultimate-Curve-scaled.jpg\",\"datePublished\":\"2019-12-23T09:32:00+00:00\",\"dateModified\":\"2026-03-26T10:28:09+00:00\",\"description\":\"Elektrisches Cargo-Bike mit d\u00e4nischem Design - Ultimate Curve, das auf mehr als 25 Jahren Erfahrung mit Fahrr\u00e4dern basiert. Jetzt anbieten - Amladcykler\",\"breadcrumb\":{\"@id\":\"https:\\\/\\\/amladcykler.com\\\/de\\\/product\\\/lastenfahrrad-elektro-ultimate-curve\\\/#breadcrumb\"},\"inLanguage\":\"de\",\"potentialAction\":[{\"@type\":\"ReadAction\",\"target\":[\"https:\\\/\\\/amladcykler.com\\\/de\\\/product\\\/lastenfahrrad-elektro-ultimate-curve\\\/\"]}]},{\"@type\":\"ImageObject\",\"inLanguage\":\"de\",\"@id\":\"https:\\\/\\\/amladcykler.com\\\/de\\\/product\\\/lastenfahrrad-elektro-ultimate-curve\\\/#primaryimage\",\"url\":\"https:\\\/\\\/amladcykler.com\\\/wp-content\\\/uploads\\\/2019\\\/12\\\/Electric-Cargo-Bike-Ultimate-Curve-scaled.jpg\",\"contentUrl\":\"https:\\\/\\\/amladcykler.com\\\/wp-content\\\/uploads\\\/2019\\\/12\\\/Electric-Cargo-Bike-Ultimate-Curve-scaled.jpg\",\"width\":2560,\"height\":2060,\"caption\":\"Kunde: Amlad cykler dato : Opgave: produkt foto Journalist: S\u00f8ren\"},{\"@type\":\"BreadcrumbList\",\"@id\":\"https:\\\/\\\/amladcykler.com\\\/de\\\/product\\\/lastenfahrrad-elektro-ultimate-curve\\\/#breadcrumb\",\"itemListElement\":[{\"@type\":\"ListItem\",\"position\":1,\"name\":\"Home\",\"item\":\"https:\\\/\\\/amladcykler.com\\\/de\\\/\"},{\"@type\":\"ListItem\",\"position\":2,\"name\":\"Shop\",\"item\":\"https:\\\/\\\/amladcykler.com\\\/shop\\\/\"},{\"@type\":\"ListItem\",\"position\":3,\"name\":\"Lastenfahrrad Elektro &#8211; Ultimate Curve\"}]},{\"@type\":\"WebSite\",\"@id\":\"https:\\\/\\\/amladcykler.com\\\/de\\\/#website\",\"url\":\"https:\\\/\\\/amladcykler.com\\\/de\\\/\",\"name\":\"Amladcykler.com\",\"description\":\"Cargo bike enthusiasts, since 1992\",\"publisher\":{\"@id\":\"https:\\\/\\\/amladcykler.com\\\/de\\\/#organization\"},\"potentialAction\":[{\"@type\":\"SearchAction\",\"target\":{\"@type\":\"EntryPoint\",\"urlTemplate\":\"https:\\\/\\\/amladcykler.com\\\/de\\\/?s={search_term_string}\"},\"query-input\":{\"@type\":\"PropertyValueSpecification\",\"valueRequired\":true,\"valueName\":\"search_term_string\"}}],\"inLanguage\":\"de\"},{\"@type\":\"Organization\",\"@id\":\"https:\\\/\\\/amladcykler.com\\\/de\\\/#organization\",\"name\":\"Andersen & Meldgaard A\\\/S\",\"url\":\"https:\\\/\\\/amladcykler.com\\\/de\\\/\",\"logo\":{\"@type\":\"ImageObject\",\"inLanguage\":\"de\",\"@id\":\"https:\\\/\\\/amladcykler.com\\\/de\\\/#\\\/schema\\\/logo\\\/image\\\/\",\"url\":\"https:\\\/\\\/amladcykler.com\\\/wp-content\\\/uploads\\\/2025\\\/03\\\/Amladcykler.com-logo-1025x1025-Uden-baggrund.png\",\"contentUrl\":\"https:\\\/\\\/amladcykler.com\\\/wp-content\\\/uploads\\\/2025\\\/03\\\/Amladcykler.com-logo-1025x1025-Uden-baggrund.png\",\"width\":1025,\"height\":1025,\"caption\":\"Andersen & Meldgaard A\\\/S\"},\"image\":{\"@id\":\"https:\\\/\\\/amladcykler.com\\\/de\\\/#\\\/schema\\\/logo\\\/image\\\/\"},\"sameAs\":[\"https:\\\/\\\/www.facebook.com\\\/ladcykel\",\"https:\\\/\\\/x.com\\\/amladcykler\",\"https:\\\/\\\/www.linkedin.com\\\/company\\\/amladcykler\\\/\",\"https:\\\/\\\/www.youtube.com\\\/channel\\\/UCG9qwiqZHe9bDeCzHYcc0eQ\",\"https:\\\/\\\/www.instagram.com\\\/amladcykler\\\/\"]}]}<\/script>\n<!-- \/ Yoast SEO plugin. -->","yoast_head_json":{"title":"Electric Cargo Bike - Ultimate Curve mit allem Drum und Dran.","description":"Elektrisches Cargo-Bike mit d\u00e4nischem Design - Ultimate Curve, das auf mehr als 25 Jahren Erfahrung mit Fahrr\u00e4dern basiert. Jetzt anbieten - Amladcykler","robots":{"index":"index","follow":"follow","max-snippet":"max-snippet:-1","max-image-preview":"max-image-preview:large","max-video-preview":"max-video-preview:-1"},"canonical":"https:\/\/amladcykler.com\/de\/product\/lastenfahrrad-elektro-ultimate-curve\/","og_locale":"de_DE","og_type":"article","og_title":"Electric Cargo Bike - Ultimate Curve mit allem Drum und Dran.","og_description":"Elektrisches Cargo-Bike mit d\u00e4nischem Design - Ultimate Curve, das auf mehr als 25 Jahren Erfahrung mit Fahrr\u00e4dern basiert. Jetzt anbieten - Amladcykler","og_url":"https:\/\/amladcykler.com\/de\/product\/lastenfahrrad-elektro-ultimate-curve\/","og_site_name":"Amladcykler.com","article_publisher":"https:\/\/www.facebook.com\/ladcykel","article_modified_time":"2026-03-26T10:28:09+00:00","og_image":[{"width":2560,"height":2060,"url":"https:\/\/amladcykler.com\/wp-content\/uploads\/2019\/12\/Electric-Cargo-Bike-Ultimate-Curve-scaled.jpg","type":"image\/jpeg"}],"twitter_card":"summary_large_image","twitter_site":"@amladcykler","twitter_misc":{"Gesch\u00e4tzte Lesezeit":"4\u00a0Minuten"},"schema":{"@context":"https:\/\/schema.org","@graph":[{"@type":"WebPage","@id":"https:\/\/amladcykler.com\/de\/product\/lastenfahrrad-elektro-ultimate-curve\/","url":"https:\/\/amladcykler.com\/de\/product\/lastenfahrrad-elektro-ultimate-curve\/","name":"Electric Cargo Bike - Ultimate Curve mit allem Drum und Dran.","isPartOf":{"@id":"https:\/\/amladcykler.com\/de\/#website"},"primaryImageOfPage":{"@id":"https:\/\/amladcykler.com\/de\/product\/lastenfahrrad-elektro-ultimate-curve\/#primaryimage"},"image":{"@id":"https:\/\/amladcykler.com\/de\/product\/lastenfahrrad-elektro-ultimate-curve\/#primaryimage"},"thumbnailUrl":"https:\/\/amladcykler.com\/wp-content\/uploads\/2019\/12\/Electric-Cargo-Bike-Ultimate-Curve-scaled.jpg","datePublished":"2019-12-23T09:32:00+00:00","dateModified":"2026-03-26T10:28:09+00:00","description":"Elektrisches Cargo-Bike mit d\u00e4nischem Design - Ultimate Curve, das auf mehr als 25 Jahren Erfahrung mit Fahrr\u00e4dern basiert. Jetzt anbieten - Amladcykler","breadcrumb":{"@id":"https:\/\/amladcykler.com\/de\/product\/lastenfahrrad-elektro-ultimate-curve\/#breadcrumb"},"inLanguage":"de","potentialAction":[{"@type":"ReadAction","target":["https:\/\/amladcykler.com\/de\/product\/lastenfahrrad-elektro-ultimate-curve\/"]}]},{"@type":"ImageObject","inLanguage":"de","@id":"https:\/\/amladcykler.com\/de\/product\/lastenfahrrad-elektro-ultimate-curve\/#primaryimage","url":"https:\/\/amladcykler.com\/wp-content\/uploads\/2019\/12\/Electric-Cargo-Bike-Ultimate-Curve-scaled.jpg","contentUrl":"https:\/\/amladcykler.com\/wp-content\/uploads\/2019\/12\/Electric-Cargo-Bike-Ultimate-Curve-scaled.jpg","width":2560,"height":2060,"caption":"Kunde: Amlad cykler dato : Opgave: produkt foto Journalist: S\u00f8ren"},{"@type":"BreadcrumbList","@id":"https:\/\/amladcykler.com\/de\/product\/lastenfahrrad-elektro-ultimate-curve\/#breadcrumb","itemListElement":[{"@type":"ListItem","position":1,"name":"Home","item":"https:\/\/amladcykler.com\/de\/"},{"@type":"ListItem","position":2,"name":"Shop","item":"https:\/\/amladcykler.com\/shop\/"},{"@type":"ListItem","position":3,"name":"Lastenfahrrad Elektro &#8211; Ultimate Curve"}]},{"@type":"WebSite","@id":"https:\/\/amladcykler.com\/de\/#website","url":"https:\/\/amladcykler.com\/de\/","name":"Amladcykler.com","description":"Cargo bike enthusiasts, since 1992","publisher":{"@id":"https:\/\/amladcykler.com\/de\/#organization"},"potentialAction":[{"@type":"SearchAction","target":{"@type":"EntryPoint","urlTemplate":"https:\/\/amladcykler.com\/de\/?s={search_term_string}"},"query-input":{"@type":"PropertyValueSpecification","valueRequired":true,"valueName":"search_term_string"}}],"inLanguage":"de"},{"@type":"Organization","@id":"https:\/\/amladcykler.com\/de\/#organization","name":"Andersen & Meldgaard A\/S","url":"https:\/\/amladcykler.com\/de\/","logo":{"@type":"ImageObject","inLanguage":"de","@id":"https:\/\/amladcykler.com\/de\/#\/schema\/logo\/image\/","url":"https:\/\/amladcykler.com\/wp-content\/uploads\/2025\/03\/Amladcykler.com-logo-1025x1025-Uden-baggrund.png","contentUrl":"https:\/\/amladcykler.com\/wp-content\/uploads\/2025\/03\/Amladcykler.com-logo-1025x1025-Uden-baggrund.png","width":1025,"height":1025,"caption":"Andersen & Meldgaard A\/S"},"image":{"@id":"https:\/\/amladcykler.com\/de\/#\/schema\/logo\/image\/"},"sameAs":["https:\/\/www.facebook.com\/ladcykel","https:\/\/x.com\/amladcykler","https:\/\/www.linkedin.com\/company\/amladcykler\/","https:\/\/www.youtube.com\/channel\/UCG9qwiqZHe9bDeCzHYcc0eQ","https:\/\/www.instagram.com\/amladcykler\/"]}]}},"_links":{"self":[{"href":"https:\/\/amladcykler.com\/de\/wp-json\/wp\/v2\/product\/7683","targetHints":{"allow":["GET"]}}],"collection":[{"href":"https:\/\/amladcykler.com\/de\/wp-json\/wp\/v2\/product"}],"about":[{"href":"https:\/\/amladcykler.com\/de\/wp-json\/wp\/v2\/types\/product"}],"replies":[{"embeddable":true,"href":"https:\/\/amladcykler.com\/de\/wp-json\/wp\/v2\/comments?post=7683"}],"wp:featuredmedia":[{"embeddable":true,"href":"https:\/\/amladcykler.com\/de\/wp-json\/wp\/v2\/media\/8435"}],"wp:attachment":[{"href":"https:\/\/amladcykler.com\/de\/wp-json\/wp\/v2\/media?parent=7683"}],"wp:term":[{"taxonomy":"product_brand","embeddable":true,"href":"https:\/\/amladcykler.com\/de\/wp-json\/wp\/v2\/product_brand?post=7683"},{"taxonomy":"product_cat","embeddable":true,"href":"https:\/\/amladcykler.com\/de\/wp-json\/wp\/v2\/product_cat?post=7683"},{"taxonomy":"product_tag","embeddable":true,"href":"https:\/\/amladcykler.com\/de\/wp-json\/wp\/v2\/product_tag?post=7683"}],"curies":[{"name":"wp","href":"https:\/\/api.w.org\/{rel}","templated":true}]}}