{"id":7648,"date":"2023-10-06T09:35:35","date_gmt":"2023-10-06T07:35:35","guid":{"rendered":"https:\/\/amladcykler.com\/product\/abdeckboegen-zweiteilig-passend-fuer-das-elektrische-cargo-bike-ultimate-harmony\/"},"modified":"2025-03-24T09:14:28","modified_gmt":"2025-03-24T08:14:28","slug":"abdeckboegen-zweiteilig-passend-fuer-das-elektrische-cargo-bike-ultimate-harmony","status":"publish","type":"product","link":"https:\/\/amladcykler.com\/de\/product\/abdeckboegen-zweiteilig-passend-fuer-das-elektrische-cargo-bike-ultimate-harmony\/","title":{"rendered":"B\u00f6gen f\u00fcr das Vordach &#8211; Zwei Teile, passend f\u00fcr das elektrische Lastenfahrrad Ultimate Harmony"},"content":{"rendered":"<h3>B\u00f6gen f\u00fcr das Vordach &#8211; Zwei Teile, passend f\u00fcr das elektrische Lastenfahrrad Ultimate Harmony<\/h3>\n<p>B\u00f6gen f\u00fcr das Vordach. Der Transport von G\u00fctern auf Ihrem Electric Cargo Bike &#8211; Ultimate Harmony kann eine Herausforderung sein, insbesondere bei unvorhersehbaren Wetterbedingungen. Hier kommen unsere Verdeckabdeckb\u00f6gen ins Spiel &#8211; sie wurden entwickelt, um Ihr Verdeck auf Ihrem Ultimate Harmony an Ort und Stelle zu halten, damit Kinder oder Ladung w\u00e4hrend des Transports trocken und sicher sind, egal bei welchem Wetter. Unsere Vordachb\u00f6gen sind aus hochwertigen Materialien gefertigt, die f\u00fcr eine lange Lebensdauer sorgen und Ihre Ladung dauerhaft sch\u00fctzen.   <\/p>\n<p>Mit ihrem sicheren und einfach zu montierenden Design lassen sich diese B\u00f6gen leicht auf Ihrem Ultimate Harmony anbringen und sorgen f\u00fcr einen festen und stabilen Sitz. Und mit einem Satz aus zwei Teilen k\u00f6nnen Sie sicher sein, dass Ihre Kinder oder Ihre Ladung vollst\u00e4ndig von dem Verdeck bedeckt sind, das maximalen Schutz vor Regen, Sonne und anderen Elementen bietet. Wir wissen, dass Bequemlichkeit das Wichtigste ist, wenn es um Zubeh\u00f6r zum Transport von Lasten geht. Deshalb sind unsere Abdeckb\u00f6gen f\u00fcr Ultimate Harmony leicht, einfach abnehmbar und leicht zu verstauen, wenn sie nicht gebraucht werden. Bringen Sie sie einfach an, wenn Sie sie brauchen, und nehmen Sie sie ab, wenn Sie sie nicht brauchen.    <\/p>\n<p>Wir bei Amladcykler sind bestrebt, unseren Kunden die bestm\u00f6glichen L\u00f6sungen f\u00fcr ihre Bed\u00fcrfnisse beim Transport von G\u00fctern zu bieten. Unsere Abdeckb\u00f6gen f\u00fcr Ultimate Harmony sind da keine Ausnahme. Sie wurden mit Blick auf Praktikabilit\u00e4t, Haltbarkeit und Bequemlichkeit entwickelt und sind ein unverzichtbares Zubeh\u00f6r f\u00fcr jeden Besitzer eines Canopy Ultimate Harmony. Lassen Sie also nicht zu, dass das Wetter Ihre Ladung ruiniert &#8211; sch\u00fctzen Sie sie mit unseren Abdeckb\u00f6gen f\u00fcr Ultimate Harmony. Bestellen Sie jetzt und genie\u00dfen Sie die Gewissheit, dass Ihre Ladung sicher und trocken ist, egal was passiert.    <\/p>\n","protected":false},"excerpt":{"rendered":"<h3>B\u00f6gen f\u00fcr das Verdeck &#8211; Zwei Teile, passend f\u00fcr das elektrische Cargo Bike Ultimate Harmony<\/h3>\n<p>B\u00f6gen f\u00fcr das Vordach. Der Transport von G\u00fctern auf Ihrem Electric Cargo Bike &#8211; Ultimate Harmony kann eine Herausforderung sein, insbesondere bei unvorhersehbaren Wetterbedingungen. Hier kommen unsere Verdeckabdeckb\u00f6gen ins Spiel &#8211; sie wurden entwickelt, um Ihr Verdeck auf Ihrem Ultimate Harmony an Ort und Stelle zu halten, damit Kinder oder Ladung w\u00e4hrend des Transports trocken und sicher sind, egal bei welchem Wetter. Unsere Vordachb\u00f6gen sind aus hochwertigen Materialien gefertigt, die f\u00fcr eine lange Lebensdauer sorgen und Ihre Ladung dauerhaft sch\u00fctzen.   <\/p>\n<p>Mit ihrem sicheren und einfach zu montierenden Design lassen sich diese B\u00f6gen leicht auf Ihrem Ultimate Harmony anbringen und sorgen f\u00fcr einen festen und stabilen Sitz. Und mit einem Satz aus zwei Teilen k\u00f6nnen Sie sicher sein, dass Ihre Kinder oder Ihre Ladung vollst\u00e4ndig von dem Verdeck bedeckt sind, das maximalen Schutz vor Regen, Sonne und anderen Elementen bietet. Wir wissen, dass Bequemlichkeit das Wichtigste ist, wenn es um Zubeh\u00f6r zum Transport von Lasten geht. Deshalb sind unsere Abdeckb\u00f6gen f\u00fcr Ultimate Harmony leicht, einfach abnehmbar und leicht zu verstauen, wenn sie nicht gebraucht werden. Bringen Sie sie einfach an, wenn Sie sie brauchen, und nehmen Sie sie ab, wenn Sie sie nicht brauchen.    <\/p>\n<p>Wir bei Amladcykler sind bestrebt, unseren Kunden die bestm\u00f6glichen L\u00f6sungen f\u00fcr ihre Bed\u00fcrfnisse beim Transport von G\u00fctern zu bieten. Unsere Abdeckb\u00f6gen f\u00fcr Ultimate Harmony sind da keine Ausnahme. Sie wurden mit Blick auf Praktikabilit\u00e4t, Haltbarkeit und Bequemlichkeit entwickelt und sind ein unverzichtbares Zubeh\u00f6r f\u00fcr jeden Besitzer eines Canopy Ultimate Harmony. Lassen Sie also nicht zu, dass das Wetter Ihre Ladung ruiniert &#8211; sch\u00fctzen Sie sie mit unseren Abdeckb\u00f6gen f\u00fcr Ultimate Harmony. Bestellen Sie jetzt und genie\u00dfen Sie die Gewissheit, dass Ihre Ladung sicher und trocken ist, egal was passiert.    <\/p>\n<p>Sehen Sie die Ultimate Curve Harmony hier: <a href=\"https:\/\/amladcykler.com\/de\/product\/verdeck-fuer-ultimate-harmony-elektro-lastenfahrrad\/\">https:\/\/amladcykler.com\/de\/product\/lastenfahrrad-elektro-ultimate-harmony\/?v=0ecbf9426bcf<\/a><\/p>\n","protected":false},"featured_media":7262,"comment_status":"closed","ping_status":"closed","template":"","meta":[],"product_brand":[338],"product_cat":[157],"product_tag":[],"class_list":["post-7648","product","type-product","status-publish","has-post-thumbnail","product_brand-amladcykler-de","product_cat-lastenfahrrad-zubehor","first","instock","taxable","shipping-taxable","purchasable","product-type-simple"],"yoast_head":"<!-- This site is optimized with the Yoast SEO plugin v28.3 - https:\/\/yoast.com\/product\/yoast-seo-wordpress\/ -->\n<title>B\u00f6gen f\u00fcr das Vordach f\u00fcr unser Lastenfahrrad elektro Ultimate Harmony<\/title>\n<meta name=\"description\" content=\"B\u00f6gen f\u00fcr Vordach. Bei Amladcykler finden Sie immer die besten Preise f\u00fcr Ihre Lastenrad-Ersatzteile. Wir haben ein breites Sortiment\" \/>\n<meta name=\"robots\" content=\"index, follow, max-snippet:-1, max-image-preview:large, max-video-preview:-1\" \/>\n<link rel=\"canonical\" href=\"https:\/\/amladcykler.com\/de\/product\/abdeckboegen-zweiteilig-passend-fuer-das-elektrische-cargo-bike-ultimate-harmony\/\" \/>\n<meta property=\"og:locale\" content=\"de_DE\" \/>\n<meta property=\"og:type\" content=\"article\" \/>\n<meta property=\"og:title\" content=\"B\u00f6gen f\u00fcr das Vordach f\u00fcr unser Lastenfahrrad elektro Ultimate Harmony\" \/>\n<meta property=\"og:description\" content=\"B\u00f6gen f\u00fcr Vordach. Bei Amladcykler finden Sie immer die besten Preise f\u00fcr Ihre Lastenrad-Ersatzteile. Wir haben ein breites Sortiment\" \/>\n<meta property=\"og:url\" content=\"https:\/\/amladcykler.com\/de\/product\/abdeckboegen-zweiteilig-passend-fuer-das-elektrische-cargo-bike-ultimate-harmony\/\" \/>\n<meta property=\"og:site_name\" content=\"Amladcykler.com\" \/>\n<meta property=\"article:publisher\" content=\"https:\/\/www.facebook.com\/ladcykel\" \/>\n<meta property=\"article:modified_time\" content=\"2025-03-24T08:14:28+00:00\" \/>\n<meta property=\"og:image\" content=\"https:\/\/amladcykler.com\/wp-content\/uploads\/2023\/10\/Ultaimet-Harmony-buer-2.jpeg\" \/>\n\t<meta property=\"og:image:width\" content=\"2048\" \/>\n\t<meta property=\"og:image:height\" content=\"1536\" \/>\n\t<meta property=\"og:image:type\" content=\"image\/jpeg\" \/>\n<meta name=\"twitter:card\" content=\"summary_large_image\" \/>\n<meta name=\"twitter:site\" content=\"@amladcykler\" \/>\n<meta name=\"twitter:label1\" content=\"Gesch\u00e4tzte Lesezeit\" \/>\n\t<meta name=\"twitter:data1\" content=\"2\u00a0Minuten\" \/>\n<script type=\"application\/ld+json\" class=\"yoast-schema-graph\">{\"@context\":\"https:\\\/\\\/schema.org\",\"@graph\":[{\"@type\":\"WebPage\",\"@id\":\"https:\\\/\\\/amladcykler.com\\\/de\\\/product\\\/abdeckboegen-zweiteilig-passend-fuer-das-elektrische-cargo-bike-ultimate-harmony\\\/\",\"url\":\"https:\\\/\\\/amladcykler.com\\\/de\\\/product\\\/abdeckboegen-zweiteilig-passend-fuer-das-elektrische-cargo-bike-ultimate-harmony\\\/\",\"name\":\"B\u00f6gen f\u00fcr das Vordach f\u00fcr unser Lastenfahrrad elektro Ultimate Harmony\",\"isPartOf\":{\"@id\":\"https:\\\/\\\/amladcykler.com\\\/de\\\/#website\"},\"primaryImageOfPage\":{\"@id\":\"https:\\\/\\\/amladcykler.com\\\/de\\\/product\\\/abdeckboegen-zweiteilig-passend-fuer-das-elektrische-cargo-bike-ultimate-harmony\\\/#primaryimage\"},\"image\":{\"@id\":\"https:\\\/\\\/amladcykler.com\\\/de\\\/product\\\/abdeckboegen-zweiteilig-passend-fuer-das-elektrische-cargo-bike-ultimate-harmony\\\/#primaryimage\"},\"thumbnailUrl\":\"https:\\\/\\\/amladcykler.com\\\/wp-content\\\/uploads\\\/2023\\\/10\\\/Ultaimet-Harmony-buer-2.jpeg\",\"datePublished\":\"2023-10-06T07:35:35+00:00\",\"dateModified\":\"2025-03-24T08:14:28+00:00\",\"description\":\"B\u00f6gen f\u00fcr Vordach. Bei Amladcykler finden Sie immer die besten Preise f\u00fcr Ihre Lastenrad-Ersatzteile. Wir haben ein breites Sortiment\",\"breadcrumb\":{\"@id\":\"https:\\\/\\\/amladcykler.com\\\/de\\\/product\\\/abdeckboegen-zweiteilig-passend-fuer-das-elektrische-cargo-bike-ultimate-harmony\\\/#breadcrumb\"},\"inLanguage\":\"de\",\"potentialAction\":[{\"@type\":\"ReadAction\",\"target\":[\"https:\\\/\\\/amladcykler.com\\\/de\\\/product\\\/abdeckboegen-zweiteilig-passend-fuer-das-elektrische-cargo-bike-ultimate-harmony\\\/\"]}]},{\"@type\":\"ImageObject\",\"inLanguage\":\"de\",\"@id\":\"https:\\\/\\\/amladcykler.com\\\/de\\\/product\\\/abdeckboegen-zweiteilig-passend-fuer-das-elektrische-cargo-bike-ultimate-harmony\\\/#primaryimage\",\"url\":\"https:\\\/\\\/amladcykler.com\\\/wp-content\\\/uploads\\\/2023\\\/10\\\/Ultaimet-Harmony-buer-2.jpeg\",\"contentUrl\":\"https:\\\/\\\/amladcykler.com\\\/wp-content\\\/uploads\\\/2023\\\/10\\\/Ultaimet-Harmony-buer-2.jpeg\",\"width\":2048,\"height\":1536,\"caption\":\"Abdeckb\u00f6gen - Zweiteilig, passend f\u00fcr das elektrische Cargo Bike Ultimate Harmony\"},{\"@type\":\"BreadcrumbList\",\"@id\":\"https:\\\/\\\/amladcykler.com\\\/de\\\/product\\\/abdeckboegen-zweiteilig-passend-fuer-das-elektrische-cargo-bike-ultimate-harmony\\\/#breadcrumb\",\"itemListElement\":[{\"@type\":\"ListItem\",\"position\":1,\"name\":\"Home\",\"item\":\"https:\\\/\\\/amladcykler.com\\\/de\\\/\"},{\"@type\":\"ListItem\",\"position\":2,\"name\":\"Shop\",\"item\":\"https:\\\/\\\/amladcykler.com\\\/shop\\\/\"},{\"@type\":\"ListItem\",\"position\":3,\"name\":\"B\u00f6gen f\u00fcr das Vordach &#8211; Zwei Teile, passend f\u00fcr das elektrische Lastenfahrrad Ultimate Harmony\"}]},{\"@type\":\"WebSite\",\"@id\":\"https:\\\/\\\/amladcykler.com\\\/de\\\/#website\",\"url\":\"https:\\\/\\\/amladcykler.com\\\/de\\\/\",\"name\":\"Amladcykler.com\",\"description\":\"Cargo bike enthusiasts, since 1992\",\"publisher\":{\"@id\":\"https:\\\/\\\/amladcykler.com\\\/de\\\/#organization\"},\"potentialAction\":[{\"@type\":\"SearchAction\",\"target\":{\"@type\":\"EntryPoint\",\"urlTemplate\":\"https:\\\/\\\/amladcykler.com\\\/de\\\/?s={search_term_string}\"},\"query-input\":{\"@type\":\"PropertyValueSpecification\",\"valueRequired\":true,\"valueName\":\"search_term_string\"}}],\"inLanguage\":\"de\"},{\"@type\":\"Organization\",\"@id\":\"https:\\\/\\\/amladcykler.com\\\/de\\\/#organization\",\"name\":\"Andersen & Meldgaard A\\\/S\",\"url\":\"https:\\\/\\\/amladcykler.com\\\/de\\\/\",\"logo\":{\"@type\":\"ImageObject\",\"inLanguage\":\"de\",\"@id\":\"https:\\\/\\\/amladcykler.com\\\/de\\\/#\\\/schema\\\/logo\\\/image\\\/\",\"url\":\"https:\\\/\\\/amladcykler.com\\\/wp-content\\\/uploads\\\/2025\\\/03\\\/Amladcykler.com-logo-1025x1025-Uden-baggrund.png\",\"contentUrl\":\"https:\\\/\\\/amladcykler.com\\\/wp-content\\\/uploads\\\/2025\\\/03\\\/Amladcykler.com-logo-1025x1025-Uden-baggrund.png\",\"width\":1025,\"height\":1025,\"caption\":\"Andersen & Meldgaard A\\\/S\"},\"image\":{\"@id\":\"https:\\\/\\\/amladcykler.com\\\/de\\\/#\\\/schema\\\/logo\\\/image\\\/\"},\"sameAs\":[\"https:\\\/\\\/www.facebook.com\\\/ladcykel\",\"https:\\\/\\\/x.com\\\/amladcykler\",\"https:\\\/\\\/www.linkedin.com\\\/company\\\/amladcykler\\\/\",\"https:\\\/\\\/www.youtube.com\\\/channel\\\/UCG9qwiqZHe9bDeCzHYcc0eQ\",\"https:\\\/\\\/www.instagram.com\\\/amladcykler\\\/\"]}]}<\/script>\n<!-- \/ Yoast SEO plugin. -->","yoast_head_json":{"title":"B\u00f6gen f\u00fcr das Vordach f\u00fcr unser Lastenfahrrad elektro Ultimate Harmony","description":"B\u00f6gen f\u00fcr Vordach. Bei Amladcykler finden Sie immer die besten Preise f\u00fcr Ihre Lastenrad-Ersatzteile. Wir haben ein breites Sortiment","robots":{"index":"index","follow":"follow","max-snippet":"max-snippet:-1","max-image-preview":"max-image-preview:large","max-video-preview":"max-video-preview:-1"},"canonical":"https:\/\/amladcykler.com\/de\/product\/abdeckboegen-zweiteilig-passend-fuer-das-elektrische-cargo-bike-ultimate-harmony\/","og_locale":"de_DE","og_type":"article","og_title":"B\u00f6gen f\u00fcr das Vordach f\u00fcr unser Lastenfahrrad elektro Ultimate Harmony","og_description":"B\u00f6gen f\u00fcr Vordach. Bei Amladcykler finden Sie immer die besten Preise f\u00fcr Ihre Lastenrad-Ersatzteile. Wir haben ein breites Sortiment","og_url":"https:\/\/amladcykler.com\/de\/product\/abdeckboegen-zweiteilig-passend-fuer-das-elektrische-cargo-bike-ultimate-harmony\/","og_site_name":"Amladcykler.com","article_publisher":"https:\/\/www.facebook.com\/ladcykel","article_modified_time":"2025-03-24T08:14:28+00:00","og_image":[{"width":2048,"height":1536,"url":"https:\/\/amladcykler.com\/wp-content\/uploads\/2023\/10\/Ultaimet-Harmony-buer-2.jpeg","type":"image\/jpeg"}],"twitter_card":"summary_large_image","twitter_site":"@amladcykler","twitter_misc":{"Gesch\u00e4tzte Lesezeit":"2\u00a0Minuten"},"schema":{"@context":"https:\/\/schema.org","@graph":[{"@type":"WebPage","@id":"https:\/\/amladcykler.com\/de\/product\/abdeckboegen-zweiteilig-passend-fuer-das-elektrische-cargo-bike-ultimate-harmony\/","url":"https:\/\/amladcykler.com\/de\/product\/abdeckboegen-zweiteilig-passend-fuer-das-elektrische-cargo-bike-ultimate-harmony\/","name":"B\u00f6gen f\u00fcr das Vordach f\u00fcr unser Lastenfahrrad elektro Ultimate Harmony","isPartOf":{"@id":"https:\/\/amladcykler.com\/de\/#website"},"primaryImageOfPage":{"@id":"https:\/\/amladcykler.com\/de\/product\/abdeckboegen-zweiteilig-passend-fuer-das-elektrische-cargo-bike-ultimate-harmony\/#primaryimage"},"image":{"@id":"https:\/\/amladcykler.com\/de\/product\/abdeckboegen-zweiteilig-passend-fuer-das-elektrische-cargo-bike-ultimate-harmony\/#primaryimage"},"thumbnailUrl":"https:\/\/amladcykler.com\/wp-content\/uploads\/2023\/10\/Ultaimet-Harmony-buer-2.jpeg","datePublished":"2023-10-06T07:35:35+00:00","dateModified":"2025-03-24T08:14:28+00:00","description":"B\u00f6gen f\u00fcr Vordach. Bei Amladcykler finden Sie immer die besten Preise f\u00fcr Ihre Lastenrad-Ersatzteile. Wir haben ein breites Sortiment","breadcrumb":{"@id":"https:\/\/amladcykler.com\/de\/product\/abdeckboegen-zweiteilig-passend-fuer-das-elektrische-cargo-bike-ultimate-harmony\/#breadcrumb"},"inLanguage":"de","potentialAction":[{"@type":"ReadAction","target":["https:\/\/amladcykler.com\/de\/product\/abdeckboegen-zweiteilig-passend-fuer-das-elektrische-cargo-bike-ultimate-harmony\/"]}]},{"@type":"ImageObject","inLanguage":"de","@id":"https:\/\/amladcykler.com\/de\/product\/abdeckboegen-zweiteilig-passend-fuer-das-elektrische-cargo-bike-ultimate-harmony\/#primaryimage","url":"https:\/\/amladcykler.com\/wp-content\/uploads\/2023\/10\/Ultaimet-Harmony-buer-2.jpeg","contentUrl":"https:\/\/amladcykler.com\/wp-content\/uploads\/2023\/10\/Ultaimet-Harmony-buer-2.jpeg","width":2048,"height":1536,"caption":"Abdeckb\u00f6gen - Zweiteilig, passend f\u00fcr das elektrische Cargo Bike Ultimate Harmony"},{"@type":"BreadcrumbList","@id":"https:\/\/amladcykler.com\/de\/product\/abdeckboegen-zweiteilig-passend-fuer-das-elektrische-cargo-bike-ultimate-harmony\/#breadcrumb","itemListElement":[{"@type":"ListItem","position":1,"name":"Home","item":"https:\/\/amladcykler.com\/de\/"},{"@type":"ListItem","position":2,"name":"Shop","item":"https:\/\/amladcykler.com\/shop\/"},{"@type":"ListItem","position":3,"name":"B\u00f6gen f\u00fcr das Vordach &#8211; Zwei Teile, passend f\u00fcr das elektrische Lastenfahrrad Ultimate Harmony"}]},{"@type":"WebSite","@id":"https:\/\/amladcykler.com\/de\/#website","url":"https:\/\/amladcykler.com\/de\/","name":"Amladcykler.com","description":"Cargo bike enthusiasts, since 1992","publisher":{"@id":"https:\/\/amladcykler.com\/de\/#organization"},"potentialAction":[{"@type":"SearchAction","target":{"@type":"EntryPoint","urlTemplate":"https:\/\/amladcykler.com\/de\/?s={search_term_string}"},"query-input":{"@type":"PropertyValueSpecification","valueRequired":true,"valueName":"search_term_string"}}],"inLanguage":"de"},{"@type":"Organization","@id":"https:\/\/amladcykler.com\/de\/#organization","name":"Andersen & Meldgaard A\/S","url":"https:\/\/amladcykler.com\/de\/","logo":{"@type":"ImageObject","inLanguage":"de","@id":"https:\/\/amladcykler.com\/de\/#\/schema\/logo\/image\/","url":"https:\/\/amladcykler.com\/wp-content\/uploads\/2025\/03\/Amladcykler.com-logo-1025x1025-Uden-baggrund.png","contentUrl":"https:\/\/amladcykler.com\/wp-content\/uploads\/2025\/03\/Amladcykler.com-logo-1025x1025-Uden-baggrund.png","width":1025,"height":1025,"caption":"Andersen & Meldgaard A\/S"},"image":{"@id":"https:\/\/amladcykler.com\/de\/#\/schema\/logo\/image\/"},"sameAs":["https:\/\/www.facebook.com\/ladcykel","https:\/\/x.com\/amladcykler","https:\/\/www.linkedin.com\/company\/amladcykler\/","https:\/\/www.youtube.com\/channel\/UCG9qwiqZHe9bDeCzHYcc0eQ","https:\/\/www.instagram.com\/amladcykler\/"]}]}},"_links":{"self":[{"href":"https:\/\/amladcykler.com\/de\/wp-json\/wp\/v2\/product\/7648","targetHints":{"allow":["GET"]}}],"collection":[{"href":"https:\/\/amladcykler.com\/de\/wp-json\/wp\/v2\/product"}],"about":[{"href":"https:\/\/amladcykler.com\/de\/wp-json\/wp\/v2\/types\/product"}],"replies":[{"embeddable":true,"href":"https:\/\/amladcykler.com\/de\/wp-json\/wp\/v2\/comments?post=7648"}],"wp:featuredmedia":[{"embeddable":true,"href":"https:\/\/amladcykler.com\/de\/wp-json\/wp\/v2\/media\/7262"}],"wp:attachment":[{"href":"https:\/\/amladcykler.com\/de\/wp-json\/wp\/v2\/media?parent=7648"}],"wp:term":[{"taxonomy":"product_brand","embeddable":true,"href":"https:\/\/amladcykler.com\/de\/wp-json\/wp\/v2\/product_brand?post=7648"},{"taxonomy":"product_cat","embeddable":true,"href":"https:\/\/amladcykler.com\/de\/wp-json\/wp\/v2\/product_cat?post=7648"},{"taxonomy":"product_tag","embeddable":true,"href":"https:\/\/amladcykler.com\/de\/wp-json\/wp\/v2\/product_tag?post=7648"}],"curies":[{"name":"wp","href":"https:\/\/api.w.org\/{rel}","templated":true}]}}