{"id":7496,"date":"2017-10-08T16:16:32","date_gmt":"2017-10-08T14:16:32","guid":{"rendered":"https:\/\/amladcykler.com\/individuelles-design\/"},"modified":"2025-02-03T11:20:50","modified_gmt":"2025-02-03T10:20:50","slug":"individuelles-design","status":"publish","type":"page","link":"https:\/\/amladcykler.com\/de\/individuelles-design\/","title":{"rendered":"Individuelles Design"},"content":{"rendered":"\n<div class=\"slider-wrapper relative\" id=\"slider-831635593\" >\n    <div class=\"slider slider-nav-circle slider-nav-large slider-nav-light slider-style-normal\"\n        data-flickity-options='{\n            \"cellAlign\": \"center\",\n            \"imagesLoaded\": true,\n            \"lazyLoad\": 1,\n            \"freeScroll\": false,\n            \"wrapAround\": true,\n            \"autoPlay\": 6000,\n            \"pauseAutoPlayOnHover\" : true,\n            \"prevNextButtons\": true,\n            \"contain\" : true,\n            \"adaptiveHeight\" : true,\n            \"dragThreshold\" : 10,\n            \"percentPosition\": true,\n            \"pageDots\": true,\n            \"rightToLeft\": false,\n            \"draggable\": true,\n            \"selectedAttraction\": 0.1,\n            \"parallax\" : 0,\n            \"friction\": 0.6        }'\n        >\n        \n\n\n  <div class=\"banner has-hover\" id=\"banner-1193965804\">\n          <div class=\"banner-inner fill\">\n        <div class=\"banner-bg fill\" >\n\t\t\t<img decoding=\"async\" width=\"1020\" height=\"680\" src=\"https:\/\/amladcykler.com\/wp-content\/uploads\/2017\/10\/MG_9723.jpg\" class=\"bg\" alt=\"Custom design\" srcset=\"https:\/\/amladcykler.com\/wp-content\/uploads\/2017\/10\/MG_9723.jpg 1280w, https:\/\/amladcykler.com\/wp-content\/uploads\/2017\/10\/MG_9723-600x400.jpg 600w, https:\/\/amladcykler.com\/wp-content\/uploads\/2017\/10\/MG_9723-768x512.jpg 768w\" sizes=\"(max-width: 1020px) 100vw, 1020px\" \/>                        <div class=\"overlay\"><\/div>            \n                    <\/div>\n\t\t\n        <div class=\"banner-layers container\">\n            <div class=\"fill banner-link\"><\/div>            \n\n   <div id=\"text-box-913255499\" class=\"text-box banner-layer x50 md-x50 lg-x50 y50 md-y50 lg-y50 res-text\">\n                                <div class=\"text-box-content text dark\">\n              \n              <div class=\"text-inner text-center\">\n                  \n\n<h1>Individuelle Entw\u00fcrfe<\/h1>\n<h4><em>F\u00fcr Hund\/Baby\/Kindergarten\/Gesch\u00e4fte<\/em><\/h4>\n\n              <\/div>\n           <\/div>\n                            \n<style>\n#text-box-913255499 {\n  width: 60%;\n}\n#text-box-913255499 .text-box-content {\n  font-size: 100%;\n}\n<\/style>\n    <\/div>\n \n\n        <\/div>\n      <\/div>\n\n            \n<style>\n#banner-1193965804 {\n  padding-top: 500px;\n}\n#banner-1193965804 .overlay {\n  background-color: rgba(0, 0, 0, 0.17);\n}\n<\/style>\n  <\/div>\n\n\n\t<div class=\"img has-hover x md-x lg-x y md-y lg-y\" id=\"image_1462337600\">\n\t\t\t\t\t\t\t\t<div class=\"img-inner image-cover dark\" style=\"padding-top:500px;\">\n\t\t\t<img decoding=\"async\" width=\"1280\" height=\"853\" src=\"https:\/\/amladcykler.com\/wp-content\/uploads\/2017\/10\/MG_9734.jpg\" class=\"attachment-original size-original\" alt=\"Custom design\" srcset=\"https:\/\/amladcykler.com\/wp-content\/uploads\/2017\/10\/MG_9734.jpg 1280w, https:\/\/amladcykler.com\/wp-content\/uploads\/2017\/10\/MG_9734-600x400.jpg 600w, https:\/\/amladcykler.com\/wp-content\/uploads\/2017\/10\/MG_9734-768x512.jpg 768w\" sizes=\"(max-width: 1280px) 100vw, 1280px\" \/>\t\t\t\t\t\t\n\t\t\t\t\t<\/div>\n\t\t\t\t\t\t\t\t\n<style>\n#image_1462337600 {\n  width: 100%;\n}\n<\/style>\n\t<\/div>\n\t\n\n\t<div class=\"img has-hover x md-x lg-x y md-y lg-y\" id=\"image_1846897549\">\n\t\t\t\t\t\t\t\t<div class=\"img-inner image-cover dark\" style=\"padding-top:500px;\">\n\t\t\t<img decoding=\"async\" width=\"1280\" height=\"853\" src=\"https:\/\/amladcykler.com\/wp-content\/uploads\/2017\/10\/MG_9739.jpg\" class=\"attachment-original size-original\" alt=\"Custom design\" srcset=\"https:\/\/amladcykler.com\/wp-content\/uploads\/2017\/10\/MG_9739.jpg 1280w, https:\/\/amladcykler.com\/wp-content\/uploads\/2017\/10\/MG_9739-600x400.jpg 600w, https:\/\/amladcykler.com\/wp-content\/uploads\/2017\/10\/MG_9739-768x512.jpg 768w\" sizes=\"(max-width: 1280px) 100vw, 1280px\" \/>\t\t\t\t\t\t\n\t\t\t\t\t<\/div>\n\t\t\t\t\t\t\t\t\n<style>\n#image_1846897549 {\n  width: 100%;\n}\n<\/style>\n\t<\/div>\n\t\n\n\t<div class=\"img has-hover x md-x lg-x y md-y lg-y\" id=\"image_1720232913\">\n\t\t\t\t\t\t\t\t<div class=\"img-inner image-cover dark\" style=\"padding-top:500px;\">\n\t\t\t<img decoding=\"async\" width=\"1280\" height=\"853\" src=\"https:\/\/amladcykler.com\/wp-content\/uploads\/2017\/10\/MG_9744.jpg\" class=\"attachment-original size-original\" alt=\"Custom design\" srcset=\"https:\/\/amladcykler.com\/wp-content\/uploads\/2017\/10\/MG_9744.jpg 1280w, https:\/\/amladcykler.com\/wp-content\/uploads\/2017\/10\/MG_9744-600x400.jpg 600w, https:\/\/amladcykler.com\/wp-content\/uploads\/2017\/10\/MG_9744-768x512.jpg 768w\" sizes=\"(max-width: 1280px) 100vw, 1280px\" \/>\t\t\t\t\t\t\n\t\t\t\t\t<\/div>\n\t\t\t\t\t\t\t\t\n<style>\n#image_1720232913 {\n  width: 100%;\n}\n<\/style>\n\t<\/div>\n\t\n\n\t<div class=\"img has-hover x md-x lg-x y md-y lg-y\" id=\"image_2073025214\">\n\t\t\t\t\t\t\t\t<div class=\"img-inner image-cover dark\" style=\"padding-top:500px;\">\n\t\t\t<img decoding=\"async\" width=\"1280\" height=\"853\" src=\"https:\/\/amladcykler.com\/wp-content\/uploads\/2017\/10\/MG_9761.jpg\" class=\"attachment-original size-original\" alt=\"Custom design\" srcset=\"https:\/\/amladcykler.com\/wp-content\/uploads\/2017\/10\/MG_9761.jpg 1280w, https:\/\/amladcykler.com\/wp-content\/uploads\/2017\/10\/MG_9761-600x400.jpg 600w, https:\/\/amladcykler.com\/wp-content\/uploads\/2017\/10\/MG_9761-768x512.jpg 768w\" sizes=\"(max-width: 1280px) 100vw, 1280px\" \/>\t\t\t\t\t\t\n\t\t\t\t\t<\/div>\n\t\t\t\t\t\t\t\t\n<style>\n#image_2073025214 {\n  width: 100%;\n}\n<\/style>\n\t<\/div>\n\t\n\n\t<div class=\"img has-hover x md-x lg-x y md-y lg-y\" id=\"image_1329816185\">\n\t\t\t\t\t\t\t\t<div class=\"img-inner image-cover dark\" style=\"padding-top:500px;\">\n\t\t\t<img decoding=\"async\" width=\"800\" height=\"601\" src=\"https:\/\/amladcykler.com\/wp-content\/uploads\/2017\/10\/Ladcykel-specialdesign-5.png\" class=\"attachment-original size-original\" alt=\"Custom design\" srcset=\"https:\/\/amladcykler.com\/wp-content\/uploads\/2017\/10\/Ladcykel-specialdesign-5.png 800w, https:\/\/amladcykler.com\/wp-content\/uploads\/2017\/10\/Ladcykel-specialdesign-5-600x451.png 600w, https:\/\/amladcykler.com\/wp-content\/uploads\/2017\/10\/Ladcykel-specialdesign-5-768x577.png 768w\" sizes=\"(max-width: 800px) 100vw, 800px\" \/>\t\t\t\t\t\t\n\t\t\t\t\t<\/div>\n\t\t\t\t\t\t\t\t\n<style>\n#image_1329816185 {\n  width: 100%;\n}\n<\/style>\n\t<\/div>\n\t\n\n\t<div class=\"img has-hover x md-x lg-x y md-y lg-y\" id=\"image_1025623697\">\n\t\t\t\t\t\t\t\t<div class=\"img-inner image-cover dark\" style=\"padding-top:500px;\">\n\t\t\t<img decoding=\"async\" width=\"800\" height=\"600\" src=\"https:\/\/amladcykler.com\/wp-content\/uploads\/2017\/10\/Ladcykel-specialdesign-6.jpg\" class=\"attachment-original size-original\" alt=\"Custom design\" srcset=\"https:\/\/amladcykler.com\/wp-content\/uploads\/2017\/10\/Ladcykel-specialdesign-6.jpg 800w, https:\/\/amladcykler.com\/wp-content\/uploads\/2017\/10\/Ladcykel-specialdesign-6-600x450.jpg 600w, https:\/\/amladcykler.com\/wp-content\/uploads\/2017\/10\/Ladcykel-specialdesign-6-768x576.jpg 768w\" sizes=\"(max-width: 800px) 100vw, 800px\" \/>\t\t\t\t\t\t\n\t\t\t\t\t<\/div>\n\t\t\t\t\t\t\t\t\n<style>\n#image_1025623697 {\n  width: 100%;\n}\n<\/style>\n\t<\/div>\n\t\n\n\n     <\/div>\n\n     <div class=\"loading-spin dark large centered\"><\/div>\n\n\t<\/div>\n\n\n<p>&nbsp;<\/p>\n<p style=\"text-align: center;\">\n<div class=\"row\"  id=\"row-1472144361\">\n\n<\/p>\n\n\t<div id=\"col-44742412\" class=\"col medium-1\/1 large-12\"  >\n\t\t\t\t<div class=\"col-inner\"  >\n\t\t\t\n\t\t\t\n\n<h3 style=\"text-align: center;\"><strong>Individuell gestaltete Lastenfahrr\u00e4der<\/strong><\/h3>\n<p style=\"text-align: center;\">Unsere ma\u00dfgefertigten Lastenfahrr\u00e4der sind ein nat\u00fcrlicher Teil unseres Angebots &#8211; sowohl als &#8222;Standard-Sonderanfertigung&#8220; als auch speziell auf Ihre Bed\u00fcrfnisse zugeschnitten. Wir bauen zum Beispiel Rampen f\u00fcr Hunde, Kr\u00e4mpfe f\u00fcr Handwerker und Reinigungsmaschinen, Kinderb\u00e4nke, Sicherheitseinrichtungen f\u00fcr Hochst\u00fchle, St\u00e4lle und mehr. Lassen Sie sich von unserem Katalog inspirieren, den Sie herunterladen k\u00f6nnen oder rufen Sie uns direkt mit Ihren W\u00fcnschen an, damit wir Ihnen ein Angebot machen k\u00f6nnen. Die Lieferzeit betr\u00e4gt in der Regel 2-4 Arbeitstage.<\/p>\n<p style=\"text-align: center;\">Viele Kunden ben\u00f6tigen ein Kofferraumfahrrad, bei dem sich der vordere Teil in eine klappbare Rampe verwandeln l\u00e4sst. Zum Beispiel, um Rasenm\u00e4her oder andere kleine Maschinen zu transportieren, oder Ihr Hund kann leicht auf das Lastenfahrrad steigen und es verlassen.<\/p>\n<h4 style=\"text-align: center;\"><strong>Hier finden Sie eine kleine Auswahl der vielen individuellen Designs, die wir f\u00fcr Sie bereithalten.<\/strong><\/h4>\n<p style=\"text-align: center;\"><em>Hier finden Sie einige der beliebtesten Custom Design-Modelle und ihre Preise. Bitte beachten Sie, dass spezielle Muster in der Regel erfordern, dass wir das Fahrrad abholen und liefern 100% = 140,54\u20ac<\/em><\/p>\n<ul>\n<li class=\"bullet-arrow\">Aufbewahrungsbox unter dem Kindersitz: 71,94\u20ac<\/li>\n<li class=\"bullet-arrow\">Rampe vorne am Lastenfahrrad: 90,22 GBP.<\/li>\n<li class=\"bullet-arrow\">Rampe &#8211; Kindertagesst\u00e4tte\/Kindergarten 6 Kinder Modell: 201,44\u20ac<\/li>\n<li class=\"bullet-arrow\">Autositzeinlagen: 35,97\u20ac<\/li>\n<li class=\"bullet-arrow\">Folie: 100,47\u20ac &#8211; 258,95\u20ac<\/li>\n<li class=\"bullet-arrow\">Street Shop Fahrraddesigns: 57,41\u20ac &#8211; 143,53\u20ac<\/li>\n<li class=\"bullet-arrow\">Lastenfahrr\u00e4der mit Deckel: 107,64\u20ac &#8211; 158,48\u20ac<\/li>\n<\/ul>\n<h5 style=\"text-align: center;\"><strong><em>Katalog mit weiteren Spezifikationen im PDF-Format herunterladen:<\/em><\/strong><\/h5>\n<p style=\"text-align: center;\"> <\/p>\n<a href=\"https:\/\/amladcykler.com\/wp-content\/uploads\/2018\/01\/Special-bikes_december-2017-UK-Website-version.pdf\" target=\"_blank\" class=\"button primary is-gloss box-shadow-2 reveal-icon\" rel=\"noopener\"  >\n\t\t<span>Katalog herunterladen<\/span>\n\t<i class=\"icon-checkmark\" aria-hidden=\"true\" ><\/i><\/a>\n\n\n<\/p>\n<h5 style=\"text-align: center;\"><em><strong>Setzen Sie sich mit uns in Verbindung, um mehr \u00fcber die M\u00f6glichkeiten von Sonderanfertigungen zu erfahren:<\/strong><\/em><\/h5>\n<p style=\"text-align: center;\">\n<a href=\"https:\/\/amladcykler.com\/de\/kontaktieren-sie-uns\/\" target=\"_blank\" class=\"button success is-gloss box-shadow-2 reveal-icon\" rel=\"noopener\"  >\n\t\t<span>Kontaktieren Sie uns<\/span>\n\t<i class=\"icon-checkmark\" aria-hidden=\"true\" ><\/i><\/a>\n\n\n<\/p>\n\n\t\t<\/div>\n\t\t\t\t\t<\/div>\n\n\t\n\n<\/div>\n\n","protected":false},"excerpt":{"rendered":"","protected":false},"author":9,"featured_media":5816,"parent":0,"menu_order":0,"comment_status":"closed","ping_status":"closed","template":"page-blank.php","meta":{"footnotes":""},"class_list":["post-7496","page","type-page","status-publish","has-post-thumbnail","hentry"],"yoast_head":"<!-- This site is optimized with the Yoast SEO plugin v28.4 - https:\/\/yoast.com\/product\/yoast-seo-wordpress\/ -->\n<title>Kundenspezifisches Design f\u00fcr Cargo Bikes | Speziall\u00f6sungen von Amladcykler<\/title>\n<meta name=\"description\" content=\"Lassen Sie sich Ihr Lastenfahrrad f\u00fcr Hunde, Kinder oder gesch\u00e4ftliche Zwecke ma\u00dfschneidern. Professionelle L\u00f6sungen mit 2-4 Tagen Lieferzeit.\" \/>\n<meta name=\"robots\" content=\"index, follow, max-snippet:-1, max-image-preview:large, max-video-preview:-1\" \/>\n<link rel=\"canonical\" href=\"https:\/\/amladcykler.com\/de\/individuelles-design\/\" \/>\n<meta property=\"og:locale\" content=\"de_DE\" \/>\n<meta property=\"og:type\" content=\"article\" \/>\n<meta property=\"og:title\" content=\"Kundenspezifisches Design f\u00fcr Cargo Bikes | Speziall\u00f6sungen von Amladcykler\" \/>\n<meta property=\"og:description\" content=\"Lassen Sie sich Ihr Lastenfahrrad f\u00fcr Hunde, Kinder oder gesch\u00e4ftliche Zwecke ma\u00dfschneidern. Professionelle L\u00f6sungen mit 2-4 Tagen Lieferzeit.\" \/>\n<meta property=\"og:url\" content=\"https:\/\/amladcykler.com\/de\/individuelles-design\/\" \/>\n<meta property=\"og:site_name\" content=\"Amladcykler.com\" \/>\n<meta property=\"article:publisher\" content=\"https:\/\/www.facebook.com\/ladcykel\" \/>\n<meta property=\"article:modified_time\" content=\"2025-02-03T10:20:50+00:00\" \/>\n<meta property=\"og:image\" content=\"https:\/\/amladcykler.com\/wp-content\/uploads\/2017\/10\/MG_9723.jpg\" \/>\n\t<meta property=\"og:image:width\" content=\"1280\" \/>\n\t<meta property=\"og:image:height\" content=\"853\" \/>\n\t<meta property=\"og:image:type\" content=\"image\/jpeg\" \/>\n<meta name=\"twitter:card\" content=\"summary_large_image\" \/>\n<meta name=\"twitter:site\" content=\"@amladcykler\" \/>\n<meta name=\"twitter:label1\" content=\"Gesch\u00e4tzte Lesezeit\" \/>\n\t<meta name=\"twitter:data1\" content=\"2\u00a0Minuten\" \/>\n<script type=\"application\/ld+json\" class=\"yoast-schema-graph\">{\"@context\":\"https:\\\/\\\/schema.org\",\"@graph\":[{\"@type\":\"WebPage\",\"@id\":\"https:\\\/\\\/amladcykler.com\\\/de\\\/individuelles-design\\\/\",\"url\":\"https:\\\/\\\/amladcykler.com\\\/de\\\/individuelles-design\\\/\",\"name\":\"Kundenspezifisches Design f\u00fcr Cargo Bikes | Speziall\u00f6sungen von Amladcykler\",\"isPartOf\":{\"@id\":\"https:\\\/\\\/amladcykler.com\\\/de\\\/#website\"},\"primaryImageOfPage\":{\"@id\":\"https:\\\/\\\/amladcykler.com\\\/de\\\/individuelles-design\\\/#primaryimage\"},\"image\":{\"@id\":\"https:\\\/\\\/amladcykler.com\\\/de\\\/individuelles-design\\\/#primaryimage\"},\"thumbnailUrl\":\"https:\\\/\\\/amladcykler.com\\\/wp-content\\\/uploads\\\/2017\\\/10\\\/MG_9723.jpg\",\"datePublished\":\"2017-10-08T14:16:32+00:00\",\"dateModified\":\"2025-02-03T10:20:50+00:00\",\"description\":\"Lassen Sie sich Ihr Lastenfahrrad f\u00fcr Hunde, Kinder oder gesch\u00e4ftliche Zwecke ma\u00dfschneidern. Professionelle L\u00f6sungen mit 2-4 Tagen Lieferzeit.\",\"breadcrumb\":{\"@id\":\"https:\\\/\\\/amladcykler.com\\\/de\\\/individuelles-design\\\/#breadcrumb\"},\"inLanguage\":\"de\",\"potentialAction\":[{\"@type\":\"ReadAction\",\"target\":[\"https:\\\/\\\/amladcykler.com\\\/de\\\/individuelles-design\\\/\"]}]},{\"@type\":\"ImageObject\",\"inLanguage\":\"de\",\"@id\":\"https:\\\/\\\/amladcykler.com\\\/de\\\/individuelles-design\\\/#primaryimage\",\"url\":\"https:\\\/\\\/amladcykler.com\\\/wp-content\\\/uploads\\\/2017\\\/10\\\/MG_9723.jpg\",\"contentUrl\":\"https:\\\/\\\/amladcykler.com\\\/wp-content\\\/uploads\\\/2017\\\/10\\\/MG_9723.jpg\",\"width\":1280,\"height\":853,\"caption\":\"Custom design\"},{\"@type\":\"BreadcrumbList\",\"@id\":\"https:\\\/\\\/amladcykler.com\\\/de\\\/individuelles-design\\\/#breadcrumb\",\"itemListElement\":[{\"@type\":\"ListItem\",\"position\":1,\"name\":\"Home\",\"item\":\"https:\\\/\\\/amladcykler.com\\\/de\\\/\"},{\"@type\":\"ListItem\",\"position\":2,\"name\":\"Individuelles Design\"}]},{\"@type\":\"WebSite\",\"@id\":\"https:\\\/\\\/amladcykler.com\\\/de\\\/#website\",\"url\":\"https:\\\/\\\/amladcykler.com\\\/de\\\/\",\"name\":\"Amladcykler.com\",\"description\":\"Cargo bike enthusiasts, since 1992\",\"publisher\":{\"@id\":\"https:\\\/\\\/amladcykler.com\\\/de\\\/#organization\"},\"potentialAction\":[{\"@type\":\"SearchAction\",\"target\":{\"@type\":\"EntryPoint\",\"urlTemplate\":\"https:\\\/\\\/amladcykler.com\\\/de\\\/?s={search_term_string}\"},\"query-input\":{\"@type\":\"PropertyValueSpecification\",\"valueRequired\":true,\"valueName\":\"search_term_string\"}}],\"inLanguage\":\"de\"},{\"@type\":\"Organization\",\"@id\":\"https:\\\/\\\/amladcykler.com\\\/de\\\/#organization\",\"name\":\"Andersen & Meldgaard A\\\/S\",\"url\":\"https:\\\/\\\/amladcykler.com\\\/de\\\/\",\"logo\":{\"@type\":\"ImageObject\",\"inLanguage\":\"de\",\"@id\":\"https:\\\/\\\/amladcykler.com\\\/de\\\/#\\\/schema\\\/logo\\\/image\\\/\",\"url\":\"https:\\\/\\\/amladcykler.com\\\/wp-content\\\/uploads\\\/2025\\\/03\\\/Amladcykler.com-logo-1025x1025-Uden-baggrund.png\",\"contentUrl\":\"https:\\\/\\\/amladcykler.com\\\/wp-content\\\/uploads\\\/2025\\\/03\\\/Amladcykler.com-logo-1025x1025-Uden-baggrund.png\",\"width\":1025,\"height\":1025,\"caption\":\"Andersen & Meldgaard A\\\/S\"},\"image\":{\"@id\":\"https:\\\/\\\/amladcykler.com\\\/de\\\/#\\\/schema\\\/logo\\\/image\\\/\"},\"sameAs\":[\"https:\\\/\\\/www.facebook.com\\\/ladcykel\",\"https:\\\/\\\/x.com\\\/amladcykler\",\"https:\\\/\\\/www.linkedin.com\\\/company\\\/amladcykler\\\/\",\"https:\\\/\\\/www.youtube.com\\\/channel\\\/UCG9qwiqZHe9bDeCzHYcc0eQ\",\"https:\\\/\\\/www.instagram.com\\\/amladcykler\\\/\"]}]}<\/script>\n<!-- \/ Yoast SEO plugin. -->","yoast_head_json":{"title":"Kundenspezifisches Design f\u00fcr Cargo Bikes | Speziall\u00f6sungen von Amladcykler","description":"Lassen Sie sich Ihr Lastenfahrrad f\u00fcr Hunde, Kinder oder gesch\u00e4ftliche Zwecke ma\u00dfschneidern. Professionelle L\u00f6sungen mit 2-4 Tagen Lieferzeit.","robots":{"index":"index","follow":"follow","max-snippet":"max-snippet:-1","max-image-preview":"max-image-preview:large","max-video-preview":"max-video-preview:-1"},"canonical":"https:\/\/amladcykler.com\/de\/individuelles-design\/","og_locale":"de_DE","og_type":"article","og_title":"Kundenspezifisches Design f\u00fcr Cargo Bikes | Speziall\u00f6sungen von Amladcykler","og_description":"Lassen Sie sich Ihr Lastenfahrrad f\u00fcr Hunde, Kinder oder gesch\u00e4ftliche Zwecke ma\u00dfschneidern. Professionelle L\u00f6sungen mit 2-4 Tagen Lieferzeit.","og_url":"https:\/\/amladcykler.com\/de\/individuelles-design\/","og_site_name":"Amladcykler.com","article_publisher":"https:\/\/www.facebook.com\/ladcykel","article_modified_time":"2025-02-03T10:20:50+00:00","og_image":[{"width":1280,"height":853,"url":"https:\/\/amladcykler.com\/wp-content\/uploads\/2017\/10\/MG_9723.jpg","type":"image\/jpeg"}],"twitter_card":"summary_large_image","twitter_site":"@amladcykler","twitter_misc":{"Gesch\u00e4tzte Lesezeit":"2\u00a0Minuten"},"schema":{"@context":"https:\/\/schema.org","@graph":[{"@type":"WebPage","@id":"https:\/\/amladcykler.com\/de\/individuelles-design\/","url":"https:\/\/amladcykler.com\/de\/individuelles-design\/","name":"Kundenspezifisches Design f\u00fcr Cargo Bikes | Speziall\u00f6sungen von Amladcykler","isPartOf":{"@id":"https:\/\/amladcykler.com\/de\/#website"},"primaryImageOfPage":{"@id":"https:\/\/amladcykler.com\/de\/individuelles-design\/#primaryimage"},"image":{"@id":"https:\/\/amladcykler.com\/de\/individuelles-design\/#primaryimage"},"thumbnailUrl":"https:\/\/amladcykler.com\/wp-content\/uploads\/2017\/10\/MG_9723.jpg","datePublished":"2017-10-08T14:16:32+00:00","dateModified":"2025-02-03T10:20:50+00:00","description":"Lassen Sie sich Ihr Lastenfahrrad f\u00fcr Hunde, Kinder oder gesch\u00e4ftliche Zwecke ma\u00dfschneidern. Professionelle L\u00f6sungen mit 2-4 Tagen Lieferzeit.","breadcrumb":{"@id":"https:\/\/amladcykler.com\/de\/individuelles-design\/#breadcrumb"},"inLanguage":"de","potentialAction":[{"@type":"ReadAction","target":["https:\/\/amladcykler.com\/de\/individuelles-design\/"]}]},{"@type":"ImageObject","inLanguage":"de","@id":"https:\/\/amladcykler.com\/de\/individuelles-design\/#primaryimage","url":"https:\/\/amladcykler.com\/wp-content\/uploads\/2017\/10\/MG_9723.jpg","contentUrl":"https:\/\/amladcykler.com\/wp-content\/uploads\/2017\/10\/MG_9723.jpg","width":1280,"height":853,"caption":"Custom design"},{"@type":"BreadcrumbList","@id":"https:\/\/amladcykler.com\/de\/individuelles-design\/#breadcrumb","itemListElement":[{"@type":"ListItem","position":1,"name":"Home","item":"https:\/\/amladcykler.com\/de\/"},{"@type":"ListItem","position":2,"name":"Individuelles Design"}]},{"@type":"WebSite","@id":"https:\/\/amladcykler.com\/de\/#website","url":"https:\/\/amladcykler.com\/de\/","name":"Amladcykler.com","description":"Cargo bike enthusiasts, since 1992","publisher":{"@id":"https:\/\/amladcykler.com\/de\/#organization"},"potentialAction":[{"@type":"SearchAction","target":{"@type":"EntryPoint","urlTemplate":"https:\/\/amladcykler.com\/de\/?s={search_term_string}"},"query-input":{"@type":"PropertyValueSpecification","valueRequired":true,"valueName":"search_term_string"}}],"inLanguage":"de"},{"@type":"Organization","@id":"https:\/\/amladcykler.com\/de\/#organization","name":"Andersen & Meldgaard A\/S","url":"https:\/\/amladcykler.com\/de\/","logo":{"@type":"ImageObject","inLanguage":"de","@id":"https:\/\/amladcykler.com\/de\/#\/schema\/logo\/image\/","url":"https:\/\/amladcykler.com\/wp-content\/uploads\/2025\/03\/Amladcykler.com-logo-1025x1025-Uden-baggrund.png","contentUrl":"https:\/\/amladcykler.com\/wp-content\/uploads\/2025\/03\/Amladcykler.com-logo-1025x1025-Uden-baggrund.png","width":1025,"height":1025,"caption":"Andersen & Meldgaard A\/S"},"image":{"@id":"https:\/\/amladcykler.com\/de\/#\/schema\/logo\/image\/"},"sameAs":["https:\/\/www.facebook.com\/ladcykel","https:\/\/x.com\/amladcykler","https:\/\/www.linkedin.com\/company\/amladcykler\/","https:\/\/www.youtube.com\/channel\/UCG9qwiqZHe9bDeCzHYcc0eQ","https:\/\/www.instagram.com\/amladcykler\/"]}]}},"_links":{"self":[{"href":"https:\/\/amladcykler.com\/de\/wp-json\/wp\/v2\/pages\/7496","targetHints":{"allow":["GET"]}}],"collection":[{"href":"https:\/\/amladcykler.com\/de\/wp-json\/wp\/v2\/pages"}],"about":[{"href":"https:\/\/amladcykler.com\/de\/wp-json\/wp\/v2\/types\/page"}],"author":[{"embeddable":true,"href":"https:\/\/amladcykler.com\/de\/wp-json\/wp\/v2\/users\/9"}],"replies":[{"embeddable":true,"href":"https:\/\/amladcykler.com\/de\/wp-json\/wp\/v2\/comments?post=7496"}],"version-history":[{"count":0,"href":"https:\/\/amladcykler.com\/de\/wp-json\/wp\/v2\/pages\/7496\/revisions"}],"wp:featuredmedia":[{"embeddable":true,"href":"https:\/\/amladcykler.com\/de\/wp-json\/wp\/v2\/media\/5816"}],"wp:attachment":[{"href":"https:\/\/amladcykler.com\/de\/wp-json\/wp\/v2\/media?parent=7496"}],"curies":[{"name":"wp","href":"https:\/\/api.w.org\/{rel}","templated":true}]}}