{"id":7470,"date":"2022-03-18T14:35:07","date_gmt":"2022-03-18T13:35:07","guid":{"rendered":"https:\/\/amladcykler.com\/waehlen-sie-das-richtige-lastenrad\/"},"modified":"2026-01-28T14:39:39","modified_gmt":"2026-01-28T13:39:39","slug":"waehlen-sie-das-richtige-lastenrad","status":"publish","type":"page","link":"https:\/\/amladcykler.com\/de\/waehlen-sie-das-richtige-lastenrad\/","title":{"rendered":"W\u00e4hlen Sie das richtige Lastenrad"},"content":{"rendered":"\n<div class=\"row\"  id=\"row-1655899021\">\n\n\n\t<div id=\"col-568260529\" class=\"col medium-8 small-12 large-8\"  >\n\t\t\t\t<div class=\"col-inner\"  >\n\t\t\t\n\t\t\t\n\n<p class=\"entry-title\" style=\"text-align: center;\"><span style=\"color: #999999;\"><strong>VOR DEM KAUF<\/strong><\/span><\/p>\n<h1>Welches lastenfahrrad soll ich w\u00e4hlen?<\/h1>\n<h3>&#8211; Was Sie vor dem Kauf eines Lastenfahrrads beachten sollten&#8230;<\/h3>\n<h2>1. Zweck:<\/h2>\n<div>Bevor Sie mit der Marktrecherche beginnen, sollten Sie sich dar\u00fcber klar werden, welchen Zweck das Lastenfahrrad f\u00fcr Sie konkret erf\u00fcllen soll.<\/div>\n<div>&#8211; Sollte man Kinder darin transportieren? Und wenn ja, wie viele? <\/div>\n<div>&#8211; Soll das Lastenfahrrad zum Transport von Waren\/Werkzeugen verwendet werden? Und sollte es eine M\u00f6glichkeit geben, die Box abzuschlie\u00dfen? <\/div>\n<div>&#8211; Soll er f\u00fcr den Transport von Maschinen verwendet werden? Und sollte es eine Rampe geben, um die Maschinen nach oben zu bringen? <\/div>\n<div>&#8211; Oder soll Ihr Hund das Vergn\u00fcgen haben, in einem Lastenfahrrad herumgefahren zu werden?<\/div>\n<h2>2. Elektrizit\u00e4t oder nicht:<\/h2>\n<div>Ob Ihr Fahrrad mit oder ohne Stromanschluss sein sollte, h\u00e4ngt von Ihren Bed\u00fcrfnissen ab. Wir empfehlen ein Lastenfahrrad mit Stromanschluss, da dieser immer abgeschaltet werden kann, wenn er nicht ben\u00f6tigt wird. Und es ist immer toll, bei jedem Wetter R\u00fcckenwind zu haben! Aber ein elektrisch aufgeladenes Fahrrad erfordert auch ein wenig mehr Wartung und ist mit h\u00f6heren Kosten verbunden. Es ist eine \u00dcberlegung wert:    <\/div>\n<div>&#8211; Wie weit soll ich fahren? Wenn Sie nur 1 km vom Kindergarten hin und zur\u00fcck fahren m\u00fcssen, reicht ein klassisches Lastenfahrrad ohne Strom f\u00fcr Ihre Bed\u00fcrfnisse aus. Wenn Sie jedoch lange Strecken zur\u00fccklegen, in h\u00fcgeligem Gel\u00e4nde fahren oder mit schwerer Ladung unterwegs sein wollen, ist ein elektrisches Lastenrad vorzuziehen.  <\/div>\n<h2>3. Umfang:<\/h2>\n<div>Wie viel wollen Sie f\u00fcr Ihr Lastenrad ausgeben? Soll es f\u00fcr einen Ausflug mit den Kindern am Sonntag genutzt werden? Oder sollen Sie jeden Tag 13 km zur Arbeit fahren? Ein Fahrrad, das viel benutzt wird, ben\u00f6tigt nat\u00fcrlich mehr Wartung, da es einer gr\u00f6\u00dferen Abnutzung ausgesetzt ist. Hier sind es vor allem die Bremsen, die sehr wartungsintensiv sein k\u00f6nnen, wenn Sie nicht die richtigen w\u00e4hlen (siehe Optionen unten). Und wenn Sie eine lange Strecke fahren m\u00fcssen, kann die Gr\u00f6\u00dfe des Akkus eine Rolle spielen.      <\/div>\n<h2>4. Wartung:<\/h2>\n<div>Ein Lastenfahrrad muss genauso gewartet werden wie jedes andere Transportmittel. Und wenn Sie ein elektrisch aufgeladenes Fahrrad haben, erfordert es ein wenig mehr als ein normales Fahrrad. Au\u00dferdem sollten Sie \u00fcberlegen, welches Modell Sie w\u00e4hlen. Die billigeren Modelle erfordern oft mehr Wartung als die teureren. Ber\u00fccksichtigen Sie eventuell Ihre eigenen F\u00e4higkeiten und was Sie selbst tun m\u00f6chten:    <\/div>\n<div>&#8211; K\u00f6nnen Sie Bremsbel\u00e4ge, Kabel usw. selbst wechseln?<\/div>\n<div>&#8211; M\u00f6chten Sie ein wenig selbst machen, aber ansonsten alles einem Fahrradmechaniker \u00fcberlassen?<\/div>\n<div>&#8211; Wissen Sie selbst nichts, oder haben Sie keine Zeit?<\/div>\n<h2>5. Versicherung und Schl\u00f6sser:<\/h2>\n<div>Lastenfahrr\u00e4der sind bei Dieben leider sehr begehrt und es ist daher wichtig, dass Sie sich so gut wie m\u00f6glich absichern:<\/div>\n<div>&#8211; Haben Sie die Kontrolle \u00fcber die Versicherung?<\/div>\n<div>&#8211; Was ist mit Schl\u00f6ssern? Sind sie von der Versicherung zugelassen? <\/div>\n<div>Amladcykler empfiehlt <a href=\"https:\/\/amladcykler.com\/de\/produkt-kategorie\/fahrradschloesser\/\" target=\"_blank\" rel=\"noopener\">ein langes Kettenschloss<\/a>, mit dem das Fahrrad z. B. an einem Laternenpfahl oder \u00c4hnlichem angeschlossen werden kann.. We recommend a min. 140 cm \/ 55 inches long chain lock, as it is long enough to go around the handlebars and thus does not have to lie at the bottom of the bike while riding and make annoying noises.  Hier finden Sie unsere Auswahl an Schl\u00f6ssern: <a href=\"https:\/\/amladcykler.com\/de\/produkt-kategorie\/fahrradschloesser\/\" target=\"_blank\" rel=\"noopener\">Schl\u00f6sser f\u00fcr Lastenr\u00e4der.<\/a><\/div>\n<div>Dar\u00fcber hinaus empfehlen wir ein <a href=\"https:\/\/amladcykler.com\/de\/product\/axa-insurance-approved-fahrradschloss-extra-wide\/\" target=\"_blank\" rel=\"noopener\">Schloss f\u00fcr \u201ekurzes Parken\u201c<\/a>, z. B. beim Einkaufen. Manche Versicherungsgesellschaften verlangen doppelte Sicherheit, zwei Schl\u00f6sser<\/div>\n<h2>6. Kauf von Zubeh\u00f6r:<\/h2>\n<div>Alle unsere Fahrr\u00e4der werden mit einer Reihe von Ausr\u00fcstungsgegenst\u00e4nden geliefert (siehe unter dem jeweiligen Fahrrad) und sind bei Erhalt sofort fahrbereit. Zus\u00e4tzliches Zubeh\u00f6r kann jederzeit nachgekauft werden. Wenn Sie spezielle Bed\u00fcrfnisse haben, die von Anfang an klar sein m\u00fcssen, m\u00fcssen diese gleichzeitig mit dem Fahrrad bestellt werden.  <\/div>\n<div>&#8211; Fahren Sie mit Kindern unter 1 Jahr? Dann ist eine <a href=\"https:\/\/amladcykler.com\/de\/product\/babysitz-weber-2-9-monate\/\" target=\"_blank\" rel=\"noopener\">Babyschale<\/a>eine gute Wahl. <\/div>\n<div>&#8211; Wir empfehlen au\u00dferdem einen <a href=\"https:\/\/amladcykler.com\/de\/product\/gurt-fuer-cargo-bike-dreipunktgurt-h-modell\/\" target=\"_blank\" rel=\"noopener\">Dreipunktgurt<\/a> und <a href=\"https:\/\/amladcykler.com\/de\/product\/kissen-standard\/\" target=\"_blank\" rel=\"noopener\">Sitzkissen<\/a> f\u00fcr die Kinder.<\/div>\n<div>&#8211; Soll Ihr Fahrrad bei jedem Wetter drau\u00dfen abgestellt werden? In diesem Fall empfehlen wir <a href=\"https:\/\/amladcykler.com\/de\/product\/luxus-garage-kompletter-regenschutz-wasserdicht\/\" target=\"_blank\" rel=\"noopener\">eine Garage<\/a>. <\/div>\n<h2>7. Geschmack und Komfort:<\/h2>\n<div>Geschmack wie Design ist individuell. Ob Sie also runde Ecken oder sch\u00e4rfere Kanten bevorzugen, k\u00f6nnen wir Ihnen nicht raten. Wenn Sie Platz f\u00fcr die Beine des Fahrers ben\u00f6tigen oder mit gr\u00f6\u00dferen Kindern\/Erwachsenen in der Box fahren m\u00fcssen, oder vielleicht umgekehrt ein Fahrrad w\u00fcnschen, das so wenig Platz wie m\u00f6glich einnimmt, dann k\u00f6nnen wir Ihnen helfen.  <\/div>\n<h2>8. Preis:<\/h2>\n<div>Der Preis ist oft ein entscheidender Faktor beim Kauf eines Lastenrads. Wir bei Amladcykler sind der Meinung, dass sich jeder ein Lastenfahrrad leisten k\u00f6nnen sollte. Und wir k\u00f6nnen ein Lastenfahrrad zu einem fairen Preis anbieten. Aber es ist klar, dass Sie mehr bekommen, wenn Sie mehr bezahlen. Unser Topmodell ist immer noch preisg\u00fcnstig und mit dem Besten vom Besten ausgestattet&#8230; und ist immer noch ein preisg\u00fcnstiges Lastenrad in der Luxusklasse.    <\/div>\n<h2>Welches lastenfahrrad soll ich w\u00e4hlen?<\/h2>\n<div>Die folgende Tabelle hilft Ihnen, das f\u00fcr Sie passende Modell zu finden:<\/div>\n\n\t\t<\/div>\n\t\t\t\t\n<style>\n#col-568260529 > .col-inner {\n  padding: -66px 0px 0px 0px;\n}\n<\/style>\n\t<\/div>\n\n\t\n\n\t<div id=\"col-1386295135\" class=\"col medium-4 small-12 large-4\"  >\n\t\t\t\t<div class=\"col-inner\"  >\n\t\t\t\n\t\t\t\n\n\t<div id=\"gap-106348843\" class=\"gap-element clearfix\" style=\"display:block; height:auto;\">\n\t\t\n<style>\n#gap-106348843 {\n  padding-top: 30px;\n}\n<\/style>\n\t<\/div>\n\t\n\n\t<div class=\"img has-hover x md-x lg-x y md-y lg-y\" id=\"image_749024712\">\n\t\t\t\t\t\t\t\t<div class=\"img-inner dark\" >\n\t\t\t<img decoding=\"async\" width=\"1020\" height=\"732\" src=\"https:\/\/amladcykler.com\/wp-content\/uploads\/2022\/02\/Ultimate-Curve-amladcykler.jpg\" class=\"attachment-large size-large\" alt=\"Ultimate-Curve-amcargobikes\" srcset=\"https:\/\/amladcykler.com\/wp-content\/uploads\/2022\/02\/Ultimate-Curve-amladcykler.jpg 1500w, https:\/\/amladcykler.com\/wp-content\/uploads\/2022\/02\/Ultimate-Curve-amladcykler-600x430.jpg 600w, https:\/\/amladcykler.com\/wp-content\/uploads\/2022\/02\/Ultimate-Curve-amladcykler-768x551.jpg 768w\" sizes=\"(max-width: 1020px) 100vw, 1020px\" \/>\t\t\t\t\t\t\n\t\t\t\t\t<\/div>\n\t\t\t\t\t\t\t\t\n<style>\n#image_749024712 {\n  width: 100%;\n}\n<\/style>\n\t<\/div>\n\t\n\n\n\t\t<\/div>\n\t\t\t\t\t<\/div>\n\n\t\n\n<\/div>\n<div class=\"row\"  id=\"row-485605960\">\n\n\n\t<div id=\"col-188268996\" class=\"col medium-4 small-6 large-4\"  >\n\t\t\t\t<div class=\"col-inner\" style=\"background-color:rgb(78, 113, 130);\" >\n\t\t\t\n\t\t\t\n\n\t<div id=\"text-2265519315\" class=\"text\">\n\t\t\n\n<h2 style=\"text-align: center;\"><span style=\"color: #ffffff;\"><strong><span style=\"color: #ffffff;\"><a style=\"color: #ffffff;\" href=\"https:\/\/amladcykler.com\/de\/product\/lastenfahrrad\/\">MODELL: Klassisch<\/a><\/span><br><\/strong><\/span><\/h2>\n<p><a href=\"https:\/\/amladcykler.com\/de\/product\/lastenfahrrad\/\"><span style=\"color: #ffffff;\"><img decoding=\"async\" class=\"size-full wp-image-3897 aligncenter\" src=\"https:\/\/amladcykler.com\/wp-content\/uploads\/2022\/03\/ladcykel-ikon-amladcykler-100x53-1.png\" alt=\"ladcykel-ikon-amladcykler\" width=\"100\" height=\"53\"><\/span><\/a><\/p>\n<p style=\"text-align: center;\"><a href=\"https:\/\/amladcykler.com\/de\/product\/lastenfahrrad\/\"><span style=\"color: #ffffff; font-size: 80%;\"><span style=\"font-size: 90%;\"><strong>BREMSEN:<\/strong> Mechanische Scheibenbremsen<\/span><\/span><\/a><\/p>\n<p style=\"text-align: center;\"><span style=\"color: #ffffff; font-size: 80%;\">WARTUNGSANFORDERUNGEN: Mittel<\/span><\/p>\n<p style=\"text-align: center;\"><span style=\"color: #ffffff; font-size: 80%;\">SICHERHEIT: Hoch, wenn gepflegt<\/span><\/p>\n<p style=\"text-align: center;\"><span style=\"color: #ffffff; font-size: 80%;\">BATTERIE: Ohne Strom<\/span><\/p>\n<p style=\"text-align: center;\"><span style=\"color: #ffffff;\"><span style=\"font-size: 80%;\">KOMFORT:<\/span><span style=\"font-size: 80%;\"><br>&#8211; &#8222;Leichtgewicht&#8220;<\/span><\/span><\/p>\n\t\t\n<style>\n#text-2265519315 {\n  line-height: 1.2;\n  text-align: center;\n}\n<\/style>\n\t<\/div>\n\t\n\n\t\t<\/div>\n\t\t\t\t\t<\/div>\n\n\t\n\n\t<div id=\"col-905164064\" class=\"col medium-4 small-6 large-4\"  >\n\t\t\t\t<div class=\"col-inner\" style=\"background-color:rgb(140, 169, 192);\" >\n\t\t\t\n\t\t\t\n\n\t<div id=\"text-2665682084\" class=\"text\">\n\t\t\n\n<h2 style=\"text-align: center;\"><span style=\"color: #ffffff;\"><strong><a style=\"color: #ffffff;\" href=\"https:\/\/amladcykler.com\/de\/product\/lastenfahrrad-elektro\/?v=0ecbf9426bcf\">MODELL: Premium<\/a><br><\/strong><\/span><\/h2>\n<p><span style=\"color: #ffffff;\"><a style=\"color: #ffffff;\" href=\"https:\/\/amladcykler.com\/de\/product\/lastenfahrrad-elektro\/?v=0ecbf9426bcf\"><img decoding=\"async\" class=\"size-full wp-image-3897 aligncenter\" src=\"https:\/\/amladcykler.com\/wp-content\/uploads\/2022\/03\/ladcykel-ikon-amladcykler-100x53-1.png\" alt=\"ladcykel-ikon-amladcykler\" width=\"100\" height=\"53\"><\/a><\/span><\/p>\n<p style=\"text-align: center;\"><span style=\"color: #ffffff;\"><a style=\"color: #ffffff;\" href=\"https:\/\/amladcykler.com\/de\/product\/lastenfahrrad-elektro\/?v=0ecbf9426bcf\"><span style=\"font-size: 80%;\"><span style=\"font-size: 90%;\"><strong>BREMSEN:<\/strong> Mechanische Scheibenbremsen<\/span><\/span><\/a><\/span><\/p>\n<p style=\"text-align: center;\"><span style=\"color: #ffffff; font-size: 80%;\">WARTUNGSANFORDERUNGEN: Mittel<\/span><\/p>\n<p style=\"text-align: center;\"><span style=\"color: #ffffff; font-size: 80%;\">SICHERHEIT: Hoch, wenn gepflegt<\/span><\/p>\n<p style=\"text-align: center;\"><span style=\"color: #ffffff; font-size: 80%;\">BATTERIE: 36V, 10,4 Ah Li-Ionen-Akku (Reichweite: bis zu 50 km\/ 31 Meilen)<\/span><\/p>\n<p style=\"text-align: center;\"><span style=\"color: #ffffff;\"><span style=\"font-size: 80%;\">KOMFORT:<\/span><span style=\"font-size: 80%;\"><br>&#8211; &#8222;Leichtgewicht&#8220;<\/span><\/span><\/p>\n\t\t\n<style>\n#text-2665682084 {\n  line-height: 1.2;\n  text-align: center;\n}\n<\/style>\n\t<\/div>\n\t\n\n\t\t<\/div>\n\t\t\t\t\t<\/div>\n\n\t\n\n\t<div id=\"col-1143855450\" class=\"col medium-4 small-6 large-4\"  >\n\t\t\t\t<div class=\"col-inner\" style=\"background-color:rgb(85, 90, 107);\" >\n\t\t\t\n\t\t\t\n\n\t<div id=\"text-2939824792\" class=\"text\">\n\t\t\n\n<h2 style=\"text-align: center;\"><span style=\"color: #ffffff;\"><strong><a style=\"color: #ffffff;\" href=\"https:\/\/amladcykler.com\/de\/product\/lastenfahrrad-elektro-deluxe\/?v=0ecbf9426bcf\">MODELL: Deluxe<\/a><br><\/strong><\/span><\/h2>\n<p><span style=\"color: #ffffff;\"><a style=\"color: #ffffff;\" href=\"https:\/\/amladcykler.com\/de\/product\/lastenfahrrad-elektro-deluxe\/?v=0ecbf9426bcf\"><img decoding=\"async\" class=\"size-full wp-image-3897 aligncenter\" src=\"https:\/\/amladcykler.com\/wp-content\/uploads\/2022\/03\/ladcykel-ikon-amladcykler-100x53-1.png\" alt=\"ladcykel-ikon-amladcykler\" width=\"100\" height=\"53\"><\/a><\/span><\/p>\n<p style=\"text-align: center;\"><span style=\"color: #ffffff;\"><a style=\"color: #ffffff;\" href=\"https:\/\/amladcykler.com\/de\/product\/lastenfahrrad-elektro-deluxe\/?v=0ecbf9426bcf\"><span style=\"font-size: 80%;\"><span style=\"font-size: 90%;\"><strong>BREMSEN:<\/strong> <\/span>Hydraulische Scheibenbremsen<br><\/span><\/a><\/span><\/p>\n<p style=\"text-align: center;\"><span style=\"color: #ffffff; font-size: 80%;\">WARTUNGSANFORDERUNGEN: Niedrig<\/span><\/p>\n<p style=\"text-align: center;\"><span style=\"color: #ffffff; font-size: 80%;\">SICHERHEIT: Hoch<\/span><\/p>\n<p style=\"text-align: center;\"><span style=\"color: #ffffff; font-size: 80%;\">BATTERIE: 36V, 10,4 Ah Li-Ionen-Akku (Reichweite: bis zu 50 km\/31 Meilen)<\/span><\/p>\n<p style=\"text-align: center;\"><span style=\"color: #ffffff; font-size: 80%;\">COMFORT:<br>&#8211; Antipunktur-Reifen <\/span><br><span style=\"color: #ffffff; font-size: 80%;\">&#8211; &#8222;Leichtgewicht&#8220;<\/span><\/p>\n\t\t\n<style>\n#text-2939824792 {\n  line-height: 1.2;\n  text-align: center;\n}\n<\/style>\n\t<\/div>\n\t\n\n\t\t<\/div>\n\t\t\t\t\t<\/div>\n\n\t\n\n\t<div id=\"col-129469661\" class=\"col medium-4 small-6 large-4\"  >\n\t\t\t\t<div class=\"col-inner\" style=\"background-color:rgb(123, 164, 176);\" >\n\t\t\t\n\t\t\t\n\n\t<div id=\"text-3186723896\" class=\"text\">\n\t\t\n\n<h2 style=\"text-align: center;\"><span style=\"color: #ffffff;\"><strong><a style=\"color: #ffffff;\" href=\"https:\/\/amladcykler.com\/de\/product\/lastenfahrrad-elektro-ultimate-curve\/?v=0ecbf9426bcf\">MODELL: Ultimate Curve<\/a><br><\/strong><\/span><\/h2>\n<p><span style=\"color: #ffffff;\"><a style=\"color: #ffffff;\" href=\"https:\/\/amladcykler.com\/de\/product\/lastenfahrrad-elektro-ultimate-curve\/?v=0ecbf9426bcf\"><img decoding=\"async\" class=\"size-full wp-image-3897 aligncenter\" src=\"https:\/\/amladcykler.com\/wp-content\/uploads\/2022\/03\/ladcykel-ikon-amladcykler-100x53-1.png\" alt=\"ladcykel-ikon-amladcykler\" width=\"100\" height=\"53\"><\/a><\/span><\/p>\n<p style=\"text-align: center;\"><span style=\"color: #ffffff;\"><a style=\"color: #ffffff;\" href=\"https:\/\/amladcykler.com\/de\/product\/lastenfahrrad-elektro-ultimate-curve\/?v=0ecbf9426bcf\"><span style=\"font-size: 80%;\"><span style=\"font-size: 90%;\"><strong>BREMSEN:<\/strong> <\/span>Hydraulische Scheibenbremsen<br><\/span><\/a><\/span><\/p>\n<p style=\"text-align: center;\"><span style=\"color: #ffffff; font-size: 80%;\">WARTUNGSBEDARF: Sehr gering<\/span><\/p>\n<p style=\"text-align: center;\"><span style=\"color: #ffffff; font-size: 80%;\">SICHERHEIT: Hoch<\/span><\/p>\n<p style=\"text-align: center;\"><span style=\"color: #ffffff; font-size: 80%;\">AKKU: 36V, 13 Ah Li-Ionen-Akku (Reichweite: bis zu 65 km\/40,4 Meilen)<\/span><\/p>\n<p style=\"text-align: center;\"><span style=\"color: #ffffff;\"><span style=\"font-size: 80%;\">COMFORT:<br> &#8211; Kippsicher<br>&#8211; Schlankes Design <br>&#8211; Pannensichere Bereifung<\/span><span style=\"font-size: 80%;\"><br>&#8211; &#8222;Leichtgewicht&#8220;<\/span><\/span><\/p>\n\n\t\t\n<style>\n#text-3186723896 {\n  line-height: 1.2;\n  text-align: center;\n}\n<\/style>\n\t<\/div>\n\t\n\n\t\t<\/div>\n\t\t\t\t\t<\/div>\n\n\t\n\n\t<div id=\"col-530174301\" class=\"col medium-4 small-12 large-4\"  >\n\t\t\t\t<div class=\"col-inner\" style=\"background-color:rgb(103, 104, 112);\" >\n\t\t\t\n\t\t\t\n\n\t<div id=\"text-785280272\" class=\"text\">\n\t\t\n\n<h2 style=\"text-align: center;\"><span style=\"color: #ffffff;\"><strong><a style=\"color: #ffffff;\" href=\"https:\/\/amladcykler.com\/de\/product\/lastenfahrrad-elektro-ultimate-harmony\/?v=0ecbf9426bcf\" target=\"_blank\" rel=\"noopener\">MODELL: Ultimate Harmony<\/a><br><\/strong><\/span><\/h2>\n<p><span style=\"color: #ffffff;\"><a href=\"https:\/\/amladcykler.com\/de\/product\/lastenfahrrad-elektro-ultimate-harmony\/?v=0ecbf9426bcf\"><img decoding=\"async\" class=\"aligncenter wp-image-3897 size-full\" src=\"https:\/\/amladcykler.com\/wp-content\/uploads\/2022\/03\/ladcykel-ikon-amladcykler-100x53-1.png\" alt=\"ladcykel-ikon-amladcykler\" width=\"100\" height=\"53\"><\/a><\/span><\/p>\n<p style=\"text-align: center;\"><span style=\"color: #ffffff;\"><a style=\"color: #ffffff;\" href=\"https:\/\/amladcykler.com\/de\/product\/lastenfahrrad-elektro-ultimate-harmony\/\"><span style=\"font-size: 80%;\"><span style=\"font-size: 90%;\"><strong>BREMSEN:<\/strong> <\/span>Hydraulische Scheibenbremsen<\/span><\/a><\/span><\/p>\n<p style=\"text-align: center;\"><span style=\"color: #ffffff; font-size: 80%;\">WARTUNGSANFORDERUNGEN: Niedrig<\/span><\/p>\n<p style=\"text-align: center;\"><span style=\"color: #ffffff; font-size: 80%;\">SICHERHEIT: Hoch<\/span><\/p>\n<p style=\"text-align: center;\"><span style=\"color: #ffffff; font-size: 80%;\">AKKU: 36V, 13 Ah Li-Ionen-Akku (Reichweite: bis zu 65 km\/40,4 Meilen)<\/span><\/p>\n<p style=\"text-align: center;\"><span style=\"color: #ffffff; font-size: 80%;\">COMFORT:<br> &#8211; Kippsicherung<br>&#8211; Schlankes Design<br>&#8211; Pannensichere Bereifung <\/span><br><span style=\"color: #ffffff; font-size: 80%;\">&#8211; Extra Platz in der Box <\/span><br><span style=\"color: #ffffff; font-size: 80%;\">&#8211; Extra R\u00fcckenlehnenh\u00f6he <\/span><br><span style=\"color: #ffffff; font-size: 80%;\">&#8211; Extra Beinfreiheit, Fahrer <br>&#8211; &#8222;Leichtgewicht&#8220;<\/span><\/p>\n\n\t\t\n<style>\n#text-785280272 {\n  line-height: 1.2;\n  text-align: center;\n}\n<\/style>\n\t<\/div>\n\t\n\n\t\t<\/div>\n\t\t\t\t\t<\/div>\n\n\t\n\n\t<div id=\"col-1050771242\" class=\"col medium-4 small-12 large-4\"  >\n\t\t\t\t<div class=\"col-inner\" style=\"background-color:rgb(99, 118, 133);\" >\n\t\t\t\n\t\t\t\n\n<h2 style=\"text-align: center;\"><span style=\"color: #ffffff;\"><strong><a style=\"color: #ffffff;\" href=\"https:\/\/amladcykler.com\/de\/product\/lastenfahrrad-elektro-ultimate-curve-mittelmotor\/?v=0ecbf9426bcf\" target=\"_blank\" rel=\"noopener\">MODELL: Ultimate Curve &#8211; Mittelmotor<\/a><br><\/strong><\/span><\/h2>\n<p><span style=\"color: #ffffff;\"><a style=\"color: #ffffff;\" href=\"https:\/\/amladcykler.com\/de\/product\/lastenfahrrad-elektro-ultimate-curve-mittelmotor\/?v=0ecbf9426bcf\"><img decoding=\"async\" class=\"aligncenter wp-image-3897 size-full\" src=\"https:\/\/amladcykler.com\/wp-content\/uploads\/2022\/03\/ladcykel-ikon-amladcykler-100x53-1.png\" alt=\"ladcykel-ikon-amladcykler\" width=\"100\" height=\"53\"><\/a><\/span><\/p>\n<p style=\"text-align: center;\"><span style=\"color: #ffffff;\"><a style=\"color: #ffffff;\" href=\"https:\/\/amladcykler.com\/de\/product\/lastenfahrrad-elektro-ultimate-curve\/?v=0ecbf9426bcf\"><span style=\"font-size: 80%;\"><span style=\"font-size: 90%;\"><strong>BREMSEN:<\/strong> <\/span>Hydraulische Scheibenbremsen<br><\/span><\/a><\/span><\/p>\n<p style=\"text-align: center;\"><span style=\"color: #ffffff; font-size: 80%;\">WARTUNGSBEDARF: Sehr gering<\/span><\/p>\n<p style=\"text-align: center;\"><span style=\"color: #ffffff; font-size: 80%;\">SICHERHEIT: Hoch<\/span><\/p>\n<p style=\"text-align: center;\"><span style=\"color: #ffffff; font-size: 80%;\">AKKU: 36V, 13 Ah Li-Ionen-Akku (Reichweite: bis zu 65 km\/40,4 Meilen)<\/span><\/p>\n<p style=\"text-align: center;\"><span style=\"color: #ffffff;\"><span style=\"font-size: 80%;\">KOMFORT:<br> &#8211; Kippsicheres und sehr angenehmes Fahren<br>&#8211; Schlankes Design <br>&#8211; Pannensichere Bereifung<\/span><span style=\"font-size: 80%;\"><br>&#8211; &#8222;Leichtgewicht&#8220;<\/span><\/span><\/p>\n\n\n\t\t<\/div>\n\t\t\t\t\t<\/div>\n\n\t\n\n<\/div>\n<div class=\"row\"  id=\"row-2052742328\">\n\n\n\t<div id=\"col-1547045836\" class=\"col small-12 large-12\"  >\n\t\t\t\t<div class=\"col-inner\"  >\n\t\t\t\n\t\t\t\n\n<h3 style=\"text-align: center;\">Sind Sie noch unsicher? Rufen Sie uns an und lassen Sie sich von uns beraten: <\/h3>\n<h3 style=\"text-align: center;\"><u><a href=\"tel:+4550479845\">+45 5047 9845<\/a><\/u> Kopenhagen<u><\/u><\/h3>\n<div style=\"text-align: center;\">Lesen Sie auch <a href=\"https:\/\/amladcykler.com\/de\/nach-erhalt-des-neuen-lastenfahrrads\/\">Bei Erhalt<\/a> und <a href=\"https:\/\/amladcykler.com\/de\/pflegen-sie-ihr-lastenfahrrad-gut\/\">nach dem Kauf<\/a><\/div>\n\n\t\t<\/div>\n\t\t\t\t\t<\/div>\n\n\t\n\n<\/div>\n\n","protected":false},"excerpt":{"rendered":"","protected":false},"author":9,"featured_media":6884,"parent":0,"menu_order":0,"comment_status":"closed","ping_status":"closed","template":"","meta":{"footnotes":""},"class_list":["post-7470","page","type-page","status-publish","has-post-thumbnail","hentry"],"yoast_head":"<!-- This site is optimized with the Yoast SEO plugin v28.4 - https:\/\/yoast.com\/product\/yoast-seo-wordpress\/ -->\n<title>W\u00e4hlen Sie das richtige Lastenrad - Amladcykler.com<\/title>\n<meta name=\"description\" content=\"Was Sie vor dem Kauf eines Lastenrads beachten sollten. Bevor Sie sich auf dem Markt umsehen, sollten Sie sich klar machen, welchen Zweck das Fahrrad erf\u00fcllen soll\" \/>\n<meta name=\"robots\" content=\"index, follow, max-snippet:-1, max-image-preview:large, max-video-preview:-1\" \/>\n<link rel=\"canonical\" href=\"https:\/\/amladcykler.com\/de\/waehlen-sie-das-richtige-lastenrad\/\" \/>\n<meta property=\"og:locale\" content=\"de_DE\" \/>\n<meta property=\"og:type\" content=\"article\" \/>\n<meta property=\"og:title\" content=\"W\u00e4hlen Sie das richtige Lastenrad - Amladcykler.com\" \/>\n<meta property=\"og:description\" content=\"Was Sie vor dem Kauf eines Lastenrads beachten sollten. Bevor Sie sich auf dem Markt umsehen, sollten Sie sich klar machen, welchen Zweck das Fahrrad erf\u00fcllen soll\" \/>\n<meta property=\"og:url\" content=\"https:\/\/amladcykler.com\/de\/waehlen-sie-das-richtige-lastenrad\/\" \/>\n<meta property=\"og:site_name\" content=\"Amladcykler.com\" \/>\n<meta property=\"article:publisher\" content=\"https:\/\/www.facebook.com\/ladcykel\" \/>\n<meta property=\"article:modified_time\" content=\"2026-01-28T13:39:39+00:00\" \/>\n<meta property=\"og:image\" content=\"https:\/\/amladcykler.com\/wp-content\/uploads\/2021\/06\/Superior_kindergarten_side-scaled.jpg\" \/>\n\t<meta property=\"og:image:width\" content=\"2048\" \/>\n\t<meta property=\"og:image:height\" content=\"1605\" \/>\n\t<meta property=\"og:image:type\" content=\"image\/jpeg\" \/>\n<meta name=\"twitter:card\" content=\"summary_large_image\" \/>\n<meta name=\"twitter:site\" content=\"@amladcykler\" \/>\n<meta name=\"twitter:label1\" content=\"Gesch\u00e4tzte Lesezeit\" \/>\n\t<meta name=\"twitter:data1\" content=\"6\u00a0Minuten\" \/>\n<script type=\"application\/ld+json\" class=\"yoast-schema-graph\">{\"@context\":\"https:\\\/\\\/schema.org\",\"@graph\":[{\"@type\":\"WebPage\",\"@id\":\"https:\\\/\\\/amladcykler.com\\\/de\\\/waehlen-sie-das-richtige-lastenrad\\\/\",\"url\":\"https:\\\/\\\/amladcykler.com\\\/de\\\/waehlen-sie-das-richtige-lastenrad\\\/\",\"name\":\"W\u00e4hlen Sie das richtige Lastenrad - Amladcykler.com\",\"isPartOf\":{\"@id\":\"https:\\\/\\\/amladcykler.com\\\/de\\\/#website\"},\"primaryImageOfPage\":{\"@id\":\"https:\\\/\\\/amladcykler.com\\\/de\\\/waehlen-sie-das-richtige-lastenrad\\\/#primaryimage\"},\"image\":{\"@id\":\"https:\\\/\\\/amladcykler.com\\\/de\\\/waehlen-sie-das-richtige-lastenrad\\\/#primaryimage\"},\"thumbnailUrl\":\"https:\\\/\\\/amladcykler.com\\\/wp-content\\\/uploads\\\/2021\\\/06\\\/Superior_kindergarten_side-scaled.jpg\",\"datePublished\":\"2022-03-18T13:35:07+00:00\",\"dateModified\":\"2026-01-28T13:39:39+00:00\",\"description\":\"Was Sie vor dem Kauf eines Lastenrads beachten sollten. Bevor Sie sich auf dem Markt umsehen, sollten Sie sich klar machen, welchen Zweck das Fahrrad erf\u00fcllen soll\",\"breadcrumb\":{\"@id\":\"https:\\\/\\\/amladcykler.com\\\/de\\\/waehlen-sie-das-richtige-lastenrad\\\/#breadcrumb\"},\"inLanguage\":\"de\",\"potentialAction\":[{\"@type\":\"ReadAction\",\"target\":[\"https:\\\/\\\/amladcykler.com\\\/de\\\/waehlen-sie-das-richtige-lastenrad\\\/\"]}]},{\"@type\":\"ImageObject\",\"inLanguage\":\"de\",\"@id\":\"https:\\\/\\\/amladcykler.com\\\/de\\\/waehlen-sie-das-richtige-lastenrad\\\/#primaryimage\",\"url\":\"https:\\\/\\\/amladcykler.com\\\/wp-content\\\/uploads\\\/2021\\\/06\\\/Superior_kindergarten_side-scaled.jpg\",\"contentUrl\":\"https:\\\/\\\/amladcykler.com\\\/wp-content\\\/uploads\\\/2021\\\/06\\\/Superior_kindergarten_side-scaled.jpg\",\"width\":2048,\"height\":1605,\"caption\":\"Electric Cargo Bike \u2013 Kindergarten - Amcargobikes\"},{\"@type\":\"BreadcrumbList\",\"@id\":\"https:\\\/\\\/amladcykler.com\\\/de\\\/waehlen-sie-das-richtige-lastenrad\\\/#breadcrumb\",\"itemListElement\":[{\"@type\":\"ListItem\",\"position\":1,\"name\":\"Home\",\"item\":\"https:\\\/\\\/amladcykler.com\\\/de\\\/\"},{\"@type\":\"ListItem\",\"position\":2,\"name\":\"W\u00e4hlen Sie das richtige Lastenrad\"}]},{\"@type\":\"WebSite\",\"@id\":\"https:\\\/\\\/amladcykler.com\\\/de\\\/#website\",\"url\":\"https:\\\/\\\/amladcykler.com\\\/de\\\/\",\"name\":\"Amladcykler.com\",\"description\":\"Cargo bike enthusiasts, since 1992\",\"publisher\":{\"@id\":\"https:\\\/\\\/amladcykler.com\\\/de\\\/#organization\"},\"potentialAction\":[{\"@type\":\"SearchAction\",\"target\":{\"@type\":\"EntryPoint\",\"urlTemplate\":\"https:\\\/\\\/amladcykler.com\\\/de\\\/?s={search_term_string}\"},\"query-input\":{\"@type\":\"PropertyValueSpecification\",\"valueRequired\":true,\"valueName\":\"search_term_string\"}}],\"inLanguage\":\"de\"},{\"@type\":\"Organization\",\"@id\":\"https:\\\/\\\/amladcykler.com\\\/de\\\/#organization\",\"name\":\"Andersen & Meldgaard A\\\/S\",\"url\":\"https:\\\/\\\/amladcykler.com\\\/de\\\/\",\"logo\":{\"@type\":\"ImageObject\",\"inLanguage\":\"de\",\"@id\":\"https:\\\/\\\/amladcykler.com\\\/de\\\/#\\\/schema\\\/logo\\\/image\\\/\",\"url\":\"https:\\\/\\\/amladcykler.com\\\/wp-content\\\/uploads\\\/2025\\\/03\\\/Amladcykler.com-logo-1025x1025-Uden-baggrund.png\",\"contentUrl\":\"https:\\\/\\\/amladcykler.com\\\/wp-content\\\/uploads\\\/2025\\\/03\\\/Amladcykler.com-logo-1025x1025-Uden-baggrund.png\",\"width\":1025,\"height\":1025,\"caption\":\"Andersen & Meldgaard A\\\/S\"},\"image\":{\"@id\":\"https:\\\/\\\/amladcykler.com\\\/de\\\/#\\\/schema\\\/logo\\\/image\\\/\"},\"sameAs\":[\"https:\\\/\\\/www.facebook.com\\\/ladcykel\",\"https:\\\/\\\/x.com\\\/amladcykler\",\"https:\\\/\\\/www.linkedin.com\\\/company\\\/amladcykler\\\/\",\"https:\\\/\\\/www.youtube.com\\\/channel\\\/UCG9qwiqZHe9bDeCzHYcc0eQ\",\"https:\\\/\\\/www.instagram.com\\\/amladcykler\\\/\"]}]}<\/script>\n<!-- \/ Yoast SEO plugin. -->","yoast_head_json":{"title":"W\u00e4hlen Sie das richtige Lastenrad - Amladcykler.com","description":"Was Sie vor dem Kauf eines Lastenrads beachten sollten. Bevor Sie sich auf dem Markt umsehen, sollten Sie sich klar machen, welchen Zweck das Fahrrad erf\u00fcllen soll","robots":{"index":"index","follow":"follow","max-snippet":"max-snippet:-1","max-image-preview":"max-image-preview:large","max-video-preview":"max-video-preview:-1"},"canonical":"https:\/\/amladcykler.com\/de\/waehlen-sie-das-richtige-lastenrad\/","og_locale":"de_DE","og_type":"article","og_title":"W\u00e4hlen Sie das richtige Lastenrad - Amladcykler.com","og_description":"Was Sie vor dem Kauf eines Lastenrads beachten sollten. Bevor Sie sich auf dem Markt umsehen, sollten Sie sich klar machen, welchen Zweck das Fahrrad erf\u00fcllen soll","og_url":"https:\/\/amladcykler.com\/de\/waehlen-sie-das-richtige-lastenrad\/","og_site_name":"Amladcykler.com","article_publisher":"https:\/\/www.facebook.com\/ladcykel","article_modified_time":"2026-01-28T13:39:39+00:00","og_image":[{"width":2048,"height":1605,"url":"https:\/\/amladcykler.com\/wp-content\/uploads\/2021\/06\/Superior_kindergarten_side-scaled.jpg","type":"image\/jpeg"}],"twitter_card":"summary_large_image","twitter_site":"@amladcykler","twitter_misc":{"Gesch\u00e4tzte Lesezeit":"6\u00a0Minuten"},"schema":{"@context":"https:\/\/schema.org","@graph":[{"@type":"WebPage","@id":"https:\/\/amladcykler.com\/de\/waehlen-sie-das-richtige-lastenrad\/","url":"https:\/\/amladcykler.com\/de\/waehlen-sie-das-richtige-lastenrad\/","name":"W\u00e4hlen Sie das richtige Lastenrad - Amladcykler.com","isPartOf":{"@id":"https:\/\/amladcykler.com\/de\/#website"},"primaryImageOfPage":{"@id":"https:\/\/amladcykler.com\/de\/waehlen-sie-das-richtige-lastenrad\/#primaryimage"},"image":{"@id":"https:\/\/amladcykler.com\/de\/waehlen-sie-das-richtige-lastenrad\/#primaryimage"},"thumbnailUrl":"https:\/\/amladcykler.com\/wp-content\/uploads\/2021\/06\/Superior_kindergarten_side-scaled.jpg","datePublished":"2022-03-18T13:35:07+00:00","dateModified":"2026-01-28T13:39:39+00:00","description":"Was Sie vor dem Kauf eines Lastenrads beachten sollten. Bevor Sie sich auf dem Markt umsehen, sollten Sie sich klar machen, welchen Zweck das Fahrrad erf\u00fcllen soll","breadcrumb":{"@id":"https:\/\/amladcykler.com\/de\/waehlen-sie-das-richtige-lastenrad\/#breadcrumb"},"inLanguage":"de","potentialAction":[{"@type":"ReadAction","target":["https:\/\/amladcykler.com\/de\/waehlen-sie-das-richtige-lastenrad\/"]}]},{"@type":"ImageObject","inLanguage":"de","@id":"https:\/\/amladcykler.com\/de\/waehlen-sie-das-richtige-lastenrad\/#primaryimage","url":"https:\/\/amladcykler.com\/wp-content\/uploads\/2021\/06\/Superior_kindergarten_side-scaled.jpg","contentUrl":"https:\/\/amladcykler.com\/wp-content\/uploads\/2021\/06\/Superior_kindergarten_side-scaled.jpg","width":2048,"height":1605,"caption":"Electric Cargo Bike \u2013 Kindergarten - Amcargobikes"},{"@type":"BreadcrumbList","@id":"https:\/\/amladcykler.com\/de\/waehlen-sie-das-richtige-lastenrad\/#breadcrumb","itemListElement":[{"@type":"ListItem","position":1,"name":"Home","item":"https:\/\/amladcykler.com\/de\/"},{"@type":"ListItem","position":2,"name":"W\u00e4hlen Sie das richtige Lastenrad"}]},{"@type":"WebSite","@id":"https:\/\/amladcykler.com\/de\/#website","url":"https:\/\/amladcykler.com\/de\/","name":"Amladcykler.com","description":"Cargo bike enthusiasts, since 1992","publisher":{"@id":"https:\/\/amladcykler.com\/de\/#organization"},"potentialAction":[{"@type":"SearchAction","target":{"@type":"EntryPoint","urlTemplate":"https:\/\/amladcykler.com\/de\/?s={search_term_string}"},"query-input":{"@type":"PropertyValueSpecification","valueRequired":true,"valueName":"search_term_string"}}],"inLanguage":"de"},{"@type":"Organization","@id":"https:\/\/amladcykler.com\/de\/#organization","name":"Andersen & Meldgaard A\/S","url":"https:\/\/amladcykler.com\/de\/","logo":{"@type":"ImageObject","inLanguage":"de","@id":"https:\/\/amladcykler.com\/de\/#\/schema\/logo\/image\/","url":"https:\/\/amladcykler.com\/wp-content\/uploads\/2025\/03\/Amladcykler.com-logo-1025x1025-Uden-baggrund.png","contentUrl":"https:\/\/amladcykler.com\/wp-content\/uploads\/2025\/03\/Amladcykler.com-logo-1025x1025-Uden-baggrund.png","width":1025,"height":1025,"caption":"Andersen & Meldgaard A\/S"},"image":{"@id":"https:\/\/amladcykler.com\/de\/#\/schema\/logo\/image\/"},"sameAs":["https:\/\/www.facebook.com\/ladcykel","https:\/\/x.com\/amladcykler","https:\/\/www.linkedin.com\/company\/amladcykler\/","https:\/\/www.youtube.com\/channel\/UCG9qwiqZHe9bDeCzHYcc0eQ","https:\/\/www.instagram.com\/amladcykler\/"]}]}},"_links":{"self":[{"href":"https:\/\/amladcykler.com\/de\/wp-json\/wp\/v2\/pages\/7470","targetHints":{"allow":["GET"]}}],"collection":[{"href":"https:\/\/amladcykler.com\/de\/wp-json\/wp\/v2\/pages"}],"about":[{"href":"https:\/\/amladcykler.com\/de\/wp-json\/wp\/v2\/types\/page"}],"author":[{"embeddable":true,"href":"https:\/\/amladcykler.com\/de\/wp-json\/wp\/v2\/users\/9"}],"replies":[{"embeddable":true,"href":"https:\/\/amladcykler.com\/de\/wp-json\/wp\/v2\/comments?post=7470"}],"version-history":[{"count":0,"href":"https:\/\/amladcykler.com\/de\/wp-json\/wp\/v2\/pages\/7470\/revisions"}],"wp:featuredmedia":[{"embeddable":true,"href":"https:\/\/amladcykler.com\/de\/wp-json\/wp\/v2\/media\/6884"}],"wp:attachment":[{"href":"https:\/\/amladcykler.com\/de\/wp-json\/wp\/v2\/media?parent=7470"}],"curies":[{"name":"wp","href":"https:\/\/api.w.org\/{rel}","templated":true}]}}