{"id":7460,"date":"2022-03-21T09:00:07","date_gmt":"2022-03-21T08:00:07","guid":{"rendered":"https:\/\/amladcykler.com\/pflegen-sie-ihr-lastenfahrrad-gut\/"},"modified":"2025-02-06T14:23:09","modified_gmt":"2025-02-06T13:23:09","slug":"pflegen-sie-ihr-lastenfahrrad-gut","status":"publish","type":"page","link":"https:\/\/amladcykler.com\/de\/pflegen-sie-ihr-lastenfahrrad-gut\/","title":{"rendered":"Pflegen Sie Ihr Lastenfahrrad gut"},"content":{"rendered":"\n<div class=\"row\"  id=\"row-1631454738\">\n\n\n\t<div id=\"col-1637477514\" class=\"col medium-8 small-12 large-8\"  >\n\t\t\t\t<div class=\"col-inner\"  >\n\t\t\t\n\t\t\t\n\n<div style=\"text-align: center;\"><span style=\"background-color: #ffffff; color: #999999;\"><strong>NACH DEM KAUF<\/strong><\/span><\/div>\n<h1>Pflegen Sie Ihr Lastenfahrrad gut<\/h1>\n<h3>&#8211; Was m\u00fcssen Sie beachten, wenn Sie Ihr Lastenfahrrad kaufen?<\/h3>\n<div>Sobald Sie Ihr Fahrrad erhalten und in Gebrauch genommen haben, ist es wichtig, dass Sie sich an die Inspektion und Wartung halten. In erster Linie, um sicherzustellen, dass Sie f\u00fcr viele Jahre ein gut funktionierendes Fahrrad haben. Aber auch, um sicherzustellen, dass Garantie und Reklamationsrecht eingehalten werden k\u00f6nnen.  <\/div>\n<h2>Service:<\/h2>\n<div>&#8211; Wir empfehlen, dass alle unsere Fahrr\u00e4der zum 1. Service kommen, nachdem sie 20 km \/ 12 Meilen gefahren sind, und sp\u00e4testens, bevor sie 100 km \/ 62 Meilen gefahren sind. Dies ist sehr WICHTIG, da Bremsen und Schaltung nachgeben, nachdem das Fahrrad in Gebrauch genommen wurde. Dies l\u00e4sst sich bei neuen Fahrr\u00e4dern nicht vermeiden. Es ist wichtig, dass die Teile nachgezogen werden, damit sie nicht verrutschen und besch\u00e4digt werden. Wenn der Service nicht eingehalten wird, entf\u00e4llt das Recht auf Reklamation.    <\/div>\n<div>&#8211; Nach dem ersten Service empfehlen wir, das Motorrad alle 500 &#8211; 600 km \/ 310 &#8211; 373 Meilen warten zu lassen. Das erh\u00f6ht das Fahrvergn\u00fcgen und die Lebensdauer Ihres Motorrads. Genauso wie ein Auto zur Inspektion geschickt wird, um sicherzustellen, dass Funktionalit\u00e4t und Sicherheit auf h\u00f6chstem Niveau sind.  <\/div>\n<h2>Vermeiden Sie Diebstahl:<\/h2>\n<div>&#8211; Stellen Sie sicher, dass Sie die Kontrolle \u00fcber die Versicherung haben. Ist Ihr Fahrrad versichert? Seien Sie sich bewusst, dass es bei einigen Versicherungen H\u00f6chstbetr\u00e4ge f\u00fcr die Fahrradversicherung gibt.  <\/div>\n<div>&#8211; Beachten Sie, dass die Versicherung nicht greift, wenn kein von der Versicherung zugelassenes Schloss verwendet wird!<\/div>\n<h2>Schutz und Pflege:<\/h2>\n<div>&#8211; Je nachdem, wo Ihr Fahrrad steht, wenn es nicht in Gebrauch ist, muss es vor Wind und Wetter gesch\u00fctzt werden. Besonders in den Wintermonaten ist der Schutz wichtig. Sehen Sie hier weitere Optionen: <a href=\"https:\/\/amladcykler.com\/de\/lastenfahrrad-winther-pflege\/\" target=\"_blank\" rel=\"noopener\">Lastenfahrrad &#8211; Winterschutz.<\/a>  <\/div>\n<div>&#8211; Ihr Fahrrad muss regelm\u00e4\u00dfig gereinigt, geschmiert und die elektrischen Teile \u00fcberpr\u00fcft werden. Sehen Sie hier einen vollst\u00e4ndigen Leitfaden: <a href=\"https:\/\/amladcykler.com\/wp-content\/uploads\/2022\/03\/General-maintenance-of-your-cargo-bike.pdf\" target=\"_blank\" rel=\"noopener\">Wartung Ihres Fahrrads<\/a>. <\/div>\n<h2>Service:<\/h2>\n<div>&#8211; Haben wir schon gesagt, dass es sehr WICHTIG ist, dass Sie die Wartung Ihres Fahrrads einhalten? ?<\/div>\n<div> <\/div>\n<h3 style=\"text-align: center;\">Viel Spa\u00df mit Ihrem Lastenfahrrad!<\/h3>\n<p style=\"text-align: center;\">Siehe auch <a href=\"https:\/\/amladcykler.com\/de\/welches-lastenfahrrad-soll-ich-kaufen\/\">Vor dem Kauf<\/a> und <a href=\"https:\/\/amladcykler.com\/de\/nach-erhalt-des-neuen-lastenfahrrads\/\">Nach Erhalt<\/a>.<\/p>\n\n\t\t<\/div>\n\t\t\t\t\t<\/div>\n\n\t\n\n\t<div id=\"col-390992122\" class=\"col medium-4 small-12 large-4\"  >\n\t\t\t\t<div class=\"col-inner\"  >\n\t\t\t\n\t\t\t\n\n\t<div id=\"gap-1043427964\" class=\"gap-element clearfix\" style=\"display:block; height:auto;\">\n\t\t\n<style>\n#gap-1043427964 {\n  padding-top: 30px;\n}\n<\/style>\n\t<\/div>\n\t\n\n\t<div class=\"img has-hover x md-x lg-x y md-y lg-y\" id=\"image_61239110\">\n\t\t<a class=\"\" href=\"https:\/\/amladcykler.com\/de\/product\/fahrradwaesche-fahrradwaesche-1l\/\" target=\"_blank\" rel=\"noopener\" >\t\t\t\t\t\t<div class=\"img-inner dark\" >\n\t\t\t<img decoding=\"async\" width=\"300\" height=\"300\" src=\"https:\/\/amladcykler.com\/wp-content\/uploads\/2021\/12\/bikewash-cykelvask.png\" class=\"attachment-large size-large\" alt=\"Bike wash\" srcset=\"https:\/\/amladcykler.com\/wp-content\/uploads\/2021\/12\/bikewash-cykelvask.png 300w, https:\/\/amladcykler.com\/wp-content\/uploads\/2021\/12\/bikewash-cykelvask-100x100.png 100w, https:\/\/amladcykler.com\/wp-content\/uploads\/2021\/12\/bikewash-cykelvask-150x150.png 150w\" sizes=\"(max-width: 300px) 100vw, 300px\" \/>\t\t\t\t\t\t\n\t\t\t\t\t<\/div>\n\t\t\t\t\t\t<\/a>\t\t\n<style>\n#image_61239110 {\n  width: 50%;\n}\n<\/style>\n\t<\/div>\n\t\n\n\t<div id=\"text-1765879035\" class=\"text\">\n\t\t\n\n<h2 class=\"product-title product_title entry-title\" style=\"text-align: left;\"><a href=\"https:\/\/amladcykler.com\/de\/product\/fahrradwaesche-fahrradwaesche-1l\/\">Lastenfahrrad waschen<\/a><\/h2>\n\t\t\n<style>\n#text-1765879035 {\n  text-align: left;\n}\n<\/style>\n\t<\/div>\n\t\n\t<div class=\"img has-hover x md-x lg-x y md-y lg-y\" id=\"image_708325206\">\n\t\t<a class=\"\" href=\"https:\/\/amladcykler.com\/de\/product\/fahrrad-fett-tf2-ultimate-125g\/\" target=\"_blank\" rel=\"noopener\" >\t\t\t\t\t\t<div class=\"img-inner dark\" >\n\t\t\t<img decoding=\"async\" width=\"1020\" height=\"1020\" src=\"https:\/\/amladcykler.com\/wp-content\/uploads\/2020\/12\/Lithium-Grease-stor.jpg\" class=\"attachment-large size-large\" alt=\"Bike Fat - TF2 Ultimate 125 gram\" srcset=\"https:\/\/amladcykler.com\/wp-content\/uploads\/2020\/12\/Lithium-Grease-stor.jpg 1500w, https:\/\/amladcykler.com\/wp-content\/uploads\/2020\/12\/Lithium-Grease-stor-600x600.jpg 600w, https:\/\/amladcykler.com\/wp-content\/uploads\/2020\/12\/Lithium-Grease-stor-100x100.jpg 100w, https:\/\/amladcykler.com\/wp-content\/uploads\/2020\/12\/Lithium-Grease-stor-768x768.jpg 768w, https:\/\/amladcykler.com\/wp-content\/uploads\/2020\/12\/Lithium-Grease-stor-150x150.jpg 150w\" sizes=\"(max-width: 1020px) 100vw, 1020px\" \/>\t\t\t\t\t\t\n\t\t\t\t\t<\/div>\n\t\t\t\t\t\t<\/a>\t\t\n<style>\n#image_708325206 {\n  width: 50%;\n}\n<\/style>\n\t<\/div>\n\t\n\n<h2 style=\"text-align: left;\"><a href=\"https:\/\/amladcykler.com\/no\/product\/bike-fat-tf2-ultimate-125g\/\">Lastenfarrad Fett<\/a><\/h2>\n\t<div class=\"img has-hover x md-x lg-x y md-y lg-y\" id=\"image_932364862\">\n\t\t<a class=\"\" href=\"https:\/\/amladcykler.com\/de\/product\/luxus-garage-kompletter-regenschutz-wasserdicht\/\" target=\"_blank\" rel=\"noopener\" >\t\t\t\t\t\t<div class=\"img-inner dark\" >\n\t\t\t<img decoding=\"async\" width=\"1020\" height=\"1020\" src=\"https:\/\/amladcykler.com\/wp-content\/uploads\/2022\/01\/Luksus-garage.jpg\" class=\"attachment-large size-large\" alt=\"Luxury garage\" srcset=\"https:\/\/amladcykler.com\/wp-content\/uploads\/2022\/01\/Luksus-garage.jpg 1443w, https:\/\/amladcykler.com\/wp-content\/uploads\/2022\/01\/Luksus-garage-600x600.jpg 600w, https:\/\/amladcykler.com\/wp-content\/uploads\/2022\/01\/Luksus-garage-100x100.jpg 100w, https:\/\/amladcykler.com\/wp-content\/uploads\/2022\/01\/Luksus-garage-768x768.jpg 768w, https:\/\/amladcykler.com\/wp-content\/uploads\/2022\/01\/Luksus-garage-150x150.jpg 150w\" sizes=\"(max-width: 1020px) 100vw, 1020px\" \/>\t\t\t\t\t\t\n\t\t\t\t\t<\/div>\n\t\t\t\t\t\t<\/a>\t\t\n<style>\n#image_932364862 {\n  width: 50%;\n}\n<\/style>\n\t<\/div>\n\t\n\n<h2 class=\"product-title product_title entry-title\"><a href=\"https:\/\/amladcykler.com\/de\/product\/luxus-garage-kompletter-regenschutz-wasserdicht\/\">Luxus-Garage<\/a><\/h2>\n\t<div class=\"img has-hover x md-x lg-x y md-y lg-y\" id=\"image_1295573205\">\n\t\t<a class=\"\" href=\"https:\/\/amladcykler.com\/de\/product\/fahrradoel-brunox-turbo-spray\/\" target=\"_blank\" rel=\"noopener\" >\t\t\t\t\t\t<div class=\"img-inner dark\" >\n\t\t\t<img decoding=\"async\" width=\"1020\" height=\"1020\" src=\"https:\/\/amladcykler.com\/wp-content\/uploads\/2020\/03\/Olie-Turbo-Spray.jpg\" class=\"attachment-large size-large\" alt=\"Bike Oil - Brunox Turbo Spray\" srcset=\"https:\/\/amladcykler.com\/wp-content\/uploads\/2020\/03\/Olie-Turbo-Spray.jpg 1500w, https:\/\/amladcykler.com\/wp-content\/uploads\/2020\/03\/Olie-Turbo-Spray-600x600.jpg 600w, https:\/\/amladcykler.com\/wp-content\/uploads\/2020\/03\/Olie-Turbo-Spray-100x100.jpg 100w, https:\/\/amladcykler.com\/wp-content\/uploads\/2020\/03\/Olie-Turbo-Spray-768x768.jpg 768w, https:\/\/amladcykler.com\/wp-content\/uploads\/2020\/03\/Olie-Turbo-Spray-150x150.jpg 150w\" sizes=\"(max-width: 1020px) 100vw, 1020px\" \/>\t\t\t\t\t\t\n\t\t\t\t\t<\/div>\n\t\t\t\t\t\t<\/a>\t\t\n<style>\n#image_1295573205 {\n  width: 50%;\n}\n<\/style>\n\t<\/div>\n\t\n\n<h2><a href=\"https:\/\/amladcykler.com\/no\/product\/sykkelolje-brunox-turbo-spray\/\">Fahrrad \u00d6l<\/a><\/h2>\n\n\t\t<\/div>\n\t\t\t\t\t<\/div>\n\n\t\n\n<\/div>\n\n","protected":false},"excerpt":{"rendered":"","protected":false},"author":9,"featured_media":0,"parent":0,"menu_order":0,"comment_status":"closed","ping_status":"closed","template":"","meta":{"footnotes":""},"class_list":["post-7460","page","type-page","status-publish","hentry"],"yoast_head":"<!-- This site is optimized with the Yoast SEO plugin v28.4 - https:\/\/yoast.com\/product\/yoast-seo-wordpress\/ -->\n<title>Pflegen Sie Ihr Lastenfahrrad gut - Amladcykler.com<\/title>\n<meta name=\"description\" content=\"Sobald Sie Ihr Lastenfahrrad fra Amladcykler.com erhalten haben, ist es wichtig, dass Sie sich an die Inspektion und Wartung halten.\" \/>\n<meta name=\"robots\" content=\"index, follow, max-snippet:-1, max-image-preview:large, max-video-preview:-1\" \/>\n<link rel=\"canonical\" href=\"https:\/\/amladcykler.com\/de\/pflegen-sie-ihr-lastenfahrrad-gut\/\" \/>\n<meta property=\"og:locale\" content=\"de_DE\" \/>\n<meta property=\"og:type\" content=\"article\" \/>\n<meta property=\"og:title\" content=\"Pflegen Sie Ihr Lastenfahrrad gut - Amladcykler.com\" \/>\n<meta property=\"og:description\" content=\"Sobald Sie Ihr Lastenfahrrad fra Amladcykler.com erhalten haben, ist es wichtig, dass Sie sich an die Inspektion und Wartung halten.\" \/>\n<meta property=\"og:url\" content=\"https:\/\/amladcykler.com\/de\/pflegen-sie-ihr-lastenfahrrad-gut\/\" \/>\n<meta property=\"og:site_name\" content=\"Amladcykler.com\" \/>\n<meta property=\"article:publisher\" content=\"https:\/\/www.facebook.com\/ladcykel\" \/>\n<meta property=\"article:modified_time\" content=\"2025-02-06T13:23:09+00:00\" \/>\n<meta property=\"og:image\" content=\"https:\/\/amladcykler.com\/wp-content\/uploads\/2020\/08\/Deluxe-UK.jpg\" \/>\n\t<meta property=\"og:image:width\" content=\"1500\" \/>\n\t<meta property=\"og:image:height\" content=\"1125\" \/>\n\t<meta property=\"og:image:type\" content=\"image\/jpeg\" \/>\n<meta name=\"twitter:card\" content=\"summary_large_image\" \/>\n<meta name=\"twitter:site\" content=\"@amladcykler\" \/>\n<meta name=\"twitter:label1\" content=\"Gesch\u00e4tzte Lesezeit\" \/>\n\t<meta name=\"twitter:data1\" content=\"2\u00a0Minuten\" \/>\n<script type=\"application\/ld+json\" class=\"yoast-schema-graph\">{\"@context\":\"https:\\\/\\\/schema.org\",\"@graph\":[{\"@type\":\"WebPage\",\"@id\":\"https:\\\/\\\/amladcykler.com\\\/de\\\/pflegen-sie-ihr-lastenfahrrad-gut\\\/\",\"url\":\"https:\\\/\\\/amladcykler.com\\\/de\\\/pflegen-sie-ihr-lastenfahrrad-gut\\\/\",\"name\":\"Pflegen Sie Ihr Lastenfahrrad gut - Amladcykler.com\",\"isPartOf\":{\"@id\":\"https:\\\/\\\/amladcykler.com\\\/de\\\/#website\"},\"datePublished\":\"2022-03-21T08:00:07+00:00\",\"dateModified\":\"2025-02-06T13:23:09+00:00\",\"description\":\"Sobald Sie Ihr Lastenfahrrad fra Amladcykler.com erhalten haben, ist es wichtig, dass Sie sich an die Inspektion und Wartung halten.\",\"breadcrumb\":{\"@id\":\"https:\\\/\\\/amladcykler.com\\\/de\\\/pflegen-sie-ihr-lastenfahrrad-gut\\\/#breadcrumb\"},\"inLanguage\":\"de\",\"potentialAction\":[{\"@type\":\"ReadAction\",\"target\":[\"https:\\\/\\\/amladcykler.com\\\/de\\\/pflegen-sie-ihr-lastenfahrrad-gut\\\/\"]}]},{\"@type\":\"BreadcrumbList\",\"@id\":\"https:\\\/\\\/amladcykler.com\\\/de\\\/pflegen-sie-ihr-lastenfahrrad-gut\\\/#breadcrumb\",\"itemListElement\":[{\"@type\":\"ListItem\",\"position\":1,\"name\":\"Home\",\"item\":\"https:\\\/\\\/amladcykler.com\\\/de\\\/\"},{\"@type\":\"ListItem\",\"position\":2,\"name\":\"Pflegen Sie Ihr Lastenfahrrad gut\"}]},{\"@type\":\"WebSite\",\"@id\":\"https:\\\/\\\/amladcykler.com\\\/de\\\/#website\",\"url\":\"https:\\\/\\\/amladcykler.com\\\/de\\\/\",\"name\":\"Amladcykler.com\",\"description\":\"Cargo bike enthusiasts, since 1992\",\"publisher\":{\"@id\":\"https:\\\/\\\/amladcykler.com\\\/de\\\/#organization\"},\"potentialAction\":[{\"@type\":\"SearchAction\",\"target\":{\"@type\":\"EntryPoint\",\"urlTemplate\":\"https:\\\/\\\/amladcykler.com\\\/de\\\/?s={search_term_string}\"},\"query-input\":{\"@type\":\"PropertyValueSpecification\",\"valueRequired\":true,\"valueName\":\"search_term_string\"}}],\"inLanguage\":\"de\"},{\"@type\":\"Organization\",\"@id\":\"https:\\\/\\\/amladcykler.com\\\/de\\\/#organization\",\"name\":\"Andersen & Meldgaard A\\\/S\",\"url\":\"https:\\\/\\\/amladcykler.com\\\/de\\\/\",\"logo\":{\"@type\":\"ImageObject\",\"inLanguage\":\"de\",\"@id\":\"https:\\\/\\\/amladcykler.com\\\/de\\\/#\\\/schema\\\/logo\\\/image\\\/\",\"url\":\"https:\\\/\\\/amladcykler.com\\\/wp-content\\\/uploads\\\/2025\\\/03\\\/Amladcykler.com-logo-1025x1025-Uden-baggrund.png\",\"contentUrl\":\"https:\\\/\\\/amladcykler.com\\\/wp-content\\\/uploads\\\/2025\\\/03\\\/Amladcykler.com-logo-1025x1025-Uden-baggrund.png\",\"width\":1025,\"height\":1025,\"caption\":\"Andersen & Meldgaard A\\\/S\"},\"image\":{\"@id\":\"https:\\\/\\\/amladcykler.com\\\/de\\\/#\\\/schema\\\/logo\\\/image\\\/\"},\"sameAs\":[\"https:\\\/\\\/www.facebook.com\\\/ladcykel\",\"https:\\\/\\\/x.com\\\/amladcykler\",\"https:\\\/\\\/www.linkedin.com\\\/company\\\/amladcykler\\\/\",\"https:\\\/\\\/www.youtube.com\\\/channel\\\/UCG9qwiqZHe9bDeCzHYcc0eQ\",\"https:\\\/\\\/www.instagram.com\\\/amladcykler\\\/\"]}]}<\/script>\n<!-- \/ Yoast SEO plugin. -->","yoast_head_json":{"title":"Pflegen Sie Ihr Lastenfahrrad gut - Amladcykler.com","description":"Sobald Sie Ihr Lastenfahrrad fra Amladcykler.com erhalten haben, ist es wichtig, dass Sie sich an die Inspektion und Wartung halten.","robots":{"index":"index","follow":"follow","max-snippet":"max-snippet:-1","max-image-preview":"max-image-preview:large","max-video-preview":"max-video-preview:-1"},"canonical":"https:\/\/amladcykler.com\/de\/pflegen-sie-ihr-lastenfahrrad-gut\/","og_locale":"de_DE","og_type":"article","og_title":"Pflegen Sie Ihr Lastenfahrrad gut - Amladcykler.com","og_description":"Sobald Sie Ihr Lastenfahrrad fra Amladcykler.com erhalten haben, ist es wichtig, dass Sie sich an die Inspektion und Wartung halten.","og_url":"https:\/\/amladcykler.com\/de\/pflegen-sie-ihr-lastenfahrrad-gut\/","og_site_name":"Amladcykler.com","article_publisher":"https:\/\/www.facebook.com\/ladcykel","article_modified_time":"2025-02-06T13:23:09+00:00","og_image":[{"width":1500,"height":1125,"url":"https:\/\/amladcykler.com\/wp-content\/uploads\/2020\/08\/Deluxe-UK.jpg","type":"image\/jpeg"}],"twitter_card":"summary_large_image","twitter_site":"@amladcykler","twitter_misc":{"Gesch\u00e4tzte Lesezeit":"2\u00a0Minuten"},"schema":{"@context":"https:\/\/schema.org","@graph":[{"@type":"WebPage","@id":"https:\/\/amladcykler.com\/de\/pflegen-sie-ihr-lastenfahrrad-gut\/","url":"https:\/\/amladcykler.com\/de\/pflegen-sie-ihr-lastenfahrrad-gut\/","name":"Pflegen Sie Ihr Lastenfahrrad gut - Amladcykler.com","isPartOf":{"@id":"https:\/\/amladcykler.com\/de\/#website"},"datePublished":"2022-03-21T08:00:07+00:00","dateModified":"2025-02-06T13:23:09+00:00","description":"Sobald Sie Ihr Lastenfahrrad fra Amladcykler.com erhalten haben, ist es wichtig, dass Sie sich an die Inspektion und Wartung halten.","breadcrumb":{"@id":"https:\/\/amladcykler.com\/de\/pflegen-sie-ihr-lastenfahrrad-gut\/#breadcrumb"},"inLanguage":"de","potentialAction":[{"@type":"ReadAction","target":["https:\/\/amladcykler.com\/de\/pflegen-sie-ihr-lastenfahrrad-gut\/"]}]},{"@type":"BreadcrumbList","@id":"https:\/\/amladcykler.com\/de\/pflegen-sie-ihr-lastenfahrrad-gut\/#breadcrumb","itemListElement":[{"@type":"ListItem","position":1,"name":"Home","item":"https:\/\/amladcykler.com\/de\/"},{"@type":"ListItem","position":2,"name":"Pflegen Sie Ihr Lastenfahrrad gut"}]},{"@type":"WebSite","@id":"https:\/\/amladcykler.com\/de\/#website","url":"https:\/\/amladcykler.com\/de\/","name":"Amladcykler.com","description":"Cargo bike enthusiasts, since 1992","publisher":{"@id":"https:\/\/amladcykler.com\/de\/#organization"},"potentialAction":[{"@type":"SearchAction","target":{"@type":"EntryPoint","urlTemplate":"https:\/\/amladcykler.com\/de\/?s={search_term_string}"},"query-input":{"@type":"PropertyValueSpecification","valueRequired":true,"valueName":"search_term_string"}}],"inLanguage":"de"},{"@type":"Organization","@id":"https:\/\/amladcykler.com\/de\/#organization","name":"Andersen & Meldgaard A\/S","url":"https:\/\/amladcykler.com\/de\/","logo":{"@type":"ImageObject","inLanguage":"de","@id":"https:\/\/amladcykler.com\/de\/#\/schema\/logo\/image\/","url":"https:\/\/amladcykler.com\/wp-content\/uploads\/2025\/03\/Amladcykler.com-logo-1025x1025-Uden-baggrund.png","contentUrl":"https:\/\/amladcykler.com\/wp-content\/uploads\/2025\/03\/Amladcykler.com-logo-1025x1025-Uden-baggrund.png","width":1025,"height":1025,"caption":"Andersen & Meldgaard A\/S"},"image":{"@id":"https:\/\/amladcykler.com\/de\/#\/schema\/logo\/image\/"},"sameAs":["https:\/\/www.facebook.com\/ladcykel","https:\/\/x.com\/amladcykler","https:\/\/www.linkedin.com\/company\/amladcykler\/","https:\/\/www.youtube.com\/channel\/UCG9qwiqZHe9bDeCzHYcc0eQ","https:\/\/www.instagram.com\/amladcykler\/"]}]}},"_links":{"self":[{"href":"https:\/\/amladcykler.com\/de\/wp-json\/wp\/v2\/pages\/7460","targetHints":{"allow":["GET"]}}],"collection":[{"href":"https:\/\/amladcykler.com\/de\/wp-json\/wp\/v2\/pages"}],"about":[{"href":"https:\/\/amladcykler.com\/de\/wp-json\/wp\/v2\/types\/page"}],"author":[{"embeddable":true,"href":"https:\/\/amladcykler.com\/de\/wp-json\/wp\/v2\/users\/9"}],"replies":[{"embeddable":true,"href":"https:\/\/amladcykler.com\/de\/wp-json\/wp\/v2\/comments?post=7460"}],"version-history":[{"count":0,"href":"https:\/\/amladcykler.com\/de\/wp-json\/wp\/v2\/pages\/7460\/revisions"}],"wp:attachment":[{"href":"https:\/\/amladcykler.com\/de\/wp-json\/wp\/v2\/media?parent=7460"}],"curies":[{"name":"wp","href":"https:\/\/api.w.org\/{rel}","templated":true}]}}